{"id":4552,"date":"2024-07-03T15:40:59","date_gmt":"2024-07-03T13:40:59","guid":{"rendered":"https:\/\/www.franckdeville.fr\/?page_id=4552"},"modified":"2025-10-20T15:46:52","modified_gmt":"2025-10-20T13:46:52","slug":"macarons-ingredients-francais","status":"publish","type":"page","link":"https:\/\/www.franckdeville.fr\/fr\/macarons-ingredients-francais\/","title":{"rendered":"Macarons Ingr\u00e9dients Fran\u00e7ais"},"content":{"rendered":"<div class=\"mkdf-row-grid-section-wrapper mkdf-content-aligment-center\"  ><div class=\"mkdf-row-grid-section\"><div class=\"vc_row wpb_row vc_row-fluid vc_custom_1719909206711\" ><div class=\"wpb_column vc_column_container vc_col-sm-12\"><div class=\"vc_column-inner\"><div class=\"wpb_wrapper\">\n\t<div class=\"wpb_text_column wpb_content_element \" >\n\t\t<div class=\"wpb_wrapper\">\n\t\t\t<p><strong>D\u00e9couvrez notre gamme de macarons Ingr\u00e9dients Fran\u00e7ais.<\/strong><br \/>\nSoucieux d\u2019apporter toujours plus de soin \u00e0 ses pr\u00e9cieux macarons, Franck Deville vient d\u2019entreprendre une nouvelle d\u00e9marche en proposant des macarons ingr\u00e9dients Fran\u00e7ais. \u00ab Nous utilisons du sucre et du blanc d\u2019\u0153uf provenant de France pour nos productions de macarons actuelles, mais nous avons souhait\u00e9 aller plus loin en offrant la possibilit\u00e9 \u00e0 nos clients d\u2019acheter un macaron avec que des ingr\u00e9dients Fran\u00e7ais. Les amandes utilis\u00e9es pour la meringue proviennent souvent d\u2019Espagne ou de Californie, aujourd\u2019hui pour cette gamme de macarons Fran\u00e7ais la poudre d\u2019amandes vient du sud-ouest \u00bb. Et ce n\u2019est pas tout, Franck Deville a s\u00e9lectionn\u00e9 pour les garnitures les meilleures cl\u00e9mentines IGP de Corse mais aussi une autre Indication G\u00e9ographique Prot\u00e9g\u00e9e, le fameux citron de Menton. S\u2019ajoutent \u00e0 ces produits le cassis de Bourgogne, la fraise Mara des bois et le caramel au beurre sal\u00e9 d\u2019Isigny, autant d\u2019ingr\u00e9dients qui devraient offrir aux macarons une saveur toute particuli\u00e8re du fait de leur provenance.<\/p>\n\n\t\t<\/div>\n\t<\/div>\n<div class=\"mkdf-portfolio-list-holder mkdf-grid-list mkdf-disable-bottom-space mkdf-pl-gallery mkdf-two-columns mkdf-normal-space mkdf-pl-standard-shader    mkdf-pl-pag-no-pagination mkdf-pl-has-filter     mkdf-hover-zoom-out\"  data-type=gallery data-number-of-columns=two data-space-between-items=normal data-number-of-items=-1 data-image-proportions=full data-enable-fixed-proportions=no data-enable-image-shadow=no data-category=macarons-ingredients-francais data-orderby=menu_order data-order=ASC data-item-style=standard-shader data-additional-hover=yes data-enable-title=yes data-title-tag=h5 data-enable-category=yes data-enable-count-images=yes data-enable-excerpt=no data-excerpt-length=20 data-pagination-type=no-pagination data-filter=yes data-filter-order-by=name data-enable-article-animation=no data-portfolio-slider-on=no data-enable-loop=yes data-enable-autoplay=yes data-slider-speed=5000 data-slider-speed-animation=600 data-enable-navigation=yes data-enable-pagination=yes data-max-num-pages=0 data-next-page=2>\n\t\t<div class=\"mkdf-pl-filter-holder\" >\n\t\t<div class=\"mkdf-plf-inner\">\n\t\t\t\t\t<\/div>\n\t<\/div>\n\t<div class=\"mkdf-pl-inner mkdf-outer-space  clearfix\">\n\t\t<article class=\"mkdf-pl-item mkdf-item-space  post-4555 portfolio-item type-portfolio-item status-publish has-post-thumbnail hentry portfolio-category-macarons-ingredients-francais\">\n\t<div class=\"mkdf-pl-item-inner\">\n\t\t<div class=\"mkdf-pli-image\">\n\t<img loading=\"lazy\" decoding=\"async\" width=\"1200\" height=\"1200\" src=\"https:\/\/www.franckdeville.fr\/wp-content\/uploads\/2024\/07\/3-Caramel-b-1.jpg\" class=\"attachment-full size-full wp-post-image\" alt=\"3 Caramel b\" srcset=\"https:\/\/www.franckdeville.fr\/wp-content\/uploads\/2024\/07\/3-Caramel-b-1.jpg 1200w, https:\/\/www.franckdeville.fr\/wp-content\/uploads\/2024\/07\/3-Caramel-b-1-300x300.jpg 300w, https:\/\/www.franckdeville.fr\/wp-content\/uploads\/2024\/07\/3-Caramel-b-1-1024x1024.jpg 1024w, https:\/\/www.franckdeville.fr\/wp-content\/uploads\/2024\/07\/3-Caramel-b-1-150x150.jpg 150w, https:\/\/www.franckdeville.fr\/wp-content\/uploads\/2024\/07\/3-Caramel-b-1-768x768.jpg 768w, https:\/\/www.franckdeville.fr\/wp-content\/uploads\/2024\/07\/3-Caramel-b-1-650x650.jpg 650w\" sizes=\"auto, (max-width: 1200px) 100vw, 1200px\" \/><\/div>\n<div class=\"mkdf-pli-text-holder\" >\n\t<div class=\"mkdf-pli-text-wrapper\">\n\t\t<div class=\"mkdf-pli-text\">\n\t\t\t\t<h5 itemprop=\"name\" class=\"mkdf-pli-title entry-title\" >\n\t\tCaramel beurre sal\u00e9 d&rsquo;Isigny\t<\/h5>\n\n\t\t\t\t\t<div class=\"mkdf-pli-category-holder\">\n\t\t\t\t\t\t\t<a itemprop=\"url\" class=\"mkdf-pli-category\" href=\"https:\/\/www.franckdeville.fr\/fr\/portfolio-category\/macarons-ingredients-francais\/\">Macarons ingr\u00e9dients fran\u00e7ais<\/a>\n\t\t\t\t\t<\/div>\n\t\n\t\t\t\n\t\t\t\t\t<\/div>\n\t<\/div>\n<\/div>\n\t\t<a itemprop=\"url\" class=\"mkdf-pli-link mkdf-block-drag-link\" href=\"https:\/\/www.franckdeville.fr\/fr\/portfolio-item\/caramel-beurre-sale-disigny\/\" target=\"_self\"><\/a>\n\t<\/div>\n<\/article><article class=\"mkdf-pl-item mkdf-item-space  post-4561 portfolio-item type-portfolio-item status-publish has-post-thumbnail hentry portfolio-category-macarons-ingredients-francais\">\n\t<div class=\"mkdf-pl-item-inner\">\n\t\t<div class=\"mkdf-pli-image\">\n\t<img loading=\"lazy\" decoding=\"async\" width=\"1200\" height=\"1200\" src=\"https:\/\/www.franckdeville.fr\/wp-content\/uploads\/2024\/07\/4-Cassis-b_AJT3005-.jpg\" class=\"attachment-full size-full wp-post-image\" alt=\"4 Cassis b AJT3005\" srcset=\"https:\/\/www.franckdeville.fr\/wp-content\/uploads\/2024\/07\/4-Cassis-b_AJT3005-.jpg 1200w, https:\/\/www.franckdeville.fr\/wp-content\/uploads\/2024\/07\/4-Cassis-b_AJT3005--300x300.jpg 300w, https:\/\/www.franckdeville.fr\/wp-content\/uploads\/2024\/07\/4-Cassis-b_AJT3005--1024x1024.jpg 1024w, https:\/\/www.franckdeville.fr\/wp-content\/uploads\/2024\/07\/4-Cassis-b_AJT3005--150x150.jpg 150w, https:\/\/www.franckdeville.fr\/wp-content\/uploads\/2024\/07\/4-Cassis-b_AJT3005--768x768.jpg 768w, https:\/\/www.franckdeville.fr\/wp-content\/uploads\/2024\/07\/4-Cassis-b_AJT3005--650x650.jpg 650w\" sizes=\"auto, (max-width: 1200px) 100vw, 1200px\" \/><\/div>\n<div class=\"mkdf-pli-text-holder\" >\n\t<div class=\"mkdf-pli-text-wrapper\">\n\t\t<div class=\"mkdf-pli-text\">\n\t\t\t\t<h5 itemprop=\"name\" class=\"mkdf-pli-title entry-title\" >\n\t\tCassis de Bourgogne\t<\/h5>\n\n\t\t\t\t\t<div class=\"mkdf-pli-category-holder\">\n\t\t\t\t\t\t\t<a itemprop=\"url\" class=\"mkdf-pli-category\" href=\"https:\/\/www.franckdeville.fr\/fr\/portfolio-category\/macarons-ingredients-francais\/\">Macarons ingr\u00e9dients fran\u00e7ais<\/a>\n\t\t\t\t\t<\/div>\n\t\n\t\t\t\n\t\t\t\t\t<\/div>\n\t<\/div>\n<\/div>\n\t\t<a itemprop=\"url\" class=\"mkdf-pli-link mkdf-block-drag-link\" href=\"https:\/\/www.franckdeville.fr\/fr\/portfolio-item\/cassis-de-bourgogne\/\" target=\"_self\"><\/a>\n\t<\/div>\n<\/article><article class=\"mkdf-pl-item mkdf-item-space  post-4562 portfolio-item type-portfolio-item status-publish has-post-thumbnail hentry portfolio-category-macarons-ingredients-francais\">\n\t<div class=\"mkdf-pl-item-inner\">\n\t\t<div class=\"mkdf-pli-image\">\n\t<img loading=\"lazy\" decoding=\"async\" width=\"1200\" height=\"1200\" src=\"https:\/\/www.franckdeville.fr\/wp-content\/uploads\/2024\/07\/5-Clementine-de-Corse_AJT3280.jpg\" class=\"attachment-full size-full wp-post-image\" alt=\"5 Clementine de Corse AJT3280\" srcset=\"https:\/\/www.franckdeville.fr\/wp-content\/uploads\/2024\/07\/5-Clementine-de-Corse_AJT3280.jpg 1200w, https:\/\/www.franckdeville.fr\/wp-content\/uploads\/2024\/07\/5-Clementine-de-Corse_AJT3280-300x300.jpg 300w, https:\/\/www.franckdeville.fr\/wp-content\/uploads\/2024\/07\/5-Clementine-de-Corse_AJT3280-1024x1024.jpg 1024w, https:\/\/www.franckdeville.fr\/wp-content\/uploads\/2024\/07\/5-Clementine-de-Corse_AJT3280-150x150.jpg 150w, https:\/\/www.franckdeville.fr\/wp-content\/uploads\/2024\/07\/5-Clementine-de-Corse_AJT3280-768x768.jpg 768w, https:\/\/www.franckdeville.fr\/wp-content\/uploads\/2024\/07\/5-Clementine-de-Corse_AJT3280-650x650.jpg 650w\" sizes=\"auto, (max-width: 1200px) 100vw, 1200px\" \/><\/div>\n<div class=\"mkdf-pli-text-holder\" >\n\t<div class=\"mkdf-pli-text-wrapper\">\n\t\t<div class=\"mkdf-pli-text\">\n\t\t\t\t<h5 itemprop=\"name\" class=\"mkdf-pli-title entry-title\" >\n\t\tCl\u00e9mentine de Corse\t<\/h5>\n\n\t\t\t\t\t<div class=\"mkdf-pli-category-holder\">\n\t\t\t\t\t\t\t<a itemprop=\"url\" class=\"mkdf-pli-category\" href=\"https:\/\/www.franckdeville.fr\/fr\/portfolio-category\/macarons-ingredients-francais\/\">Macarons ingr\u00e9dients fran\u00e7ais<\/a>\n\t\t\t\t\t<\/div>\n\t\n\t\t\t\n\t\t\t\t\t<\/div>\n\t<\/div>\n<\/div>\n\t\t<a itemprop=\"url\" class=\"mkdf-pli-link mkdf-block-drag-link\" href=\"https:\/\/www.franckdeville.fr\/fr\/portfolio-item\/clementine-de-corse\/\" target=\"_self\"><\/a>\n\t<\/div>\n<\/article><article class=\"mkdf-pl-item mkdf-item-space  post-4563 portfolio-item type-portfolio-item status-publish has-post-thumbnail hentry portfolio-category-macarons-ingredients-francais\">\n\t<div class=\"mkdf-pl-item-inner\">\n\t\t<div class=\"mkdf-pli-image\">\n\t<img loading=\"lazy\" decoding=\"async\" width=\"1200\" height=\"1200\" src=\"https:\/\/www.franckdeville.fr\/wp-content\/uploads\/2024\/07\/Macaron-citron-de-Menton.jpg\" class=\"attachment-full size-full wp-post-image\" alt=\"Macaron citron de Menton\" srcset=\"https:\/\/www.franckdeville.fr\/wp-content\/uploads\/2024\/07\/Macaron-citron-de-Menton.jpg 1200w, https:\/\/www.franckdeville.fr\/wp-content\/uploads\/2024\/07\/Macaron-citron-de-Menton-300x300.jpg 300w, https:\/\/www.franckdeville.fr\/wp-content\/uploads\/2024\/07\/Macaron-citron-de-Menton-1024x1024.jpg 1024w, https:\/\/www.franckdeville.fr\/wp-content\/uploads\/2024\/07\/Macaron-citron-de-Menton-150x150.jpg 150w, https:\/\/www.franckdeville.fr\/wp-content\/uploads\/2024\/07\/Macaron-citron-de-Menton-768x768.jpg 768w, https:\/\/www.franckdeville.fr\/wp-content\/uploads\/2024\/07\/Macaron-citron-de-Menton-650x650.jpg 650w\" sizes=\"auto, (max-width: 1200px) 100vw, 1200px\" \/><\/div>\n<div class=\"mkdf-pli-text-holder\" >\n\t<div class=\"mkdf-pli-text-wrapper\">\n\t\t<div class=\"mkdf-pli-text\">\n\t\t\t\t<h5 itemprop=\"name\" class=\"mkdf-pli-title entry-title\" >\n\t\tCitron de Menton\t<\/h5>\n\n\t\t\t\t\t<div class=\"mkdf-pli-category-holder\">\n\t\t\t\t\t\t\t<a itemprop=\"url\" class=\"mkdf-pli-category\" href=\"https:\/\/www.franckdeville.fr\/fr\/portfolio-category\/macarons-ingredients-francais\/\">Macarons ingr\u00e9dients fran\u00e7ais<\/a>\n\t\t\t\t\t<\/div>\n\t\n\t\t\t\n\t\t\t\t\t<\/div>\n\t<\/div>\n<\/div>\n\t\t<a itemprop=\"url\" class=\"mkdf-pli-link mkdf-block-drag-link\" href=\"https:\/\/www.franckdeville.fr\/fr\/portfolio-item\/citron-de-menton\/\" target=\"_self\"><\/a>\n\t<\/div>\n<\/article><article class=\"mkdf-pl-item mkdf-item-space  post-4564 portfolio-item type-portfolio-item status-publish has-post-thumbnail hentry portfolio-category-macarons-ingredients-francais\">\n\t<div class=\"mkdf-pl-item-inner\">\n\t\t<div class=\"mkdf-pli-image\">\n\t<img loading=\"lazy\" decoding=\"async\" width=\"1200\" height=\"1200\" src=\"https:\/\/www.franckdeville.fr\/wp-content\/uploads\/2024\/07\/Macaron-fraise-Mara-des-bois.jpg\" class=\"attachment-full size-full wp-post-image\" alt=\"Macaron fraise Mara des bois\" srcset=\"https:\/\/www.franckdeville.fr\/wp-content\/uploads\/2024\/07\/Macaron-fraise-Mara-des-bois.jpg 1200w, https:\/\/www.franckdeville.fr\/wp-content\/uploads\/2024\/07\/Macaron-fraise-Mara-des-bois-300x300.jpg 300w, https:\/\/www.franckdeville.fr\/wp-content\/uploads\/2024\/07\/Macaron-fraise-Mara-des-bois-1024x1024.jpg 1024w, https:\/\/www.franckdeville.fr\/wp-content\/uploads\/2024\/07\/Macaron-fraise-Mara-des-bois-150x150.jpg 150w, https:\/\/www.franckdeville.fr\/wp-content\/uploads\/2024\/07\/Macaron-fraise-Mara-des-bois-768x768.jpg 768w, https:\/\/www.franckdeville.fr\/wp-content\/uploads\/2024\/07\/Macaron-fraise-Mara-des-bois-650x650.jpg 650w\" sizes=\"auto, (max-width: 1200px) 100vw, 1200px\" \/><\/div>\n<div class=\"mkdf-pli-text-holder\" >\n\t<div class=\"mkdf-pli-text-wrapper\">\n\t\t<div class=\"mkdf-pli-text\">\n\t\t\t\t<h5 itemprop=\"name\" class=\"mkdf-pli-title entry-title\" >\n\t\tFraise Mara des Bois\t<\/h5>\n\n\t\t\t\t\t<div class=\"mkdf-pli-category-holder\">\n\t\t\t\t\t\t\t<a itemprop=\"url\" class=\"mkdf-pli-category\" href=\"https:\/\/www.franckdeville.fr\/fr\/portfolio-category\/macarons-ingredients-francais\/\">Macarons ingr\u00e9dients fran\u00e7ais<\/a>\n\t\t\t\t\t<\/div>\n\t\n\t\t\t\n\t\t\t\t\t<\/div>\n\t<\/div>\n<\/div>\n\t\t<a itemprop=\"url\" class=\"mkdf-pli-link mkdf-block-drag-link\" href=\"https:\/\/www.franckdeville.fr\/fr\/portfolio-item\/fraise-mara-des-bois\/\" target=\"_self\"><\/a>\n\t<\/div>\n<\/article>\t<\/div>\n\t\n\t<\/div><\/div><\/div><\/div><\/div><\/div><\/div>\n","protected":false},"excerpt":{"rendered":"Plongez dans la douceur sucr\u00e9e des fraises Mara des Bois avec notre macaron, id\u00e9al pour un go\u00fbter printanier. &nbsp; Allerg\u00e8nes : Fruit \u00e0 coque (amande), oeuf Peut contenir des traces de lait, soja et autres fruits \u00e0 coques (pistache, noisette et noix)","protected":false},"author":1,"featured_media":0,"parent":0,"menu_order":0,"comment_status":"closed","ping_status":"closed","template":"full-width.php","meta":{"footnotes":""},"class_list":["post-4552","page","type-page","status-publish","hentry"],"yoast_head":"<!-- This site is optimized with the Yoast SEO plugin v27.4 - https:\/\/yoast.com\/product\/yoast-seo-wordpress\/ -->\n<title>Macarons aux ingr\u00e9dients fran\u00e7ais \u2013 Franck Deville<\/title>\n<meta name=\"description\" content=\"D\u00e9gustez les macarons Ingr\u00e9dients Fran\u00e7ais Franck Deville, confectionn\u00e9s \u00e0 partir de mati\u00e8res premi\u00e8res locales et de qualit\u00e9. Des cr\u00e9ations authentiques qui c\u00e9l\u00e8brent le savoir-faire p\u00e2tissier fran\u00e7ais et l\u2019excellence gastronomique.\" \/>\n<meta name=\"robots\" content=\"index, follow, max-snippet:-1, max-image-preview:large, max-video-preview:-1\" \/>\n<link rel=\"canonical\" href=\"http:\/\/www.franckdeville.fr\/fr\/macarons-ingredients-francais\/\" \/>\n<meta property=\"og:locale\" content=\"fr_FR\" \/>\n<meta property=\"og:type\" content=\"article\" \/>\n<meta property=\"og:title\" content=\"Macarons aux ingr\u00e9dients fran\u00e7ais \u2013 Franck Deville\" \/>\n<meta property=\"og:description\" content=\"D\u00e9gustez les macarons Ingr\u00e9dients Fran\u00e7ais Franck Deville, confectionn\u00e9s \u00e0 partir de mati\u00e8res premi\u00e8res locales et de qualit\u00e9. Des cr\u00e9ations authentiques qui c\u00e9l\u00e8brent le savoir-faire p\u00e2tissier fran\u00e7ais et l\u2019excellence gastronomique.\" \/>\n<meta property=\"og:url\" content=\"http:\/\/www.franckdeville.fr\/fr\/macarons-ingredients-francais\/\" \/>\n<meta property=\"og:site_name\" content=\"Franck Deville - Macarons fran\u00e7ais d&#039;excellence\" \/>\n<meta property=\"article:publisher\" content=\"https:\/\/www.facebook.com\/FranckDevillemacarons\" \/>\n<meta property=\"article:modified_time\" content=\"2025-10-20T13:46:52+00:00\" \/>\n<meta name=\"twitter:card\" content=\"summary_large_image\" \/>\n<meta name=\"twitter:label1\" content=\"Dur\u00e9e de lecture estim\u00e9e\" \/>\n\t<meta name=\"twitter:data1\" content=\"1 minute\" \/>\n<script type=\"application\/ld+json\" class=\"yoast-schema-graph\">{\"@context\":\"https:\\\/\\\/schema.org\",\"@graph\":[{\"@type\":\"WebPage\",\"@id\":\"http:\\\/\\\/www.franckdeville.fr\\\/fr\\\/macarons-ingredients-francais\\\/\",\"url\":\"http:\\\/\\\/www.franckdeville.fr\\\/fr\\\/macarons-ingredients-francais\\\/\",\"name\":\"Macarons aux ingr\u00e9dients fran\u00e7ais \u2013 Franck Deville\",\"isPartOf\":{\"@id\":\"https:\\\/\\\/www.franckdeville.fr\\\/fr\\\/#website\"},\"datePublished\":\"2024-07-03T13:40:59+00:00\",\"dateModified\":\"2025-10-20T13:46:52+00:00\",\"description\":\"D\u00e9gustez les macarons Ingr\u00e9dients Fran\u00e7ais Franck Deville, confectionn\u00e9s \u00e0 partir de mati\u00e8res premi\u00e8res locales et de qualit\u00e9. Des cr\u00e9ations authentiques qui c\u00e9l\u00e8brent le savoir-faire p\u00e2tissier fran\u00e7ais et l\u2019excellence gastronomique.\",\"breadcrumb\":{\"@id\":\"http:\\\/\\\/www.franckdeville.fr\\\/fr\\\/macarons-ingredients-francais\\\/#breadcrumb\"},\"inLanguage\":\"fr-FR\",\"potentialAction\":[{\"@type\":\"ReadAction\",\"target\":[\"http:\\\/\\\/www.franckdeville.fr\\\/fr\\\/macarons-ingredients-francais\\\/\"]}]},{\"@type\":\"BreadcrumbList\",\"@id\":\"http:\\\/\\\/www.franckdeville.fr\\\/fr\\\/macarons-ingredients-francais\\\/#breadcrumb\",\"itemListElement\":[{\"@type\":\"ListItem\",\"position\":1,\"name\":\"Accueil\",\"item\":\"http:\\\/\\\/www.franckdeville.fr\\\/fr\\\/\"},{\"@type\":\"ListItem\",\"position\":2,\"name\":\"Macarons Ingr\u00e9dients Fran\u00e7ais\"}]},{\"@type\":\"WebSite\",\"@id\":\"https:\\\/\\\/www.franckdeville.fr\\\/fr\\\/#website\",\"url\":\"https:\\\/\\\/www.franckdeville.fr\\\/fr\\\/\",\"name\":\"Franck Deville\",\"description\":\"L&#039;Artisan Macaronier des Chefs\",\"publisher\":{\"@id\":\"https:\\\/\\\/www.franckdeville.fr\\\/fr\\\/#organization\"},\"potentialAction\":[{\"@type\":\"SearchAction\",\"target\":{\"@type\":\"EntryPoint\",\"urlTemplate\":\"https:\\\/\\\/www.franckdeville.fr\\\/fr\\\/?s={search_term_string}\"},\"query-input\":{\"@type\":\"PropertyValueSpecification\",\"valueRequired\":true,\"valueName\":\"search_term_string\"}}],\"inLanguage\":\"fr-FR\"},{\"@type\":\"Organization\",\"@id\":\"https:\\\/\\\/www.franckdeville.fr\\\/fr\\\/#organization\",\"name\":\"Franck Deville\",\"url\":\"https:\\\/\\\/www.franckdeville.fr\\\/fr\\\/\",\"logo\":{\"@type\":\"ImageObject\",\"inLanguage\":\"fr-FR\",\"@id\":\"https:\\\/\\\/www.franckdeville.fr\\\/fr\\\/#\\\/schema\\\/logo\\\/image\\\/\",\"url\":\"https:\\\/\\\/www.franckdeville.fr\\\/wp-content\\\/uploads\\\/2024\\\/09\\\/logo_franckdeville_small2.png\",\"contentUrl\":\"https:\\\/\\\/www.franckdeville.fr\\\/wp-content\\\/uploads\\\/2024\\\/09\\\/logo_franckdeville_small2.png\",\"width\":600,\"height\":193,\"caption\":\"Franck Deville\"},\"image\":{\"@id\":\"https:\\\/\\\/www.franckdeville.fr\\\/fr\\\/#\\\/schema\\\/logo\\\/image\\\/\"},\"sameAs\":[\"https:\\\/\\\/www.facebook.com\\\/FranckDevillemacarons\"]}]}<\/script>\n<!-- \/ Yoast SEO plugin. -->","yoast_head_json":{"title":"Macarons aux ingr\u00e9dients fran\u00e7ais \u2013 Franck Deville","description":"D\u00e9gustez les macarons Ingr\u00e9dients Fran\u00e7ais Franck Deville, confectionn\u00e9s \u00e0 partir de mati\u00e8res premi\u00e8res locales et de qualit\u00e9. Des cr\u00e9ations authentiques qui c\u00e9l\u00e8brent le savoir-faire p\u00e2tissier fran\u00e7ais et l\u2019excellence gastronomique.","robots":{"index":"index","follow":"follow","max-snippet":"max-snippet:-1","max-image-preview":"max-image-preview:large","max-video-preview":"max-video-preview:-1"},"canonical":"http:\/\/www.franckdeville.fr\/fr\/macarons-ingredients-francais\/","og_locale":"fr_FR","og_type":"article","og_title":"Macarons aux ingr\u00e9dients fran\u00e7ais \u2013 Franck Deville","og_description":"D\u00e9gustez les macarons Ingr\u00e9dients Fran\u00e7ais Franck Deville, confectionn\u00e9s \u00e0 partir de mati\u00e8res premi\u00e8res locales et de qualit\u00e9. Des cr\u00e9ations authentiques qui c\u00e9l\u00e8brent le savoir-faire p\u00e2tissier fran\u00e7ais et l\u2019excellence gastronomique.","og_url":"http:\/\/www.franckdeville.fr\/fr\/macarons-ingredients-francais\/","og_site_name":"Franck Deville - Macarons fran\u00e7ais d&#039;excellence","article_publisher":"https:\/\/www.facebook.com\/FranckDevillemacarons","article_modified_time":"2025-10-20T13:46:52+00:00","twitter_card":"summary_large_image","twitter_misc":{"Dur\u00e9e de lecture estim\u00e9e":"1 minute"},"schema":{"@context":"https:\/\/schema.org","@graph":[{"@type":"WebPage","@id":"http:\/\/www.franckdeville.fr\/fr\/macarons-ingredients-francais\/","url":"http:\/\/www.franckdeville.fr\/fr\/macarons-ingredients-francais\/","name":"Macarons aux ingr\u00e9dients fran\u00e7ais \u2013 Franck Deville","isPartOf":{"@id":"https:\/\/www.franckdeville.fr\/fr\/#website"},"datePublished":"2024-07-03T13:40:59+00:00","dateModified":"2025-10-20T13:46:52+00:00","description":"D\u00e9gustez les macarons Ingr\u00e9dients Fran\u00e7ais Franck Deville, confectionn\u00e9s \u00e0 partir de mati\u00e8res premi\u00e8res locales et de qualit\u00e9. Des cr\u00e9ations authentiques qui c\u00e9l\u00e8brent le savoir-faire p\u00e2tissier fran\u00e7ais et l\u2019excellence gastronomique.","breadcrumb":{"@id":"http:\/\/www.franckdeville.fr\/fr\/macarons-ingredients-francais\/#breadcrumb"},"inLanguage":"fr-FR","potentialAction":[{"@type":"ReadAction","target":["http:\/\/www.franckdeville.fr\/fr\/macarons-ingredients-francais\/"]}]},{"@type":"BreadcrumbList","@id":"http:\/\/www.franckdeville.fr\/fr\/macarons-ingredients-francais\/#breadcrumb","itemListElement":[{"@type":"ListItem","position":1,"name":"Accueil","item":"http:\/\/www.franckdeville.fr\/fr\/"},{"@type":"ListItem","position":2,"name":"Macarons Ingr\u00e9dients Fran\u00e7ais"}]},{"@type":"WebSite","@id":"https:\/\/www.franckdeville.fr\/fr\/#website","url":"https:\/\/www.franckdeville.fr\/fr\/","name":"Franck Deville","description":"L&#039;Artisan Macaronier des Chefs","publisher":{"@id":"https:\/\/www.franckdeville.fr\/fr\/#organization"},"potentialAction":[{"@type":"SearchAction","target":{"@type":"EntryPoint","urlTemplate":"https:\/\/www.franckdeville.fr\/fr\/?s={search_term_string}"},"query-input":{"@type":"PropertyValueSpecification","valueRequired":true,"valueName":"search_term_string"}}],"inLanguage":"fr-FR"},{"@type":"Organization","@id":"https:\/\/www.franckdeville.fr\/fr\/#organization","name":"Franck Deville","url":"https:\/\/www.franckdeville.fr\/fr\/","logo":{"@type":"ImageObject","inLanguage":"fr-FR","@id":"https:\/\/www.franckdeville.fr\/fr\/#\/schema\/logo\/image\/","url":"https:\/\/www.franckdeville.fr\/wp-content\/uploads\/2024\/09\/logo_franckdeville_small2.png","contentUrl":"https:\/\/www.franckdeville.fr\/wp-content\/uploads\/2024\/09\/logo_franckdeville_small2.png","width":600,"height":193,"caption":"Franck Deville"},"image":{"@id":"https:\/\/www.franckdeville.fr\/fr\/#\/schema\/logo\/image\/"},"sameAs":["https:\/\/www.facebook.com\/FranckDevillemacarons"]}]}},"_links":{"self":[{"href":"https:\/\/www.franckdeville.fr\/fr\/wp-json\/wp\/v2\/pages\/4552","targetHints":{"allow":["GET"]}}],"collection":[{"href":"https:\/\/www.franckdeville.fr\/fr\/wp-json\/wp\/v2\/pages"}],"about":[{"href":"https:\/\/www.franckdeville.fr\/fr\/wp-json\/wp\/v2\/types\/page"}],"author":[{"embeddable":true,"href":"https:\/\/www.franckdeville.fr\/fr\/wp-json\/wp\/v2\/users\/1"}],"replies":[{"embeddable":true,"href":"https:\/\/www.franckdeville.fr\/fr\/wp-json\/wp\/v2\/comments?post=4552"}],"version-history":[{"count":5,"href":"https:\/\/www.franckdeville.fr\/fr\/wp-json\/wp\/v2\/pages\/4552\/revisions"}],"predecessor-version":[{"id":4735,"href":"https:\/\/www.franckdeville.fr\/fr\/wp-json\/wp\/v2\/pages\/4552\/revisions\/4735"}],"wp:attachment":[{"href":"https:\/\/www.franckdeville.fr\/fr\/wp-json\/wp\/v2\/media?parent=4552"}],"curies":[{"name":"wp","href":"https:\/\/api.w.org\/{rel}","templated":true}]}}