{"id":4552,"date":"2024-07-03T15:40:59","date_gmt":"2024-07-03T13:40:59","guid":{"rendered":"https:\/\/www.franckdeville.fr\/?page_id=4552"},"modified":"2025-10-20T15:46:52","modified_gmt":"2025-10-20T13:46:52","slug":"macarrones-con-ingredientes-franceses","status":"publish","type":"page","link":"https:\/\/www.franckdeville.fr\/es\/macarrones-con-ingredientes-franceses\/","title":{"rendered":"Macarrones Ingredientes franceses"},"content":{"rendered":"<div class=\"mkdf-row-grid-section-wrapper mkdf-content-aligment-center\"  ><div class=\"mkdf-row-grid-section\"><div class=\"vc_row wpb_row vc_row-fluid vc_custom_1719909206711\" ><div class=\"wpb_column vc_column_container vc_col-sm-12\"><div class=\"vc_column-inner\"><div class=\"wpb_wrapper\">\n\t<div class=\"wpb_text_column wpb_content_element\" >\n\t\t<div class=\"wpb_wrapper\">\n\t\t\t<p><strong>Descubra nuestra gama de macarrones de ingredientes franceses.<\/strong><br \/>\nFranck Deville quiere cuidar a\u00fan m\u00e1s sus preciados macarrones, y acaba de dar un nuevo paso ofreciendo macarrones con ingredientes franceses. \"Para nuestros macarrones actuales utilizamos az\u00facar y clara de huevo franceses, pero quer\u00edamos dar un paso m\u00e1s y ofrecer a nuestros clientes la posibilidad de comprar un macarr\u00f3n con ingredientes exclusivamente franceses. Las almendras utilizadas para el merengue suelen proceder de Espa\u00f1a o California, pero ahora, para esta gama de macarons franceses, la almendra en polvo procede del suroeste\". Y eso no es todo, Franck Deville ha seleccionado las mejores clementinas corsas IGP para los rellenos, as\u00ed como otra Indicaci\u00f3n Geogr\u00e1fica Protegida, el famoso lim\u00f3n de Menton. A estos productos se a\u00f1aden las grosellas negras de Borgo\u00f1a, las fresas de Mara des Bois y el caramelo de mantequilla salada de Isigny, ingredientes todos ellos que deber\u00edan dar a los macarons un sabor muy especial gracias a su procedencia.<\/p>\n\n\t\t<\/div>\n\t<\/div>\n<div class=\"mkdf-portfolio-list-holder mkdf-grid-list mkdf-disable-bottom-space mkdf-pl-gallery mkdf-two-columns mkdf-normal-space mkdf-pl-standard-shader    mkdf-pl-pag-no-pagination mkdf-pl-has-filter     mkdf-hover-zoom-out\"  data-type=\"gallery\" data-number-of-columns=\"two\" data-space-between-items=\"normal\" data-number-of-items=\"-1\" data-image-proportions=\"full\" data-enable-fixed-proportions=\"no\" data-enable-image-shadow=\"no\" data-category=\"macarons-ingredients-francais\" data-orderby=\"menu_order\" data-order=\"ASC\" data-item-style=\"standard-shader\" data-additional-hover=\"yes\" data-enable-title=\"yes\" data-title-tag=\"h5\" data-enable-category=\"yes\" data-enable-count-images=\"yes\" data-enable-excerpt=\"no\" data-excerpt-length=\"20\" data-pagination-type=\"no-pagination\" data-filter=\"yes\" data-filter-order-by=\"name\" data-enable-article-animation=\"no\" data-portfolio-slider-on=\"no\" data-enable-loop=\"yes\" data-enable-autoplay=\"yes\" data-slider-speed=\"5000\" data-slider-speed-animation=\"600\" data-enable-navigation=\"yes\" data-enable-pagination=\"yes\" data-max-num-pages=\"0\" data-next-page=\"2\">\n\t\t<div class=\"mkdf-pl-filter-holder\" >\n\t\t<div class=\"mkdf-plf-inner\">\n\t\t\t\t\t<\/div>\n\t<\/div>\n\t<div class=\"mkdf-pl-inner mkdf-outer-space  clearfix\">\n\t\t<article class=\"mkdf-pl-item mkdf-item-space  post-4555 portfolio-item type-portfolio-item status-publish has-post-thumbnail hentry portfolio-category-macarons-ingredients-francais\">\n\t<div class=\"mkdf-pl-item-inner\">\n\t\t<div class=\"mkdf-pli-image\">\n\t<img loading=\"lazy\" decoding=\"async\" width=\"1200\" height=\"1200\" src=\"https:\/\/www.franckdeville.fr\/wp-content\/uploads\/2024\/07\/3-Caramel-b-1.jpg\" class=\"attachment-full size-full wp-post-image\" alt=\"3 Caramel b\" srcset=\"https:\/\/www.franckdeville.fr\/wp-content\/uploads\/2024\/07\/3-Caramel-b-1.jpg 1200w, https:\/\/www.franckdeville.fr\/wp-content\/uploads\/2024\/07\/3-Caramel-b-1-300x300.jpg 300w, https:\/\/www.franckdeville.fr\/wp-content\/uploads\/2024\/07\/3-Caramel-b-1-1024x1024.jpg 1024w, https:\/\/www.franckdeville.fr\/wp-content\/uploads\/2024\/07\/3-Caramel-b-1-150x150.jpg 150w, https:\/\/www.franckdeville.fr\/wp-content\/uploads\/2024\/07\/3-Caramel-b-1-768x768.jpg 768w, https:\/\/www.franckdeville.fr\/wp-content\/uploads\/2024\/07\/3-Caramel-b-1-650x650.jpg 650w\" sizes=\"auto, (max-width: 1200px) 100vw, 1200px\" \/><\/div>\n<div class=\"mkdf-pli-text-holder\" >\n\t<div class=\"mkdf-pli-text-wrapper\">\n\t\t<div class=\"mkdf-pli-text\">\n\t\t\t\t<h5 itemprop=\"name\" class=\"mkdf-pli-title entry-title\" >\n\t\tCaramelo de mantequilla salada Isigny\t<\/h5>\n\n\t\t\t\t\t<div class=\"mkdf-pli-category-holder\">\n\t\t\t\t\t\t\t<a itemprop=\"url\" class=\"mkdf-pli-category\" href=\"https:\/\/www.franckdeville.fr\/es\/categoria-de-cartera\/macarrones-con-ingredientes-franceses\/\">Macarrones con ingredientes franceses<\/a>\n\t\t\t\t\t<\/div>\n\t\n\t\t\t\n\t\t\t\t\t<\/div>\n\t<\/div>\n<\/div>\n\t\t<a itemprop=\"url\" class=\"mkdf-pli-link mkdf-block-drag-link\" href=\"https:\/\/www.franckdeville.fr\/es\/elemento-de-cartera\/caramelo-beurre-sale-disigny\/\" target=\"_self\"><\/a>\n\t<\/div>\n<\/article><article class=\"mkdf-pl-item mkdf-item-space  post-4561 portfolio-item type-portfolio-item status-publish has-post-thumbnail hentry portfolio-category-macarons-ingredients-francais\">\n\t<div class=\"mkdf-pl-item-inner\">\n\t\t<div class=\"mkdf-pli-image\">\n\t<img loading=\"lazy\" decoding=\"async\" width=\"1200\" height=\"1200\" src=\"https:\/\/www.franckdeville.fr\/wp-content\/uploads\/2024\/07\/4-Cassis-b_AJT3005-.jpg\" class=\"attachment-full size-full wp-post-image\" alt=\"4 Cassis b AJT3005\" srcset=\"https:\/\/www.franckdeville.fr\/wp-content\/uploads\/2024\/07\/4-Cassis-b_AJT3005-.jpg 1200w, https:\/\/www.franckdeville.fr\/wp-content\/uploads\/2024\/07\/4-Cassis-b_AJT3005--300x300.jpg 300w, https:\/\/www.franckdeville.fr\/wp-content\/uploads\/2024\/07\/4-Cassis-b_AJT3005--1024x1024.jpg 1024w, https:\/\/www.franckdeville.fr\/wp-content\/uploads\/2024\/07\/4-Cassis-b_AJT3005--150x150.jpg 150w, https:\/\/www.franckdeville.fr\/wp-content\/uploads\/2024\/07\/4-Cassis-b_AJT3005--768x768.jpg 768w, https:\/\/www.franckdeville.fr\/wp-content\/uploads\/2024\/07\/4-Cassis-b_AJT3005--650x650.jpg 650w\" sizes=\"auto, (max-width: 1200px) 100vw, 1200px\" \/><\/div>\n<div class=\"mkdf-pli-text-holder\" >\n\t<div class=\"mkdf-pli-text-wrapper\">\n\t\t<div class=\"mkdf-pli-text\">\n\t\t\t\t<h5 itemprop=\"name\" class=\"mkdf-pli-title entry-title\" >\n\t\tGrosella negra de Borgo\u00f1a\t<\/h5>\n\n\t\t\t\t\t<div class=\"mkdf-pli-category-holder\">\n\t\t\t\t\t\t\t<a itemprop=\"url\" class=\"mkdf-pli-category\" href=\"https:\/\/www.franckdeville.fr\/es\/categoria-de-cartera\/macarrones-con-ingredientes-franceses\/\">Macarrones con ingredientes franceses<\/a>\n\t\t\t\t\t<\/div>\n\t\n\t\t\t\n\t\t\t\t\t<\/div>\n\t<\/div>\n<\/div>\n\t\t<a itemprop=\"url\" class=\"mkdf-pli-link mkdf-block-drag-link\" href=\"https:\/\/www.franckdeville.fr\/es\/elemento-de-cartera\/grosella-negra-burdeos\/\" target=\"_self\"><\/a>\n\t<\/div>\n<\/article><article class=\"mkdf-pl-item mkdf-item-space  post-4562 portfolio-item type-portfolio-item status-publish has-post-thumbnail hentry portfolio-category-macarons-ingredients-francais\">\n\t<div class=\"mkdf-pl-item-inner\">\n\t\t<div class=\"mkdf-pli-image\">\n\t<img loading=\"lazy\" decoding=\"async\" width=\"1200\" height=\"1200\" src=\"https:\/\/www.franckdeville.fr\/wp-content\/uploads\/2024\/07\/5-Clementine-de-Corse_AJT3280.jpg\" class=\"attachment-full size-full wp-post-image\" alt=\"5 Clementine de Corse AJT3280\" srcset=\"https:\/\/www.franckdeville.fr\/wp-content\/uploads\/2024\/07\/5-Clementine-de-Corse_AJT3280.jpg 1200w, https:\/\/www.franckdeville.fr\/wp-content\/uploads\/2024\/07\/5-Clementine-de-Corse_AJT3280-300x300.jpg 300w, https:\/\/www.franckdeville.fr\/wp-content\/uploads\/2024\/07\/5-Clementine-de-Corse_AJT3280-1024x1024.jpg 1024w, https:\/\/www.franckdeville.fr\/wp-content\/uploads\/2024\/07\/5-Clementine-de-Corse_AJT3280-150x150.jpg 150w, https:\/\/www.franckdeville.fr\/wp-content\/uploads\/2024\/07\/5-Clementine-de-Corse_AJT3280-768x768.jpg 768w, https:\/\/www.franckdeville.fr\/wp-content\/uploads\/2024\/07\/5-Clementine-de-Corse_AJT3280-650x650.jpg 650w\" sizes=\"auto, (max-width: 1200px) 100vw, 1200px\" \/><\/div>\n<div class=\"mkdf-pli-text-holder\" >\n\t<div class=\"mkdf-pli-text-wrapper\">\n\t\t<div class=\"mkdf-pli-text\">\n\t\t\t\t<h5 itemprop=\"name\" class=\"mkdf-pli-title entry-title\" >\n\t\tClementina de C\u00f3rcega\t<\/h5>\n\n\t\t\t\t\t<div class=\"mkdf-pli-category-holder\">\n\t\t\t\t\t\t\t<a itemprop=\"url\" class=\"mkdf-pli-category\" href=\"https:\/\/www.franckdeville.fr\/es\/categoria-de-cartera\/macarrones-con-ingredientes-franceses\/\">Macarrones con ingredientes franceses<\/a>\n\t\t\t\t\t<\/div>\n\t\n\t\t\t\n\t\t\t\t\t<\/div>\n\t<\/div>\n<\/div>\n\t\t<a itemprop=\"url\" class=\"mkdf-pli-link mkdf-block-drag-link\" href=\"https:\/\/www.franckdeville.fr\/es\/elemento-de-cartera\/clementina-de-corcega\/\" target=\"_self\"><\/a>\n\t<\/div>\n<\/article><article class=\"mkdf-pl-item mkdf-item-space  post-4563 portfolio-item type-portfolio-item status-publish has-post-thumbnail hentry portfolio-category-macarons-ingredients-francais\">\n\t<div class=\"mkdf-pl-item-inner\">\n\t\t<div class=\"mkdf-pli-image\">\n\t<img loading=\"lazy\" decoding=\"async\" width=\"1200\" height=\"1200\" src=\"https:\/\/www.franckdeville.fr\/wp-content\/uploads\/2024\/07\/Macaron-citron-de-Menton.jpg\" class=\"attachment-full size-full wp-post-image\" alt=\"Macaron citron de Menton\" srcset=\"https:\/\/www.franckdeville.fr\/wp-content\/uploads\/2024\/07\/Macaron-citron-de-Menton.jpg 1200w, https:\/\/www.franckdeville.fr\/wp-content\/uploads\/2024\/07\/Macaron-citron-de-Menton-300x300.jpg 300w, https:\/\/www.franckdeville.fr\/wp-content\/uploads\/2024\/07\/Macaron-citron-de-Menton-1024x1024.jpg 1024w, https:\/\/www.franckdeville.fr\/wp-content\/uploads\/2024\/07\/Macaron-citron-de-Menton-150x150.jpg 150w, https:\/\/www.franckdeville.fr\/wp-content\/uploads\/2024\/07\/Macaron-citron-de-Menton-768x768.jpg 768w, https:\/\/www.franckdeville.fr\/wp-content\/uploads\/2024\/07\/Macaron-citron-de-Menton-650x650.jpg 650w\" sizes=\"auto, (max-width: 1200px) 100vw, 1200px\" \/><\/div>\n<div class=\"mkdf-pli-text-holder\" >\n\t<div class=\"mkdf-pli-text-wrapper\">\n\t\t<div class=\"mkdf-pli-text\">\n\t\t\t\t<h5 itemprop=\"name\" class=\"mkdf-pli-title entry-title\" >\n\t\tLim\u00f3n de Menton\t<\/h5>\n\n\t\t\t\t\t<div class=\"mkdf-pli-category-holder\">\n\t\t\t\t\t\t\t<a itemprop=\"url\" class=\"mkdf-pli-category\" href=\"https:\/\/www.franckdeville.fr\/es\/categoria-de-cartera\/macarrones-con-ingredientes-franceses\/\">Macarrones con ingredientes franceses<\/a>\n\t\t\t\t\t<\/div>\n\t\n\t\t\t\n\t\t\t\t\t<\/div>\n\t<\/div>\n<\/div>\n\t\t<a itemprop=\"url\" class=\"mkdf-pli-link mkdf-block-drag-link\" href=\"https:\/\/www.franckdeville.fr\/es\/elemento-de-cartera\/limon-barbilla\/\" target=\"_self\"><\/a>\n\t<\/div>\n<\/article><article class=\"mkdf-pl-item mkdf-item-space  post-4564 portfolio-item type-portfolio-item status-publish has-post-thumbnail hentry portfolio-category-macarons-ingredients-francais\">\n\t<div class=\"mkdf-pl-item-inner\">\n\t\t<div class=\"mkdf-pli-image\">\n\t<img loading=\"lazy\" decoding=\"async\" width=\"1200\" height=\"1200\" src=\"https:\/\/www.franckdeville.fr\/wp-content\/uploads\/2024\/07\/Macaron-fraise-Mara-des-bois.jpg\" class=\"attachment-full size-full wp-post-image\" alt=\"Macaron fraise Mara des bois\" srcset=\"https:\/\/www.franckdeville.fr\/wp-content\/uploads\/2024\/07\/Macaron-fraise-Mara-des-bois.jpg 1200w, https:\/\/www.franckdeville.fr\/wp-content\/uploads\/2024\/07\/Macaron-fraise-Mara-des-bois-300x300.jpg 300w, https:\/\/www.franckdeville.fr\/wp-content\/uploads\/2024\/07\/Macaron-fraise-Mara-des-bois-1024x1024.jpg 1024w, https:\/\/www.franckdeville.fr\/wp-content\/uploads\/2024\/07\/Macaron-fraise-Mara-des-bois-150x150.jpg 150w, https:\/\/www.franckdeville.fr\/wp-content\/uploads\/2024\/07\/Macaron-fraise-Mara-des-bois-768x768.jpg 768w, https:\/\/www.franckdeville.fr\/wp-content\/uploads\/2024\/07\/Macaron-fraise-Mara-des-bois-650x650.jpg 650w\" sizes=\"auto, (max-width: 1200px) 100vw, 1200px\" \/><\/div>\n<div class=\"mkdf-pli-text-holder\" >\n\t<div class=\"mkdf-pli-text-wrapper\">\n\t\t<div class=\"mkdf-pli-text\">\n\t\t\t\t<h5 itemprop=\"name\" class=\"mkdf-pli-title entry-title\" >\n\t\tMara des Bois fresa\t<\/h5>\n\n\t\t\t\t\t<div class=\"mkdf-pli-category-holder\">\n\t\t\t\t\t\t\t<a itemprop=\"url\" class=\"mkdf-pli-category\" href=\"https:\/\/www.franckdeville.fr\/es\/categoria-de-cartera\/macarrones-con-ingredientes-franceses\/\">Macarrones con ingredientes franceses<\/a>\n\t\t\t\t\t<\/div>\n\t\n\t\t\t\n\t\t\t\t\t<\/div>\n\t<\/div>\n<\/div>\n\t\t<a itemprop=\"url\" class=\"mkdf-pli-link mkdf-block-drag-link\" href=\"https:\/\/www.franckdeville.fr\/es\/elemento-de-cartera\/fresa-de-mara-silvestre\/\" target=\"_self\"><\/a>\n\t<\/div>\n<\/article>\t<\/div>\n\t\n\t<\/div><\/div><\/div><\/div><\/div><\/div><\/div>","protected":false},"excerpt":{"rendered":"Plongez dans la douceur sucr\u00e9e des fraises Mara des Bois avec notre macaron, id\u00e9al pour un go\u00fbter printanier. &nbsp; Allerg\u00e8nes : Fruit \u00e0 coque (amande), oeuf Peut contenir des traces de lait, soja et autres fruits \u00e0 coques (pistache, noisette et noix)","protected":false},"author":1,"featured_media":0,"parent":0,"menu_order":0,"comment_status":"closed","ping_status":"closed","template":"full-width.php","meta":{"footnotes":""},"class_list":["post-4552","page","type-page","status-publish","hentry"],"yoast_head":"<!-- This site is optimized with the Yoast SEO plugin v27.4 - https:\/\/yoast.com\/product\/yoast-seo-wordpress\/ -->\n<title>Macarons aux ingr\u00e9dients fran\u00e7ais \u2013 Franck Deville<\/title>\n<meta name=\"description\" content=\"D\u00e9gustez les macarons Ingr\u00e9dients Fran\u00e7ais Franck Deville, confectionn\u00e9s \u00e0 partir de mati\u00e8res premi\u00e8res locales et de qualit\u00e9. Des cr\u00e9ations authentiques qui c\u00e9l\u00e8brent le savoir-faire p\u00e2tissier fran\u00e7ais et l\u2019excellence gastronomique.\" \/>\n<meta name=\"robots\" content=\"index, follow, max-snippet:-1, max-image-preview:large, max-video-preview:-1\" \/>\n<link rel=\"canonical\" href=\"http:\/\/www.franckdeville.fr\/es\/macarrones-con-ingredientes-franceses\/\" \/>\n<meta property=\"og:locale\" content=\"es_ES\" \/>\n<meta property=\"og:type\" content=\"article\" \/>\n<meta property=\"og:title\" content=\"Macarons aux ingr\u00e9dients fran\u00e7ais \u2013 Franck Deville\" \/>\n<meta property=\"og:description\" content=\"D\u00e9gustez les macarons Ingr\u00e9dients Fran\u00e7ais Franck Deville, confectionn\u00e9s \u00e0 partir de mati\u00e8res premi\u00e8res locales et de qualit\u00e9. Des cr\u00e9ations authentiques qui c\u00e9l\u00e8brent le savoir-faire p\u00e2tissier fran\u00e7ais et l\u2019excellence gastronomique.\" \/>\n<meta property=\"og:url\" content=\"http:\/\/www.franckdeville.fr\/es\/macarrones-con-ingredientes-franceses\/\" \/>\n<meta property=\"og:site_name\" content=\"Franck Deville - Macarons fran\u00e7ais d&#039;excellence\" \/>\n<meta property=\"article:publisher\" content=\"https:\/\/www.facebook.com\/FranckDevillemacarons\" \/>\n<meta property=\"article:modified_time\" content=\"2025-10-20T13:46:52+00:00\" \/>\n<meta name=\"twitter:card\" content=\"summary_large_image\" \/>\n<meta name=\"twitter:label1\" content=\"Tiempo de lectura\" \/>\n\t<meta name=\"twitter:data1\" content=\"1 minuto\" \/>\n<script type=\"application\/ld+json\" class=\"yoast-schema-graph\">{\"@context\":\"https:\\\/\\\/schema.org\",\"@graph\":[{\"@type\":\"WebPage\",\"@id\":\"http:\\\/\\\/www.franckdeville.fr\\\/fr\\\/macarons-ingredients-francais\\\/\",\"url\":\"http:\\\/\\\/www.franckdeville.fr\\\/fr\\\/macarons-ingredients-francais\\\/\",\"name\":\"Macarons aux ingr\u00e9dients fran\u00e7ais \u2013 Franck Deville\",\"isPartOf\":{\"@id\":\"https:\\\/\\\/www.franckdeville.fr\\\/fr\\\/#website\"},\"datePublished\":\"2024-07-03T13:40:59+00:00\",\"dateModified\":\"2025-10-20T13:46:52+00:00\",\"description\":\"D\u00e9gustez les macarons Ingr\u00e9dients Fran\u00e7ais Franck Deville, confectionn\u00e9s \u00e0 partir de mati\u00e8res premi\u00e8res locales et de qualit\u00e9. Des cr\u00e9ations authentiques qui c\u00e9l\u00e8brent le savoir-faire p\u00e2tissier fran\u00e7ais et l\u2019excellence gastronomique.\",\"breadcrumb\":{\"@id\":\"http:\\\/\\\/www.franckdeville.fr\\\/fr\\\/macarons-ingredients-francais\\\/#breadcrumb\"},\"inLanguage\":\"es\",\"potentialAction\":[{\"@type\":\"ReadAction\",\"target\":[\"http:\\\/\\\/www.franckdeville.fr\\\/fr\\\/macarons-ingredients-francais\\\/\"]}]},{\"@type\":\"BreadcrumbList\",\"@id\":\"http:\\\/\\\/www.franckdeville.fr\\\/fr\\\/macarons-ingredients-francais\\\/#breadcrumb\",\"itemListElement\":[{\"@type\":\"ListItem\",\"position\":1,\"name\":\"Accueil\",\"item\":\"http:\\\/\\\/www.franckdeville.fr\\\/fr\\\/\"},{\"@type\":\"ListItem\",\"position\":2,\"name\":\"Macarons Ingr\u00e9dients Fran\u00e7ais\"}]},{\"@type\":\"WebSite\",\"@id\":\"https:\\\/\\\/www.franckdeville.fr\\\/fr\\\/#website\",\"url\":\"https:\\\/\\\/www.franckdeville.fr\\\/fr\\\/\",\"name\":\"Franck Deville\",\"description\":\"L&#039;Artisan Macaronier des Chefs\",\"publisher\":{\"@id\":\"https:\\\/\\\/www.franckdeville.fr\\\/fr\\\/#organization\"},\"potentialAction\":[{\"@type\":\"SearchAction\",\"target\":{\"@type\":\"EntryPoint\",\"urlTemplate\":\"https:\\\/\\\/www.franckdeville.fr\\\/fr\\\/?s={search_term_string}\"},\"query-input\":{\"@type\":\"PropertyValueSpecification\",\"valueRequired\":true,\"valueName\":\"search_term_string\"}}],\"inLanguage\":\"es\"},{\"@type\":\"Organization\",\"@id\":\"https:\\\/\\\/www.franckdeville.fr\\\/fr\\\/#organization\",\"name\":\"Franck Deville\",\"url\":\"https:\\\/\\\/www.franckdeville.fr\\\/fr\\\/\",\"logo\":{\"@type\":\"ImageObject\",\"inLanguage\":\"es\",\"@id\":\"https:\\\/\\\/www.franckdeville.fr\\\/fr\\\/#\\\/schema\\\/logo\\\/image\\\/\",\"url\":\"https:\\\/\\\/www.franckdeville.fr\\\/wp-content\\\/uploads\\\/2024\\\/09\\\/logo_franckdeville_small2.png\",\"contentUrl\":\"https:\\\/\\\/www.franckdeville.fr\\\/wp-content\\\/uploads\\\/2024\\\/09\\\/logo_franckdeville_small2.png\",\"width\":600,\"height\":193,\"caption\":\"Franck Deville\"},\"image\":{\"@id\":\"https:\\\/\\\/www.franckdeville.fr\\\/fr\\\/#\\\/schema\\\/logo\\\/image\\\/\"},\"sameAs\":[\"https:\\\/\\\/www.facebook.com\\\/FranckDevillemacarons\"]}]}<\/script>\n<!-- \/ Yoast SEO plugin. -->","yoast_head_json":{"title":"Macarons aux ingr\u00e9dients fran\u00e7ais \u2013 Franck Deville","description":"D\u00e9gustez les macarons Ingr\u00e9dients Fran\u00e7ais Franck Deville, confectionn\u00e9s \u00e0 partir de mati\u00e8res premi\u00e8res locales et de qualit\u00e9. Des cr\u00e9ations authentiques qui c\u00e9l\u00e8brent le savoir-faire p\u00e2tissier fran\u00e7ais et l\u2019excellence gastronomique.","robots":{"index":"index","follow":"follow","max-snippet":"max-snippet:-1","max-image-preview":"max-image-preview:large","max-video-preview":"max-video-preview:-1"},"canonical":"http:\/\/www.franckdeville.fr\/es\/macarrones-con-ingredientes-franceses\/","og_locale":"es_ES","og_type":"article","og_title":"Macarons aux ingr\u00e9dients fran\u00e7ais \u2013 Franck Deville","og_description":"D\u00e9gustez les macarons Ingr\u00e9dients Fran\u00e7ais Franck Deville, confectionn\u00e9s \u00e0 partir de mati\u00e8res premi\u00e8res locales et de qualit\u00e9. Des cr\u00e9ations authentiques qui c\u00e9l\u00e8brent le savoir-faire p\u00e2tissier fran\u00e7ais et l\u2019excellence gastronomique.","og_url":"http:\/\/www.franckdeville.fr\/es\/macarrones-con-ingredientes-franceses\/","og_site_name":"Franck Deville - Macarons fran\u00e7ais d&#039;excellence","article_publisher":"https:\/\/www.facebook.com\/FranckDevillemacarons","article_modified_time":"2025-10-20T13:46:52+00:00","twitter_card":"summary_large_image","twitter_misc":{"Tiempo de lectura":"1 minuto"},"schema":{"@context":"https:\/\/schema.org","@graph":[{"@type":"WebPage","@id":"http:\/\/www.franckdeville.fr\/fr\/macarons-ingredients-francais\/","url":"http:\/\/www.franckdeville.fr\/fr\/macarons-ingredients-francais\/","name":"Macarons aux ingr\u00e9dients fran\u00e7ais \u2013 Franck Deville","isPartOf":{"@id":"https:\/\/www.franckdeville.fr\/fr\/#website"},"datePublished":"2024-07-03T13:40:59+00:00","dateModified":"2025-10-20T13:46:52+00:00","description":"D\u00e9gustez les macarons Ingr\u00e9dients Fran\u00e7ais Franck Deville, confectionn\u00e9s \u00e0 partir de mati\u00e8res premi\u00e8res locales et de qualit\u00e9. Des cr\u00e9ations authentiques qui c\u00e9l\u00e8brent le savoir-faire p\u00e2tissier fran\u00e7ais et l\u2019excellence gastronomique.","breadcrumb":{"@id":"http:\/\/www.franckdeville.fr\/fr\/macarons-ingredients-francais\/#breadcrumb"},"inLanguage":"es","potentialAction":[{"@type":"ReadAction","target":["http:\/\/www.franckdeville.fr\/fr\/macarons-ingredients-francais\/"]}]},{"@type":"BreadcrumbList","@id":"http:\/\/www.franckdeville.fr\/fr\/macarons-ingredients-francais\/#breadcrumb","itemListElement":[{"@type":"ListItem","position":1,"name":"Accueil","item":"http:\/\/www.franckdeville.fr\/fr\/"},{"@type":"ListItem","position":2,"name":"Macarons Ingr\u00e9dients Fran\u00e7ais"}]},{"@type":"WebSite","@id":"https:\/\/www.franckdeville.fr\/fr\/#website","url":"https:\/\/www.franckdeville.fr\/fr\/","name":"Franck Deville","description":"L&#039;Artisan Macaronier des Chefs","publisher":{"@id":"https:\/\/www.franckdeville.fr\/fr\/#organization"},"potentialAction":[{"@type":"SearchAction","target":{"@type":"EntryPoint","urlTemplate":"https:\/\/www.franckdeville.fr\/fr\/?s={search_term_string}"},"query-input":{"@type":"PropertyValueSpecification","valueRequired":true,"valueName":"search_term_string"}}],"inLanguage":"es"},{"@type":"Organization","@id":"https:\/\/www.franckdeville.fr\/fr\/#organization","name":"Franck Deville","url":"https:\/\/www.franckdeville.fr\/fr\/","logo":{"@type":"ImageObject","inLanguage":"es","@id":"https:\/\/www.franckdeville.fr\/fr\/#\/schema\/logo\/image\/","url":"https:\/\/www.franckdeville.fr\/wp-content\/uploads\/2024\/09\/logo_franckdeville_small2.png","contentUrl":"https:\/\/www.franckdeville.fr\/wp-content\/uploads\/2024\/09\/logo_franckdeville_small2.png","width":600,"height":193,"caption":"Franck Deville"},"image":{"@id":"https:\/\/www.franckdeville.fr\/fr\/#\/schema\/logo\/image\/"},"sameAs":["https:\/\/www.facebook.com\/FranckDevillemacarons"]}]}},"_links":{"self":[{"href":"https:\/\/www.franckdeville.fr\/es\/wp-json\/wp\/v2\/pages\/4552","targetHints":{"allow":["GET"]}}],"collection":[{"href":"https:\/\/www.franckdeville.fr\/es\/wp-json\/wp\/v2\/pages"}],"about":[{"href":"https:\/\/www.franckdeville.fr\/es\/wp-json\/wp\/v2\/types\/page"}],"author":[{"embeddable":true,"href":"https:\/\/www.franckdeville.fr\/es\/wp-json\/wp\/v2\/users\/1"}],"replies":[{"embeddable":true,"href":"https:\/\/www.franckdeville.fr\/es\/wp-json\/wp\/v2\/comments?post=4552"}],"version-history":[{"count":5,"href":"https:\/\/www.franckdeville.fr\/es\/wp-json\/wp\/v2\/pages\/4552\/revisions"}],"predecessor-version":[{"id":4735,"href":"https:\/\/www.franckdeville.fr\/es\/wp-json\/wp\/v2\/pages\/4552\/revisions\/4735"}],"wp:attachment":[{"href":"https:\/\/www.franckdeville.fr\/es\/wp-json\/wp\/v2\/media?parent=4552"}],"curies":[{"name":"wp","href":"https:\/\/api.w.org\/{rel}","templated":true}]}}