{"id":4270,"date":"2024-06-05T11:51:48","date_gmt":"2024-06-05T09:51:48","guid":{"rendered":"https:\/\/www.franckdeville.fr\/?page_id=4270"},"modified":"2025-10-20T15:52:08","modified_gmt":"2025-10-20T13:52:08","slug":"nuestras-creaciones","status":"publish","type":"page","link":"https:\/\/www.franckdeville.fr\/es\/nuestras-creaciones\/","title":{"rendered":"Nuestras creaciones"},"content":{"rendered":"<div class=\"mkdf-row-grid-section-wrapper mkdf-content-aligment-center\"  ><div class=\"mkdf-row-grid-section\"><div class=\"vc_row wpb_row vc_row-fluid vc_custom_1719909424153\" ><div class=\"wpb_column vc_column_container vc_col-sm-12\"><div class=\"vc_column-inner\"><div class=\"wpb_wrapper\"><div class=\"mkdf-portfolio-list-holder mkdf-grid-list mkdf-disable-bottom-space mkdf-pl-gallery mkdf-three-columns mkdf-normal-space mkdf-pl-gallery-overlay-boxed    mkdf-pl-pag-no-pagination mkdf-pl-has-filter     mkdf-hover-zoom-out\"  data-type=\"gallery\" data-number-of-columns=\"three\" data-space-between-items=\"normal\" data-number-of-items=\"-1\" data-image-proportions=\"full\" data-enable-fixed-proportions=\"no\" data-enable-image-shadow=\"no\" data-orderby=\"menu_order\" data-order=\"ASC\" data-item-style=\"gallery-overlay-boxed\" data-additional-hover=\"yes\" data-enable-title=\"yes\" data-title-tag=\"h5\" data-enable-category=\"yes\" data-enable-count-images=\"yes\" data-enable-excerpt=\"no\" data-excerpt-length=\"20\" data-pagination-type=\"no-pagination\" data-filter=\"yes\" data-filter-order-by=\"name\" data-enable-article-animation=\"no\" data-portfolio-slider-on=\"no\" data-enable-loop=\"yes\" data-enable-autoplay=\"yes\" data-slider-speed=\"5000\" data-slider-speed-animation=\"600\" data-enable-navigation=\"yes\" data-enable-pagination=\"yes\" data-max-num-pages=\"0\" data-next-page=\"2\">\n\t\t<div class=\"mkdf-pl-filter-holder\" >\n\t\t<div class=\"mkdf-plf-inner\">\n\t\t\t\t\t\t\t<ul >\n\t\t\t\t\t<li class=\"mkdf-pl-filter\" data-filter=\"\">\n\t\t\t\t\t\t<span>Show all<\/span>\n\t\t\t\t\t<\/li>\n\t\t\t\t\t\t\t\t\t\t\t<li class=\"mkdf-pl-filter\" data-filter=\".portfolio-category-macarons-cocktail\">\n\t\t\t\t\t\t\t<span>Macarrones de c\u00f3ctel sin alcohol<\/span>\n\t\t\t\t\t\t<\/li>\n\t\t\t\t\t\t\t\t\t\t\t<li class=\"mkdf-pl-filter\" data-filter=\".portfolio-category-macarons-enrobes-chocolat\">\n\t\t\t\t\t\t\t<span>Macarrones cubiertos de chocolate<\/span>\n\t\t\t\t\t\t<\/li>\n\t\t\t\t\t\t\t\t\t\t\t<li class=\"mkdf-pl-filter\" data-filter=\".portfolio-category-macarons-ingredients-francais\">\n\t\t\t\t\t\t\t<span>Macarrones con ingredientes franceses<\/span>\n\t\t\t\t\t\t<\/li>\n\t\t\t\t\t\t\t\t\t\t\t<li class=\"mkdf-pl-filter\" data-filter=\".portfolio-category-macarons-spirit-avec-alcool\">\n\t\t\t\t\t\t\t<span>Macarrones espirituosos con alcohol<\/span>\n\t\t\t\t\t\t<\/li>\n\t\t\t\t\t\t\t\t\t\t\t<li class=\"mkdf-pl-filter\" data-filter=\".portfolio-category-macarons-sucres\">\n\t\t\t\t\t\t\t<span>Dulces macarrones<\/span>\n\t\t\t\t\t\t<\/li>\n\t\t\t\t\t\t\t\t\t\t\t<li class=\"mkdf-pl-filter\" data-filter=\".portfolio-category-macarons-sucres-sales\">\n\t\t\t\t\t\t\t<span>Macarrones dulces y salados<\/span>\n\t\t\t\t\t\t<\/li>\n\t\t\t\t\t\t\t\t\t<\/ul>\n\t\t\t\t\t<\/div>\n\t<\/div>\n\t<div class=\"mkdf-pl-inner mkdf-outer-space  clearfix\">\n\t\t<article class=\"mkdf-pl-item mkdf-item-space  post-5162 portfolio-item type-portfolio-item status-publish has-post-thumbnail hentry portfolio-category-macarons-sucres\">\n\t<div class=\"mkdf-pl-item-inner\">\n\t\t<div class=\"mkdf-pli-image\">\n\t<img loading=\"lazy\" decoding=\"async\" width=\"800\" height=\"800\" src=\"https:\/\/www.franckdeville.fr\/wp-content\/uploads\/2024\/09\/passion.jpg\" class=\"attachment-full size-full wp-post-image\" alt=\"Passion\" srcset=\"https:\/\/www.franckdeville.fr\/wp-content\/uploads\/2024\/09\/passion.jpg 800w, https:\/\/www.franckdeville.fr\/wp-content\/uploads\/2024\/09\/passion-300x300.jpg 300w, https:\/\/www.franckdeville.fr\/wp-content\/uploads\/2024\/09\/passion-150x150.jpg 150w, https:\/\/www.franckdeville.fr\/wp-content\/uploads\/2024\/09\/passion-768x768.jpg 768w, https:\/\/www.franckdeville.fr\/wp-content\/uploads\/2024\/09\/passion-650x650.jpg 650w\" sizes=\"auto, (max-width: 800px) 100vw, 800px\" \/><\/div>\n<div class=\"mkdf-pli-text-holder\">\n    <div class=\"mkdf-pli-text-wrapper\">\n        <div class=\"mkdf-pli-text\">\n            <div class=\"mkdf-pli-text-inner\">\n                <div class=\"mkdf-pli-content\">\n                    \t<h5 itemprop=\"name\" class=\"mkdf-pli-title entry-title\" >\n\t\tAlbaricoque\t<\/h5>\n\n                    \t\t<div class=\"mkdf-pli-category-holder\">\n\t\t\t\t\t\t\t<a itemprop=\"url\" class=\"mkdf-pli-category\" href=\"https:\/\/www.franckdeville.fr\/es\/categoria-de-cartera\/macarrones-dulces\/\">Dulces macarrones<\/a>\n\t\t\t\t\t<\/div>\n\t\n                    \n                                    <\/div>\n            <\/div>\n        <\/div>\n    <\/div>\n<\/div>\n\t\t<a itemprop=\"url\" class=\"mkdf-pli-link mkdf-block-drag-link\" href=\"https:\/\/www.franckdeville.fr\/es\/elemento-de-cartera\/albaricoque\/\" target=\"_self\"><\/a>\n\t<\/div>\n<\/article><article class=\"mkdf-pl-item mkdf-item-space  post-5164 portfolio-item type-portfolio-item status-publish has-post-thumbnail hentry portfolio-category-macarons-sucres\">\n\t<div class=\"mkdf-pl-item-inner\">\n\t\t<div class=\"mkdf-pli-image\">\n\t<img loading=\"lazy\" decoding=\"async\" width=\"800\" height=\"800\" src=\"https:\/\/www.franckdeville.fr\/wp-content\/uploads\/2026\/04\/caramel_beurre_sale.jpg\" class=\"attachment-full size-full wp-post-image\" alt=\"Macaron caramel beurre sal\u00e9\" srcset=\"https:\/\/www.franckdeville.fr\/wp-content\/uploads\/2026\/04\/caramel_beurre_sale.jpg 800w, https:\/\/www.franckdeville.fr\/wp-content\/uploads\/2026\/04\/caramel_beurre_sale-300x300.jpg 300w, https:\/\/www.franckdeville.fr\/wp-content\/uploads\/2026\/04\/caramel_beurre_sale-150x150.jpg 150w, https:\/\/www.franckdeville.fr\/wp-content\/uploads\/2026\/04\/caramel_beurre_sale-768x768.jpg 768w, https:\/\/www.franckdeville.fr\/wp-content\/uploads\/2026\/04\/caramel_beurre_sale-12x12.jpg 12w, https:\/\/www.franckdeville.fr\/wp-content\/uploads\/2026\/04\/caramel_beurre_sale-650x650.jpg 650w\" sizes=\"auto, (max-width: 800px) 100vw, 800px\" \/><\/div>\n<div class=\"mkdf-pli-text-holder\">\n    <div class=\"mkdf-pli-text-wrapper\">\n        <div class=\"mkdf-pli-text\">\n            <div class=\"mkdf-pli-text-inner\">\n                <div class=\"mkdf-pli-content\">\n                    \t<h5 itemprop=\"name\" class=\"mkdf-pli-title entry-title\" >\n\t\tCaramel Beurre Sal\u00e9\t<\/h5>\n\n                    \t\t<div class=\"mkdf-pli-category-holder\">\n\t\t\t\t\t\t\t<a itemprop=\"url\" class=\"mkdf-pli-category\" href=\"https:\/\/www.franckdeville.fr\/es\/categoria-de-cartera\/macarrones-dulces\/\">Dulces macarrones<\/a>\n\t\t\t\t\t<\/div>\n\t\n                    \n                                    <\/div>\n            <\/div>\n        <\/div>\n    <\/div>\n<\/div>\n\t\t<a itemprop=\"url\" class=\"mkdf-pli-link mkdf-block-drag-link\" href=\"https:\/\/www.franckdeville.fr\/es\/elemento-de-cartera\/caramel-beurre-sale\/\" target=\"_self\"><\/a>\n\t<\/div>\n<\/article><article class=\"mkdf-pl-item mkdf-item-space  post-5166 portfolio-item type-portfolio-item status-publish has-post-thumbnail hentry portfolio-category-macarons-sucres\">\n\t<div class=\"mkdf-pl-item-inner\">\n\t\t<div class=\"mkdf-pli-image\">\n\t<img loading=\"lazy\" decoding=\"async\" width=\"800\" height=\"800\" src=\"https:\/\/www.franckdeville.fr\/wp-content\/uploads\/2026\/04\/pate_a_tartiner.jpg\" class=\"attachment-full size-full wp-post-image\" alt=\"Macaron p\u00e2te \u00e0 tartiner noisette\" srcset=\"https:\/\/www.franckdeville.fr\/wp-content\/uploads\/2026\/04\/pate_a_tartiner.jpg 800w, https:\/\/www.franckdeville.fr\/wp-content\/uploads\/2026\/04\/pate_a_tartiner-300x300.jpg 300w, https:\/\/www.franckdeville.fr\/wp-content\/uploads\/2026\/04\/pate_a_tartiner-150x150.jpg 150w, https:\/\/www.franckdeville.fr\/wp-content\/uploads\/2026\/04\/pate_a_tartiner-768x768.jpg 768w, https:\/\/www.franckdeville.fr\/wp-content\/uploads\/2026\/04\/pate_a_tartiner-12x12.jpg 12w, https:\/\/www.franckdeville.fr\/wp-content\/uploads\/2026\/04\/pate_a_tartiner-650x650.jpg 650w\" sizes=\"auto, (max-width: 800px) 100vw, 800px\" \/><\/div>\n<div class=\"mkdf-pli-text-holder\">\n    <div class=\"mkdf-pli-text-wrapper\">\n        <div class=\"mkdf-pli-text\">\n            <div class=\"mkdf-pli-text-inner\">\n                <div class=\"mkdf-pli-content\">\n                    \t<h5 itemprop=\"name\" class=\"mkdf-pli-title entry-title\" >\n\t\tP\u00e2te \u00e0 tartiner noisette\t<\/h5>\n\n                    \t\t<div class=\"mkdf-pli-category-holder\">\n\t\t\t\t\t\t\t<a itemprop=\"url\" class=\"mkdf-pli-category\" href=\"https:\/\/www.franckdeville.fr\/es\/categoria-de-cartera\/macarrones-dulces\/\">Dulces macarrones<\/a>\n\t\t\t\t\t<\/div>\n\t\n                    \n                                    <\/div>\n            <\/div>\n        <\/div>\n    <\/div>\n<\/div>\n\t\t<a itemprop=\"url\" class=\"mkdf-pli-link mkdf-block-drag-link\" href=\"https:\/\/www.franckdeville.fr\/es\/elemento-de-cartera\/pate-a-tartiner-noisette\/\" target=\"_self\"><\/a>\n\t<\/div>\n<\/article><article class=\"mkdf-pl-item mkdf-item-space  post-5171 portfolio-item type-portfolio-item status-publish has-post-thumbnail hentry portfolio-category-macarons-sucres\">\n\t<div class=\"mkdf-pl-item-inner\">\n\t\t<div class=\"mkdf-pli-image\">\n\t<img loading=\"lazy\" decoding=\"async\" width=\"800\" height=\"800\" src=\"https:\/\/www.franckdeville.fr\/wp-content\/uploads\/2026\/04\/praline.jpg\" class=\"attachment-full size-full wp-post-image\" alt=\"Macaron pralin\u00e9\" srcset=\"https:\/\/www.franckdeville.fr\/wp-content\/uploads\/2026\/04\/praline.jpg 800w, https:\/\/www.franckdeville.fr\/wp-content\/uploads\/2026\/04\/praline-300x300.jpg 300w, https:\/\/www.franckdeville.fr\/wp-content\/uploads\/2026\/04\/praline-150x150.jpg 150w, https:\/\/www.franckdeville.fr\/wp-content\/uploads\/2026\/04\/praline-768x768.jpg 768w, https:\/\/www.franckdeville.fr\/wp-content\/uploads\/2026\/04\/praline-12x12.jpg 12w, https:\/\/www.franckdeville.fr\/wp-content\/uploads\/2026\/04\/praline-650x650.jpg 650w\" sizes=\"auto, (max-width: 800px) 100vw, 800px\" \/><\/div>\n<div class=\"mkdf-pli-text-holder\">\n    <div class=\"mkdf-pli-text-wrapper\">\n        <div class=\"mkdf-pli-text\">\n            <div class=\"mkdf-pli-text-inner\">\n                <div class=\"mkdf-pli-content\">\n                    \t<h5 itemprop=\"name\" class=\"mkdf-pli-title entry-title\" >\n\t\tPralin\u00e9\t<\/h5>\n\n                    \t\t<div class=\"mkdf-pli-category-holder\">\n\t\t\t\t\t\t\t<a itemprop=\"url\" class=\"mkdf-pli-category\" href=\"https:\/\/www.franckdeville.fr\/es\/categoria-de-cartera\/macarrones-dulces\/\">Dulces macarrones<\/a>\n\t\t\t\t\t<\/div>\n\t\n                    \n                                    <\/div>\n            <\/div>\n        <\/div>\n    <\/div>\n<\/div>\n\t\t<a itemprop=\"url\" class=\"mkdf-pli-link mkdf-block-drag-link\" href=\"https:\/\/www.franckdeville.fr\/es\/elemento-de-cartera\/praline\/\" target=\"_self\"><\/a>\n\t<\/div>\n<\/article><article class=\"mkdf-pl-item mkdf-item-space  post-5172 portfolio-item type-portfolio-item status-publish has-post-thumbnail hentry portfolio-category-macarons-sucres\">\n\t<div class=\"mkdf-pl-item-inner\">\n\t\t<div class=\"mkdf-pli-image\">\n\t<img loading=\"lazy\" decoding=\"async\" width=\"800\" height=\"800\" src=\"https:\/\/www.franckdeville.fr\/wp-content\/uploads\/2026\/04\/pain_epices.jpg\" class=\"attachment-full size-full wp-post-image\" alt=\"Pain epices\" srcset=\"https:\/\/www.franckdeville.fr\/wp-content\/uploads\/2026\/04\/pain_epices.jpg 800w, https:\/\/www.franckdeville.fr\/wp-content\/uploads\/2026\/04\/pain_epices-300x300.jpg 300w, https:\/\/www.franckdeville.fr\/wp-content\/uploads\/2026\/04\/pain_epices-150x150.jpg 150w, https:\/\/www.franckdeville.fr\/wp-content\/uploads\/2026\/04\/pain_epices-768x768.jpg 768w, https:\/\/www.franckdeville.fr\/wp-content\/uploads\/2026\/04\/pain_epices-12x12.jpg 12w, https:\/\/www.franckdeville.fr\/wp-content\/uploads\/2026\/04\/pain_epices-650x650.jpg 650w\" sizes=\"auto, (max-width: 800px) 100vw, 800px\" \/><\/div>\n<div class=\"mkdf-pli-text-holder\">\n    <div class=\"mkdf-pli-text-wrapper\">\n        <div class=\"mkdf-pli-text\">\n            <div class=\"mkdf-pli-text-inner\">\n                <div class=\"mkdf-pli-content\">\n                    \t<h5 itemprop=\"name\" class=\"mkdf-pli-title entry-title\" >\n\t\tPain d&rsquo;\u00e9pices\t<\/h5>\n\n                    \t\t<div class=\"mkdf-pli-category-holder\">\n\t\t\t\t\t\t\t<a itemprop=\"url\" class=\"mkdf-pli-category\" href=\"https:\/\/www.franckdeville.fr\/es\/categoria-de-cartera\/macarrones-dulces\/\">Dulces macarrones<\/a>\n\t\t\t\t\t<\/div>\n\t\n                    \n                                    <\/div>\n            <\/div>\n        <\/div>\n    <\/div>\n<\/div>\n\t\t<a itemprop=\"url\" class=\"mkdf-pli-link mkdf-block-drag-link\" href=\"https:\/\/www.franckdeville.fr\/es\/elemento-de-cartera\/pain-depices\/\" target=\"_self\"><\/a>\n\t<\/div>\n<\/article><article class=\"mkdf-pl-item mkdf-item-space  post-5173 portfolio-item type-portfolio-item status-publish has-post-thumbnail hentry portfolio-category-macarons-sucres\">\n\t<div class=\"mkdf-pl-item-inner\">\n\t\t<div class=\"mkdf-pli-image\">\n\t<img loading=\"lazy\" decoding=\"async\" width=\"800\" height=\"800\" src=\"https:\/\/www.franckdeville.fr\/wp-content\/uploads\/2026\/04\/passion2.jpg\" class=\"attachment-full size-full wp-post-image\" alt=\"Macaron fruits de la passion\" srcset=\"https:\/\/www.franckdeville.fr\/wp-content\/uploads\/2026\/04\/passion2.jpg 800w, https:\/\/www.franckdeville.fr\/wp-content\/uploads\/2026\/04\/passion2-300x300.jpg 300w, https:\/\/www.franckdeville.fr\/wp-content\/uploads\/2026\/04\/passion2-150x150.jpg 150w, https:\/\/www.franckdeville.fr\/wp-content\/uploads\/2026\/04\/passion2-768x768.jpg 768w, https:\/\/www.franckdeville.fr\/wp-content\/uploads\/2026\/04\/passion2-12x12.jpg 12w, https:\/\/www.franckdeville.fr\/wp-content\/uploads\/2026\/04\/passion2-650x650.jpg 650w\" sizes=\"auto, (max-width: 800px) 100vw, 800px\" \/><\/div>\n<div class=\"mkdf-pli-text-holder\">\n    <div class=\"mkdf-pli-text-wrapper\">\n        <div class=\"mkdf-pli-text\">\n            <div class=\"mkdf-pli-text-inner\">\n                <div class=\"mkdf-pli-content\">\n                    \t<h5 itemprop=\"name\" class=\"mkdf-pli-title entry-title\" >\n\t\tPassion\t<\/h5>\n\n                    \t\t<div class=\"mkdf-pli-category-holder\">\n\t\t\t\t\t\t\t<a itemprop=\"url\" class=\"mkdf-pli-category\" href=\"https:\/\/www.franckdeville.fr\/es\/categoria-de-cartera\/macarrones-dulces\/\">Dulces macarrones<\/a>\n\t\t\t\t\t<\/div>\n\t\n                    \n                                    <\/div>\n            <\/div>\n        <\/div>\n    <\/div>\n<\/div>\n\t\t<a itemprop=\"url\" class=\"mkdf-pli-link mkdf-block-drag-link\" href=\"https:\/\/www.franckdeville.fr\/es\/elemento-de-cartera\/passion\/\" target=\"_self\"><\/a>\n\t<\/div>\n<\/article><article class=\"mkdf-pl-item mkdf-item-space  post-4936 portfolio-item type-portfolio-item status-publish has-post-thumbnail hentry portfolio-category-macarons-spirit-avec-alcool\">\n\t<div class=\"mkdf-pl-item-inner\">\n\t\t<div class=\"mkdf-pli-image\">\n\t<img loading=\"lazy\" decoding=\"async\" width=\"800\" height=\"800\" src=\"https:\/\/www.franckdeville.fr\/wp-content\/uploads\/2024\/09\/orange-spritz-1.jpg\" class=\"attachment-full size-full wp-post-image\" alt=\"Orange spritz\" srcset=\"https:\/\/www.franckdeville.fr\/wp-content\/uploads\/2024\/09\/orange-spritz-1.jpg 800w, https:\/\/www.franckdeville.fr\/wp-content\/uploads\/2024\/09\/orange-spritz-1-300x300.jpg 300w, https:\/\/www.franckdeville.fr\/wp-content\/uploads\/2024\/09\/orange-spritz-1-150x150.jpg 150w, https:\/\/www.franckdeville.fr\/wp-content\/uploads\/2024\/09\/orange-spritz-1-768x768.jpg 768w, https:\/\/www.franckdeville.fr\/wp-content\/uploads\/2024\/09\/orange-spritz-1-650x650.jpg 650w\" sizes=\"auto, (max-width: 800px) 100vw, 800px\" \/><\/div>\n<div class=\"mkdf-pli-text-holder\">\n    <div class=\"mkdf-pli-text-wrapper\">\n        <div class=\"mkdf-pli-text\">\n            <div class=\"mkdf-pli-text-inner\">\n                <div class=\"mkdf-pli-content\">\n                    \t<h5 itemprop=\"name\" class=\"mkdf-pli-title entry-title\" >\n\t\tNaranja Spritz\t<\/h5>\n\n                    \t\t<div class=\"mkdf-pli-category-holder\">\n\t\t\t\t\t\t\t<a itemprop=\"url\" class=\"mkdf-pli-category\" href=\"https:\/\/www.franckdeville.fr\/es\/categoria-de-cartera\/macarrones-espirituosos-con-alcohol\/\">Macarrones espirituosos con alcohol<\/a>\n\t\t\t\t\t<\/div>\n\t\n                    \n                                    <\/div>\n            <\/div>\n        <\/div>\n    <\/div>\n<\/div>\n\t\t<a itemprop=\"url\" class=\"mkdf-pli-link mkdf-block-drag-link\" href=\"https:\/\/www.franckdeville.fr\/es\/elemento-de-cartera\/spritz-de-naranja\/\" target=\"_self\"><\/a>\n\t<\/div>\n<\/article><article class=\"mkdf-pl-item mkdf-item-space  post-4942 portfolio-item type-portfolio-item status-publish has-post-thumbnail hentry portfolio-category-macarons-spirit-avec-alcool\">\n\t<div class=\"mkdf-pl-item-inner\">\n\t\t<div class=\"mkdf-pli-image\">\n\t<img loading=\"lazy\" decoding=\"async\" width=\"800\" height=\"800\" src=\"https:\/\/www.franckdeville.fr\/wp-content\/uploads\/2024\/09\/framboise-gin-1.jpg\" class=\"attachment-full size-full wp-post-image\" alt=\"Framboise gin\" srcset=\"https:\/\/www.franckdeville.fr\/wp-content\/uploads\/2024\/09\/framboise-gin-1.jpg 800w, https:\/\/www.franckdeville.fr\/wp-content\/uploads\/2024\/09\/framboise-gin-1-300x300.jpg 300w, https:\/\/www.franckdeville.fr\/wp-content\/uploads\/2024\/09\/framboise-gin-1-150x150.jpg 150w, https:\/\/www.franckdeville.fr\/wp-content\/uploads\/2024\/09\/framboise-gin-1-768x768.jpg 768w, https:\/\/www.franckdeville.fr\/wp-content\/uploads\/2024\/09\/framboise-gin-1-650x650.jpg 650w\" sizes=\"auto, (max-width: 800px) 100vw, 800px\" \/><\/div>\n<div class=\"mkdf-pli-text-holder\">\n    <div class=\"mkdf-pli-text-wrapper\">\n        <div class=\"mkdf-pli-text\">\n            <div class=\"mkdf-pli-text-inner\">\n                <div class=\"mkdf-pli-content\">\n                    \t<h5 itemprop=\"name\" class=\"mkdf-pli-title entry-title\" >\n\t\tGinebra de frambuesa\t<\/h5>\n\n                    \t\t<div class=\"mkdf-pli-category-holder\">\n\t\t\t\t\t\t\t<a itemprop=\"url\" class=\"mkdf-pli-category\" href=\"https:\/\/www.franckdeville.fr\/es\/categoria-de-cartera\/macarrones-espirituosos-con-alcohol\/\">Macarrones espirituosos con alcohol<\/a>\n\t\t\t\t\t<\/div>\n\t\n                    \n                                    <\/div>\n            <\/div>\n        <\/div>\n    <\/div>\n<\/div>\n\t\t<a itemprop=\"url\" class=\"mkdf-pli-link mkdf-block-drag-link\" href=\"https:\/\/www.franckdeville.fr\/es\/elemento-de-cartera\/ginebra-de-frambuesa\/\" target=\"_self\"><\/a>\n\t<\/div>\n<\/article><article class=\"mkdf-pl-item mkdf-item-space  post-4943 portfolio-item type-portfolio-item status-publish has-post-thumbnail hentry portfolio-category-macarons-spirit-avec-alcool\">\n\t<div class=\"mkdf-pl-item-inner\">\n\t\t<div class=\"mkdf-pli-image\">\n\t<img loading=\"lazy\" decoding=\"async\" width=\"800\" height=\"800\" src=\"https:\/\/www.franckdeville.fr\/wp-content\/uploads\/2024\/09\/rhum-raisin-1.jpg\" class=\"attachment-full size-full wp-post-image\" alt=\"Rhum raisin\" srcset=\"https:\/\/www.franckdeville.fr\/wp-content\/uploads\/2024\/09\/rhum-raisin-1.jpg 800w, https:\/\/www.franckdeville.fr\/wp-content\/uploads\/2024\/09\/rhum-raisin-1-300x300.jpg 300w, https:\/\/www.franckdeville.fr\/wp-content\/uploads\/2024\/09\/rhum-raisin-1-150x150.jpg 150w, https:\/\/www.franckdeville.fr\/wp-content\/uploads\/2024\/09\/rhum-raisin-1-768x768.jpg 768w, https:\/\/www.franckdeville.fr\/wp-content\/uploads\/2024\/09\/rhum-raisin-1-650x650.jpg 650w\" sizes=\"auto, (max-width: 800px) 100vw, 800px\" \/><\/div>\n<div class=\"mkdf-pli-text-holder\">\n    <div class=\"mkdf-pli-text-wrapper\">\n        <div class=\"mkdf-pli-text\">\n            <div class=\"mkdf-pli-text-inner\">\n                <div class=\"mkdf-pli-content\">\n                    \t<h5 itemprop=\"name\" class=\"mkdf-pli-title entry-title\" >\n\t\tRon de uva\t<\/h5>\n\n                    \t\t<div class=\"mkdf-pli-category-holder\">\n\t\t\t\t\t\t\t<a itemprop=\"url\" class=\"mkdf-pli-category\" href=\"https:\/\/www.franckdeville.fr\/es\/categoria-de-cartera\/macarrones-espirituosos-con-alcohol\/\">Macarrones espirituosos con alcohol<\/a>\n\t\t\t\t\t<\/div>\n\t\n                    \n                                    <\/div>\n            <\/div>\n        <\/div>\n    <\/div>\n<\/div>\n\t\t<a itemprop=\"url\" class=\"mkdf-pli-link mkdf-block-drag-link\" href=\"https:\/\/www.franckdeville.fr\/es\/elemento-de-cartera\/ron-de-uva\/\" target=\"_self\"><\/a>\n\t<\/div>\n<\/article><article class=\"mkdf-pl-item mkdf-item-space  post-4944 portfolio-item type-portfolio-item status-publish has-post-thumbnail hentry portfolio-category-macarons-spirit-avec-alcool\">\n\t<div class=\"mkdf-pl-item-inner\">\n\t\t<div class=\"mkdf-pli-image\">\n\t<img loading=\"lazy\" decoding=\"async\" width=\"800\" height=\"800\" src=\"https:\/\/www.franckdeville.fr\/wp-content\/uploads\/2024\/09\/irish-coffee-1.jpg\" class=\"attachment-full size-full wp-post-image\" alt=\"Irish coffee\" srcset=\"https:\/\/www.franckdeville.fr\/wp-content\/uploads\/2024\/09\/irish-coffee-1.jpg 800w, https:\/\/www.franckdeville.fr\/wp-content\/uploads\/2024\/09\/irish-coffee-1-300x300.jpg 300w, https:\/\/www.franckdeville.fr\/wp-content\/uploads\/2024\/09\/irish-coffee-1-150x150.jpg 150w, https:\/\/www.franckdeville.fr\/wp-content\/uploads\/2024\/09\/irish-coffee-1-768x768.jpg 768w, https:\/\/www.franckdeville.fr\/wp-content\/uploads\/2024\/09\/irish-coffee-1-650x650.jpg 650w\" sizes=\"auto, (max-width: 800px) 100vw, 800px\" \/><\/div>\n<div class=\"mkdf-pli-text-holder\">\n    <div class=\"mkdf-pli-text-wrapper\">\n        <div class=\"mkdf-pli-text\">\n            <div class=\"mkdf-pli-text-inner\">\n                <div class=\"mkdf-pli-content\">\n                    \t<h5 itemprop=\"name\" class=\"mkdf-pli-title entry-title\" >\n\t\tCaf\u00e9 irland\u00e9s\t<\/h5>\n\n                    \t\t<div class=\"mkdf-pli-category-holder\">\n\t\t\t\t\t\t\t<a itemprop=\"url\" class=\"mkdf-pli-category\" href=\"https:\/\/www.franckdeville.fr\/es\/categoria-de-cartera\/macarrones-espirituosos-con-alcohol\/\">Macarrones espirituosos con alcohol<\/a>\n\t\t\t\t\t<\/div>\n\t\n                    \n                                    <\/div>\n            <\/div>\n        <\/div>\n    <\/div>\n<\/div>\n\t\t<a itemprop=\"url\" class=\"mkdf-pli-link mkdf-block-drag-link\" href=\"https:\/\/www.franckdeville.fr\/es\/elemento-de-cartera\/cafe-irlandes\/\" target=\"_self\"><\/a>\n\t<\/div>\n<\/article><article class=\"mkdf-pl-item mkdf-item-space  post-4945 portfolio-item type-portfolio-item status-publish has-post-thumbnail hentry portfolio-category-macarons-spirit-avec-alcool\">\n\t<div class=\"mkdf-pl-item-inner\">\n\t\t<div class=\"mkdf-pli-image\">\n\t<img loading=\"lazy\" decoding=\"async\" width=\"800\" height=\"800\" src=\"https:\/\/www.franckdeville.fr\/wp-content\/uploads\/2024\/09\/limoncello-passion-1.jpg\" class=\"attachment-full size-full wp-post-image\" alt=\"Limoncello passion\" srcset=\"https:\/\/www.franckdeville.fr\/wp-content\/uploads\/2024\/09\/limoncello-passion-1.jpg 800w, https:\/\/www.franckdeville.fr\/wp-content\/uploads\/2024\/09\/limoncello-passion-1-300x300.jpg 300w, https:\/\/www.franckdeville.fr\/wp-content\/uploads\/2024\/09\/limoncello-passion-1-150x150.jpg 150w, https:\/\/www.franckdeville.fr\/wp-content\/uploads\/2024\/09\/limoncello-passion-1-768x768.jpg 768w, https:\/\/www.franckdeville.fr\/wp-content\/uploads\/2024\/09\/limoncello-passion-1-650x650.jpg 650w\" sizes=\"auto, (max-width: 800px) 100vw, 800px\" \/><\/div>\n<div class=\"mkdf-pli-text-holder\">\n    <div class=\"mkdf-pli-text-wrapper\">\n        <div class=\"mkdf-pli-text\">\n            <div class=\"mkdf-pli-text-inner\">\n                <div class=\"mkdf-pli-content\">\n                    \t<h5 itemprop=\"name\" class=\"mkdf-pli-title entry-title\" >\n\t\tLimoncello Pasi\u00f3n\t<\/h5>\n\n                    \t\t<div class=\"mkdf-pli-category-holder\">\n\t\t\t\t\t\t\t<a itemprop=\"url\" class=\"mkdf-pli-category\" href=\"https:\/\/www.franckdeville.fr\/es\/categoria-de-cartera\/macarrones-espirituosos-con-alcohol\/\">Macarrones espirituosos con alcohol<\/a>\n\t\t\t\t\t<\/div>\n\t\n                    \n                                    <\/div>\n            <\/div>\n        <\/div>\n    <\/div>\n<\/div>\n\t\t<a itemprop=\"url\" class=\"mkdf-pli-link mkdf-block-drag-link\" href=\"https:\/\/www.franckdeville.fr\/es\/elemento-de-cartera\/limoncello-pasion\/\" target=\"_self\"><\/a>\n\t<\/div>\n<\/article><article class=\"mkdf-pl-item mkdf-item-space  post-4452 portfolio-item type-portfolio-item status-publish has-post-thumbnail hentry portfolio-category-macarons-sucres\">\n\t<div class=\"mkdf-pl-item-inner\">\n\t\t<div class=\"mkdf-pli-image\">\n\t<img loading=\"lazy\" decoding=\"async\" width=\"800\" height=\"800\" src=\"https:\/\/www.franckdeville.fr\/wp-content\/uploads\/2024\/09\/cafe.jpg\" class=\"attachment-full size-full wp-post-image\" alt=\"Cafe\" srcset=\"https:\/\/www.franckdeville.fr\/wp-content\/uploads\/2024\/09\/cafe.jpg 800w, https:\/\/www.franckdeville.fr\/wp-content\/uploads\/2024\/09\/cafe-300x300.jpg 300w, https:\/\/www.franckdeville.fr\/wp-content\/uploads\/2024\/09\/cafe-150x150.jpg 150w, https:\/\/www.franckdeville.fr\/wp-content\/uploads\/2024\/09\/cafe-768x768.jpg 768w, https:\/\/www.franckdeville.fr\/wp-content\/uploads\/2024\/09\/cafe-650x650.jpg 650w\" sizes=\"auto, (max-width: 800px) 100vw, 800px\" \/><\/div>\n<div class=\"mkdf-pli-text-holder\">\n    <div class=\"mkdf-pli-text-wrapper\">\n        <div class=\"mkdf-pli-text\">\n            <div class=\"mkdf-pli-text-inner\">\n                <div class=\"mkdf-pli-content\">\n                    \t<h5 itemprop=\"name\" class=\"mkdf-pli-title entry-title\" >\n\t\tCaf\u00e9\t<\/h5>\n\n                    \t\t<div class=\"mkdf-pli-category-holder\">\n\t\t\t\t\t\t\t<a itemprop=\"url\" class=\"mkdf-pli-category\" href=\"https:\/\/www.franckdeville.fr\/es\/categoria-de-cartera\/macarrones-dulces\/\">Dulces macarrones<\/a>\n\t\t\t\t\t<\/div>\n\t\n                    \n                                    <\/div>\n            <\/div>\n        <\/div>\n    <\/div>\n<\/div>\n\t\t<a itemprop=\"url\" class=\"mkdf-pli-link mkdf-block-drag-link\" href=\"https:\/\/www.franckdeville.fr\/es\/elemento-de-cartera\/cafe\/\" target=\"_self\"><\/a>\n\t<\/div>\n<\/article><article class=\"mkdf-pl-item mkdf-item-space  post-4453 portfolio-item type-portfolio-item status-publish has-post-thumbnail hentry portfolio-category-macarons-sucres\">\n\t<div class=\"mkdf-pl-item-inner\">\n\t\t<div class=\"mkdf-pli-image\">\n\t<img loading=\"lazy\" decoding=\"async\" width=\"800\" height=\"800\" src=\"https:\/\/www.franckdeville.fr\/wp-content\/uploads\/2024\/09\/chocolat-orange.jpg\" class=\"attachment-full size-full wp-post-image\" alt=\"Chocolat orange\" srcset=\"https:\/\/www.franckdeville.fr\/wp-content\/uploads\/2024\/09\/chocolat-orange.jpg 800w, https:\/\/www.franckdeville.fr\/wp-content\/uploads\/2024\/09\/chocolat-orange-300x300.jpg 300w, https:\/\/www.franckdeville.fr\/wp-content\/uploads\/2024\/09\/chocolat-orange-150x150.jpg 150w, https:\/\/www.franckdeville.fr\/wp-content\/uploads\/2024\/09\/chocolat-orange-768x768.jpg 768w, https:\/\/www.franckdeville.fr\/wp-content\/uploads\/2024\/09\/chocolat-orange-650x650.jpg 650w\" sizes=\"auto, (max-width: 800px) 100vw, 800px\" \/><\/div>\n<div class=\"mkdf-pli-text-holder\">\n    <div class=\"mkdf-pli-text-wrapper\">\n        <div class=\"mkdf-pli-text\">\n            <div class=\"mkdf-pli-text-inner\">\n                <div class=\"mkdf-pli-content\">\n                    \t<h5 itemprop=\"name\" class=\"mkdf-pli-title entry-title\" >\n\t\tChocolate y naranja\t<\/h5>\n\n                    \t\t<div class=\"mkdf-pli-category-holder\">\n\t\t\t\t\t\t\t<a itemprop=\"url\" class=\"mkdf-pli-category\" href=\"https:\/\/www.franckdeville.fr\/es\/categoria-de-cartera\/macarrones-dulces\/\">Dulces macarrones<\/a>\n\t\t\t\t\t<\/div>\n\t\n                    \n                                    <\/div>\n            <\/div>\n        <\/div>\n    <\/div>\n<\/div>\n\t\t<a itemprop=\"url\" class=\"mkdf-pli-link mkdf-block-drag-link\" href=\"https:\/\/www.franckdeville.fr\/es\/elemento-de-cartera\/grosella-negra\/\" target=\"_self\"><\/a>\n\t<\/div>\n<\/article><article class=\"mkdf-pl-item mkdf-item-space  post-4455 portfolio-item type-portfolio-item status-publish has-post-thumbnail hentry portfolio-category-macarons-sucres\">\n\t<div class=\"mkdf-pl-item-inner\">\n\t\t<div class=\"mkdf-pli-image\">\n\t<img loading=\"lazy\" decoding=\"async\" width=\"800\" height=\"800\" src=\"https:\/\/www.franckdeville.fr\/wp-content\/uploads\/2024\/09\/chocolat.jpg\" class=\"attachment-full size-full wp-post-image\" alt=\"Chocolate\" srcset=\"https:\/\/www.franckdeville.fr\/wp-content\/uploads\/2024\/09\/chocolat.jpg 800w, https:\/\/www.franckdeville.fr\/wp-content\/uploads\/2024\/09\/chocolat-300x300.jpg 300w, https:\/\/www.franckdeville.fr\/wp-content\/uploads\/2024\/09\/chocolat-150x150.jpg 150w, https:\/\/www.franckdeville.fr\/wp-content\/uploads\/2024\/09\/chocolat-768x768.jpg 768w, https:\/\/www.franckdeville.fr\/wp-content\/uploads\/2024\/09\/chocolat-650x650.jpg 650w\" sizes=\"auto, (max-width: 800px) 100vw, 800px\" \/><\/div>\n<div class=\"mkdf-pli-text-holder\">\n    <div class=\"mkdf-pli-text-wrapper\">\n        <div class=\"mkdf-pli-text\">\n            <div class=\"mkdf-pli-text-inner\">\n                <div class=\"mkdf-pli-content\">\n                    \t<h5 itemprop=\"name\" class=\"mkdf-pli-title entry-title\" >\n\t\tChocolate\t<\/h5>\n\n                    \t\t<div class=\"mkdf-pli-category-holder\">\n\t\t\t\t\t\t\t<a itemprop=\"url\" class=\"mkdf-pli-category\" href=\"https:\/\/www.franckdeville.fr\/es\/categoria-de-cartera\/macarrones-dulces\/\">Dulces macarrones<\/a>\n\t\t\t\t\t<\/div>\n\t\n                    \n                                    <\/div>\n            <\/div>\n        <\/div>\n    <\/div>\n<\/div>\n\t\t<a itemprop=\"url\" class=\"mkdf-pli-link mkdf-block-drag-link\" href=\"https:\/\/www.franckdeville.fr\/es\/elemento-de-cartera\/grosella-negra-2\/\" target=\"_self\"><\/a>\n\t<\/div>\n<\/article><article class=\"mkdf-pl-item mkdf-item-space  post-4457 portfolio-item type-portfolio-item status-publish has-post-thumbnail hentry portfolio-category-macarons-sucres\">\n\t<div class=\"mkdf-pl-item-inner\">\n\t\t<div class=\"mkdf-pli-image\">\n\t<img loading=\"lazy\" decoding=\"async\" width=\"800\" height=\"800\" src=\"https:\/\/www.franckdeville.fr\/wp-content\/uploads\/2024\/09\/cassis.jpg\" class=\"attachment-full size-full wp-post-image\" alt=\"Cassis\" srcset=\"https:\/\/www.franckdeville.fr\/wp-content\/uploads\/2024\/09\/cassis.jpg 800w, https:\/\/www.franckdeville.fr\/wp-content\/uploads\/2024\/09\/cassis-300x300.jpg 300w, https:\/\/www.franckdeville.fr\/wp-content\/uploads\/2024\/09\/cassis-150x150.jpg 150w, https:\/\/www.franckdeville.fr\/wp-content\/uploads\/2024\/09\/cassis-768x768.jpg 768w, https:\/\/www.franckdeville.fr\/wp-content\/uploads\/2024\/09\/cassis-650x650.jpg 650w\" sizes=\"auto, (max-width: 800px) 100vw, 800px\" \/><\/div>\n<div class=\"mkdf-pli-text-holder\">\n    <div class=\"mkdf-pli-text-wrapper\">\n        <div class=\"mkdf-pli-text\">\n            <div class=\"mkdf-pli-text-inner\">\n                <div class=\"mkdf-pli-content\">\n                    \t<h5 itemprop=\"name\" class=\"mkdf-pli-title entry-title\" >\n\t\tCassis\t<\/h5>\n\n                    \t\t<div class=\"mkdf-pli-category-holder\">\n\t\t\t\t\t\t\t<a itemprop=\"url\" class=\"mkdf-pli-category\" href=\"https:\/\/www.franckdeville.fr\/es\/categoria-de-cartera\/macarrones-dulces\/\">Dulces macarrones<\/a>\n\t\t\t\t\t<\/div>\n\t\n                    \n                                    <\/div>\n            <\/div>\n        <\/div>\n    <\/div>\n<\/div>\n\t\t<a itemprop=\"url\" class=\"mkdf-pli-link mkdf-block-drag-link\" href=\"https:\/\/www.franckdeville.fr\/es\/elemento-de-cartera\/grosella-negra-3\/\" target=\"_self\"><\/a>\n\t<\/div>\n<\/article><article class=\"mkdf-pl-item mkdf-item-space  post-4458 portfolio-item type-portfolio-item status-publish has-post-thumbnail hentry portfolio-category-macarons-sucres\">\n\t<div class=\"mkdf-pl-item-inner\">\n\t\t<div class=\"mkdf-pli-image\">\n\t<img loading=\"lazy\" decoding=\"async\" width=\"800\" height=\"800\" src=\"https:\/\/www.franckdeville.fr\/wp-content\/uploads\/2024\/09\/chocolat-menthe.jpg\" class=\"attachment-full size-full wp-post-image\" alt=\"Chocolat menthe\" srcset=\"https:\/\/www.franckdeville.fr\/wp-content\/uploads\/2024\/09\/chocolat-menthe.jpg 800w, https:\/\/www.franckdeville.fr\/wp-content\/uploads\/2024\/09\/chocolat-menthe-300x300.jpg 300w, https:\/\/www.franckdeville.fr\/wp-content\/uploads\/2024\/09\/chocolat-menthe-150x150.jpg 150w, https:\/\/www.franckdeville.fr\/wp-content\/uploads\/2024\/09\/chocolat-menthe-768x768.jpg 768w, https:\/\/www.franckdeville.fr\/wp-content\/uploads\/2024\/09\/chocolat-menthe-650x650.jpg 650w\" sizes=\"auto, (max-width: 800px) 100vw, 800px\" \/><\/div>\n<div class=\"mkdf-pli-text-holder\">\n    <div class=\"mkdf-pli-text-wrapper\">\n        <div class=\"mkdf-pli-text\">\n            <div class=\"mkdf-pli-text-inner\">\n                <div class=\"mkdf-pli-content\">\n                    \t<h5 itemprop=\"name\" class=\"mkdf-pli-title entry-title\" >\n\t\tChocolate y menta\t<\/h5>\n\n                    \t\t<div class=\"mkdf-pli-category-holder\">\n\t\t\t\t\t\t\t<a itemprop=\"url\" class=\"mkdf-pli-category\" href=\"https:\/\/www.franckdeville.fr\/es\/categoria-de-cartera\/macarrones-dulces\/\">Dulces macarrones<\/a>\n\t\t\t\t\t<\/div>\n\t\n                    \n                                    <\/div>\n            <\/div>\n        <\/div>\n    <\/div>\n<\/div>\n\t\t<a itemprop=\"url\" class=\"mkdf-pli-link mkdf-block-drag-link\" href=\"https:\/\/www.franckdeville.fr\/es\/elemento-de-cartera\/menta-chocolate\/\" target=\"_self\"><\/a>\n\t<\/div>\n<\/article><article class=\"mkdf-pl-item mkdf-item-space  post-4459 portfolio-item type-portfolio-item status-publish has-post-thumbnail hentry portfolio-category-macarons-sucres\">\n\t<div class=\"mkdf-pl-item-inner\">\n\t\t<div class=\"mkdf-pli-image\">\n\t<img loading=\"lazy\" decoding=\"async\" width=\"800\" height=\"800\" src=\"https:\/\/www.franckdeville.fr\/wp-content\/uploads\/2024\/09\/citron.jpg\" class=\"attachment-full size-full wp-post-image\" alt=\"Lim\u00f3n\" srcset=\"https:\/\/www.franckdeville.fr\/wp-content\/uploads\/2024\/09\/citron.jpg 800w, https:\/\/www.franckdeville.fr\/wp-content\/uploads\/2024\/09\/citron-300x300.jpg 300w, https:\/\/www.franckdeville.fr\/wp-content\/uploads\/2024\/09\/citron-150x150.jpg 150w, https:\/\/www.franckdeville.fr\/wp-content\/uploads\/2024\/09\/citron-768x768.jpg 768w, https:\/\/www.franckdeville.fr\/wp-content\/uploads\/2024\/09\/citron-650x650.jpg 650w\" sizes=\"auto, (max-width: 800px) 100vw, 800px\" \/><\/div>\n<div class=\"mkdf-pli-text-holder\">\n    <div class=\"mkdf-pli-text-wrapper\">\n        <div class=\"mkdf-pli-text\">\n            <div class=\"mkdf-pli-text-inner\">\n                <div class=\"mkdf-pli-content\">\n                    \t<h5 itemprop=\"name\" class=\"mkdf-pli-title entry-title\" >\n\t\tLim\u00f3n\t<\/h5>\n\n                    \t\t<div class=\"mkdf-pli-category-holder\">\n\t\t\t\t\t\t\t<a itemprop=\"url\" class=\"mkdf-pli-category\" href=\"https:\/\/www.franckdeville.fr\/es\/categoria-de-cartera\/macarrones-dulces\/\">Dulces macarrones<\/a>\n\t\t\t\t\t<\/div>\n\t\n                    \n                                    <\/div>\n            <\/div>\n        <\/div>\n    <\/div>\n<\/div>\n\t\t<a itemprop=\"url\" class=\"mkdf-pli-link mkdf-block-drag-link\" href=\"https:\/\/www.franckdeville.fr\/es\/elemento-de-cartera\/limon\/\" target=\"_self\"><\/a>\n\t<\/div>\n<\/article><article class=\"mkdf-pl-item mkdf-item-space  post-4460 portfolio-item type-portfolio-item status-publish has-post-thumbnail hentry portfolio-category-macarons-sucres\">\n\t<div class=\"mkdf-pl-item-inner\">\n\t\t<div class=\"mkdf-pli-image\">\n\t<img loading=\"lazy\" decoding=\"async\" width=\"800\" height=\"800\" src=\"https:\/\/www.franckdeville.fr\/wp-content\/uploads\/2024\/09\/creme-orange.jpg\" class=\"attachment-full size-full wp-post-image\" alt=\"Creme orange\" srcset=\"https:\/\/www.franckdeville.fr\/wp-content\/uploads\/2024\/09\/creme-orange.jpg 800w, https:\/\/www.franckdeville.fr\/wp-content\/uploads\/2024\/09\/creme-orange-300x300.jpg 300w, https:\/\/www.franckdeville.fr\/wp-content\/uploads\/2024\/09\/creme-orange-150x150.jpg 150w, https:\/\/www.franckdeville.fr\/wp-content\/uploads\/2024\/09\/creme-orange-768x768.jpg 768w, https:\/\/www.franckdeville.fr\/wp-content\/uploads\/2024\/09\/creme-orange-650x650.jpg 650w\" sizes=\"auto, (max-width: 800px) 100vw, 800px\" \/><\/div>\n<div class=\"mkdf-pli-text-holder\">\n    <div class=\"mkdf-pli-text-wrapper\">\n        <div class=\"mkdf-pli-text\">\n            <div class=\"mkdf-pli-text-inner\">\n                <div class=\"mkdf-pli-content\">\n                    \t<h5 itemprop=\"name\" class=\"mkdf-pli-title entry-title\" >\n\t\tCrema de naranja\t<\/h5>\n\n                    \t\t<div class=\"mkdf-pli-category-holder\">\n\t\t\t\t\t\t\t<a itemprop=\"url\" class=\"mkdf-pli-category\" href=\"https:\/\/www.franckdeville.fr\/es\/categoria-de-cartera\/macarrones-dulces\/\">Dulces macarrones<\/a>\n\t\t\t\t\t<\/div>\n\t\n                    \n                                    <\/div>\n            <\/div>\n        <\/div>\n    <\/div>\n<\/div>\n\t\t<a itemprop=\"url\" class=\"mkdf-pli-link mkdf-block-drag-link\" href=\"https:\/\/www.franckdeville.fr\/es\/elemento-de-cartera\/crema-de-naranja\/\" target=\"_self\"><\/a>\n\t<\/div>\n<\/article><article class=\"mkdf-pl-item mkdf-item-space  post-4461 portfolio-item type-portfolio-item status-publish has-post-thumbnail hentry portfolio-category-macarons-sucres\">\n\t<div class=\"mkdf-pl-item-inner\">\n\t\t<div class=\"mkdf-pli-image\">\n\t<img loading=\"lazy\" decoding=\"async\" width=\"800\" height=\"800\" src=\"https:\/\/www.franckdeville.fr\/wp-content\/uploads\/2024\/09\/fleur-oranger.jpg\" class=\"attachment-full size-full wp-post-image\" alt=\"Fleur oranger\" srcset=\"https:\/\/www.franckdeville.fr\/wp-content\/uploads\/2024\/09\/fleur-oranger.jpg 800w, https:\/\/www.franckdeville.fr\/wp-content\/uploads\/2024\/09\/fleur-oranger-300x300.jpg 300w, https:\/\/www.franckdeville.fr\/wp-content\/uploads\/2024\/09\/fleur-oranger-150x150.jpg 150w, https:\/\/www.franckdeville.fr\/wp-content\/uploads\/2024\/09\/fleur-oranger-768x768.jpg 768w, https:\/\/www.franckdeville.fr\/wp-content\/uploads\/2024\/09\/fleur-oranger-650x650.jpg 650w\" sizes=\"auto, (max-width: 800px) 100vw, 800px\" \/><\/div>\n<div class=\"mkdf-pli-text-holder\">\n    <div class=\"mkdf-pli-text-wrapper\">\n        <div class=\"mkdf-pli-text\">\n            <div class=\"mkdf-pli-text-inner\">\n                <div class=\"mkdf-pli-content\">\n                    \t<h5 itemprop=\"name\" class=\"mkdf-pli-title entry-title\" >\n\t\tAzahar\t<\/h5>\n\n                    \t\t<div class=\"mkdf-pli-category-holder\">\n\t\t\t\t\t\t\t<a itemprop=\"url\" class=\"mkdf-pli-category\" href=\"https:\/\/www.franckdeville.fr\/es\/categoria-de-cartera\/macarrones-dulces\/\">Dulces macarrones<\/a>\n\t\t\t\t\t<\/div>\n\t\n                    \n                                    <\/div>\n            <\/div>\n        <\/div>\n    <\/div>\n<\/div>\n\t\t<a itemprop=\"url\" class=\"mkdf-pli-link mkdf-block-drag-link\" href=\"https:\/\/www.franckdeville.fr\/es\/elemento-de-cartera\/fleur-doranger\/\" target=\"_self\"><\/a>\n\t<\/div>\n<\/article><article class=\"mkdf-pl-item mkdf-item-space  post-4462 portfolio-item type-portfolio-item status-publish has-post-thumbnail hentry portfolio-category-macarons-sucres\">\n\t<div class=\"mkdf-pl-item-inner\">\n\t\t<div class=\"mkdf-pli-image\">\n\t<img loading=\"lazy\" decoding=\"async\" width=\"800\" height=\"800\" src=\"https:\/\/www.franckdeville.fr\/wp-content\/uploads\/2024\/09\/fraise.jpg\" class=\"attachment-full size-full wp-post-image\" alt=\"Fresa\" srcset=\"https:\/\/www.franckdeville.fr\/wp-content\/uploads\/2024\/09\/fraise.jpg 800w, https:\/\/www.franckdeville.fr\/wp-content\/uploads\/2024\/09\/fraise-300x300.jpg 300w, https:\/\/www.franckdeville.fr\/wp-content\/uploads\/2024\/09\/fraise-150x150.jpg 150w, https:\/\/www.franckdeville.fr\/wp-content\/uploads\/2024\/09\/fraise-768x768.jpg 768w, https:\/\/www.franckdeville.fr\/wp-content\/uploads\/2024\/09\/fraise-650x650.jpg 650w\" sizes=\"auto, (max-width: 800px) 100vw, 800px\" \/><\/div>\n<div class=\"mkdf-pli-text-holder\">\n    <div class=\"mkdf-pli-text-wrapper\">\n        <div class=\"mkdf-pli-text\">\n            <div class=\"mkdf-pli-text-inner\">\n                <div class=\"mkdf-pli-content\">\n                    \t<h5 itemprop=\"name\" class=\"mkdf-pli-title entry-title\" >\n\t\tFresa\t<\/h5>\n\n                    \t\t<div class=\"mkdf-pli-category-holder\">\n\t\t\t\t\t\t\t<a itemprop=\"url\" class=\"mkdf-pli-category\" href=\"https:\/\/www.franckdeville.fr\/es\/categoria-de-cartera\/macarrones-dulces\/\">Dulces macarrones<\/a>\n\t\t\t\t\t<\/div>\n\t\n                    \n                                    <\/div>\n            <\/div>\n        <\/div>\n    <\/div>\n<\/div>\n\t\t<a itemprop=\"url\" class=\"mkdf-pli-link mkdf-block-drag-link\" href=\"https:\/\/www.franckdeville.fr\/es\/elemento-de-cartera\/cortador\/\" target=\"_self\"><\/a>\n\t<\/div>\n<\/article><article class=\"mkdf-pl-item mkdf-item-space  post-4463 portfolio-item type-portfolio-item status-publish has-post-thumbnail hentry portfolio-category-macarons-sucres\">\n\t<div class=\"mkdf-pl-item-inner\">\n\t\t<div class=\"mkdf-pli-image\">\n\t<img loading=\"lazy\" decoding=\"async\" width=\"800\" height=\"800\" src=\"https:\/\/www.franckdeville.fr\/wp-content\/uploads\/2024\/09\/framboise.jpg\" class=\"attachment-full size-full wp-post-image\" alt=\"Frambuesa\" srcset=\"https:\/\/www.franckdeville.fr\/wp-content\/uploads\/2024\/09\/framboise.jpg 800w, https:\/\/www.franckdeville.fr\/wp-content\/uploads\/2024\/09\/framboise-300x300.jpg 300w, https:\/\/www.franckdeville.fr\/wp-content\/uploads\/2024\/09\/framboise-150x150.jpg 150w, https:\/\/www.franckdeville.fr\/wp-content\/uploads\/2024\/09\/framboise-768x768.jpg 768w, https:\/\/www.franckdeville.fr\/wp-content\/uploads\/2024\/09\/framboise-650x650.jpg 650w\" sizes=\"auto, (max-width: 800px) 100vw, 800px\" \/><\/div>\n<div class=\"mkdf-pli-text-holder\">\n    <div class=\"mkdf-pli-text-wrapper\">\n        <div class=\"mkdf-pli-text\">\n            <div class=\"mkdf-pli-text-inner\">\n                <div class=\"mkdf-pli-content\">\n                    \t<h5 itemprop=\"name\" class=\"mkdf-pli-title entry-title\" >\n\t\tFrambuesa\t<\/h5>\n\n                    \t\t<div class=\"mkdf-pli-category-holder\">\n\t\t\t\t\t\t\t<a itemprop=\"url\" class=\"mkdf-pli-category\" href=\"https:\/\/www.franckdeville.fr\/es\/categoria-de-cartera\/macarrones-dulces\/\">Dulces macarrones<\/a>\n\t\t\t\t\t<\/div>\n\t\n                    \n                                    <\/div>\n            <\/div>\n        <\/div>\n    <\/div>\n<\/div>\n\t\t<a itemprop=\"url\" class=\"mkdf-pli-link mkdf-block-drag-link\" href=\"https:\/\/www.franckdeville.fr\/es\/elemento-de-cartera\/frambuesa\/\" target=\"_self\"><\/a>\n\t<\/div>\n<\/article><article class=\"mkdf-pl-item mkdf-item-space  post-4464 portfolio-item type-portfolio-item status-publish has-post-thumbnail hentry portfolio-category-macarons-sucres\">\n\t<div class=\"mkdf-pl-item-inner\">\n\t\t<div class=\"mkdf-pli-image\">\n\t<img loading=\"lazy\" decoding=\"async\" width=\"800\" height=\"800\" src=\"https:\/\/www.franckdeville.fr\/wp-content\/uploads\/2024\/09\/grenadine.jpg\" class=\"attachment-full size-full wp-post-image\" alt=\"Grenadine\" srcset=\"https:\/\/www.franckdeville.fr\/wp-content\/uploads\/2024\/09\/grenadine.jpg 800w, https:\/\/www.franckdeville.fr\/wp-content\/uploads\/2024\/09\/grenadine-300x300.jpg 300w, https:\/\/www.franckdeville.fr\/wp-content\/uploads\/2024\/09\/grenadine-150x150.jpg 150w, https:\/\/www.franckdeville.fr\/wp-content\/uploads\/2024\/09\/grenadine-768x768.jpg 768w, https:\/\/www.franckdeville.fr\/wp-content\/uploads\/2024\/09\/grenadine-650x650.jpg 650w\" sizes=\"auto, (max-width: 800px) 100vw, 800px\" \/><\/div>\n<div class=\"mkdf-pli-text-holder\">\n    <div class=\"mkdf-pli-text-wrapper\">\n        <div class=\"mkdf-pli-text\">\n            <div class=\"mkdf-pli-text-inner\">\n                <div class=\"mkdf-pli-content\">\n                    \t<h5 itemprop=\"name\" class=\"mkdf-pli-title entry-title\" >\n\t\tPralin\u00e9 de granadina\t<\/h5>\n\n                    \t\t<div class=\"mkdf-pli-category-holder\">\n\t\t\t\t\t\t\t<a itemprop=\"url\" class=\"mkdf-pli-category\" href=\"https:\/\/www.franckdeville.fr\/es\/categoria-de-cartera\/macarrones-dulces\/\">Dulces macarrones<\/a>\n\t\t\t\t\t<\/div>\n\t\n                    \n                                    <\/div>\n            <\/div>\n        <\/div>\n    <\/div>\n<\/div>\n\t\t<a itemprop=\"url\" class=\"mkdf-pli-link mkdf-block-drag-link\" href=\"https:\/\/www.franckdeville.fr\/es\/elemento-de-cartera\/granadina-praline\/\" target=\"_self\"><\/a>\n\t<\/div>\n<\/article><article class=\"mkdf-pl-item mkdf-item-space  post-4465 portfolio-item type-portfolio-item status-publish has-post-thumbnail hentry portfolio-category-macarons-sucres\">\n\t<div class=\"mkdf-pl-item-inner\">\n\t\t<div class=\"mkdf-pli-image\">\n\t<img loading=\"lazy\" decoding=\"async\" width=\"800\" height=\"800\" src=\"https:\/\/www.franckdeville.fr\/wp-content\/uploads\/2024\/09\/griotte.jpg\" class=\"attachment-full size-full wp-post-image\" alt=\"Griotte\" srcset=\"https:\/\/www.franckdeville.fr\/wp-content\/uploads\/2024\/09\/griotte.jpg 800w, https:\/\/www.franckdeville.fr\/wp-content\/uploads\/2024\/09\/griotte-300x300.jpg 300w, https:\/\/www.franckdeville.fr\/wp-content\/uploads\/2024\/09\/griotte-150x150.jpg 150w, https:\/\/www.franckdeville.fr\/wp-content\/uploads\/2024\/09\/griotte-768x768.jpg 768w, https:\/\/www.franckdeville.fr\/wp-content\/uploads\/2024\/09\/griotte-650x650.jpg 650w\" sizes=\"auto, (max-width: 800px) 100vw, 800px\" \/><\/div>\n<div class=\"mkdf-pli-text-holder\">\n    <div class=\"mkdf-pli-text-wrapper\">\n        <div class=\"mkdf-pli-text\">\n            <div class=\"mkdf-pli-text-inner\">\n                <div class=\"mkdf-pli-content\">\n                    \t<h5 itemprop=\"name\" class=\"mkdf-pli-title entry-title\" >\n\t\tGriotte\t<\/h5>\n\n                    \t\t<div class=\"mkdf-pli-category-holder\">\n\t\t\t\t\t\t\t<a itemprop=\"url\" class=\"mkdf-pli-category\" href=\"https:\/\/www.franckdeville.fr\/es\/categoria-de-cartera\/macarrones-dulces\/\">Dulces macarrones<\/a>\n\t\t\t\t\t<\/div>\n\t\n                    \n                                    <\/div>\n            <\/div>\n        <\/div>\n    <\/div>\n<\/div>\n\t\t<a itemprop=\"url\" class=\"mkdf-pli-link mkdf-block-drag-link\" href=\"https:\/\/www.franckdeville.fr\/es\/elemento-de-cartera\/praline-granadina-2\/\" target=\"_self\"><\/a>\n\t<\/div>\n<\/article><article class=\"mkdf-pl-item mkdf-item-space  post-4466 portfolio-item type-portfolio-item status-publish has-post-thumbnail hentry portfolio-category-macarons-sucres\">\n\t<div class=\"mkdf-pl-item-inner\">\n\t\t<div class=\"mkdf-pli-image\">\n\t<img loading=\"lazy\" decoding=\"async\" width=\"800\" height=\"800\" src=\"https:\/\/www.franckdeville.fr\/wp-content\/uploads\/2024\/09\/menthe-glaciale.jpg\" class=\"attachment-full size-full wp-post-image\" alt=\"Menthe glaciale\" srcset=\"https:\/\/www.franckdeville.fr\/wp-content\/uploads\/2024\/09\/menthe-glaciale.jpg 800w, https:\/\/www.franckdeville.fr\/wp-content\/uploads\/2024\/09\/menthe-glaciale-300x300.jpg 300w, https:\/\/www.franckdeville.fr\/wp-content\/uploads\/2024\/09\/menthe-glaciale-150x150.jpg 150w, https:\/\/www.franckdeville.fr\/wp-content\/uploads\/2024\/09\/menthe-glaciale-768x768.jpg 768w, https:\/\/www.franckdeville.fr\/wp-content\/uploads\/2024\/09\/menthe-glaciale-650x650.jpg 650w\" sizes=\"auto, (max-width: 800px) 100vw, 800px\" \/><\/div>\n<div class=\"mkdf-pli-text-holder\">\n    <div class=\"mkdf-pli-text-wrapper\">\n        <div class=\"mkdf-pli-text\">\n            <div class=\"mkdf-pli-text-inner\">\n                <div class=\"mkdf-pli-content\">\n                    \t<h5 itemprop=\"name\" class=\"mkdf-pli-title entry-title\" >\n\t\tMenthe glaciale\t<\/h5>\n\n                    \t\t<div class=\"mkdf-pli-category-holder\">\n\t\t\t\t\t\t\t<a itemprop=\"url\" class=\"mkdf-pli-category\" href=\"https:\/\/www.franckdeville.fr\/es\/categoria-de-cartera\/macarrones-dulces\/\">Dulces macarrones<\/a>\n\t\t\t\t\t<\/div>\n\t\n                    \n                                    <\/div>\n            <\/div>\n        <\/div>\n    <\/div>\n<\/div>\n\t\t<a itemprop=\"url\" class=\"mkdf-pli-link mkdf-block-drag-link\" href=\"https:\/\/www.franckdeville.fr\/es\/elemento-de-cartera\/menta-helada\/\" target=\"_self\"><\/a>\n\t<\/div>\n<\/article><article class=\"mkdf-pl-item mkdf-item-space  post-4468 portfolio-item type-portfolio-item status-publish has-post-thumbnail hentry portfolio-category-macarons-sucres\">\n\t<div class=\"mkdf-pl-item-inner\">\n\t\t<div class=\"mkdf-pli-image\">\n\t<img loading=\"lazy\" decoding=\"async\" width=\"800\" height=\"800\" src=\"https:\/\/www.franckdeville.fr\/wp-content\/uploads\/2024\/09\/noix-de-coco.jpg\" class=\"attachment-full size-full wp-post-image\" alt=\"Noix de coco\" srcset=\"https:\/\/www.franckdeville.fr\/wp-content\/uploads\/2024\/09\/noix-de-coco.jpg 800w, https:\/\/www.franckdeville.fr\/wp-content\/uploads\/2024\/09\/noix-de-coco-300x300.jpg 300w, https:\/\/www.franckdeville.fr\/wp-content\/uploads\/2024\/09\/noix-de-coco-150x150.jpg 150w, https:\/\/www.franckdeville.fr\/wp-content\/uploads\/2024\/09\/noix-de-coco-768x768.jpg 768w, https:\/\/www.franckdeville.fr\/wp-content\/uploads\/2024\/09\/noix-de-coco-650x650.jpg 650w\" sizes=\"auto, (max-width: 800px) 100vw, 800px\" \/><\/div>\n<div class=\"mkdf-pli-text-holder\">\n    <div class=\"mkdf-pli-text-wrapper\">\n        <div class=\"mkdf-pli-text\">\n            <div class=\"mkdf-pli-text-inner\">\n                <div class=\"mkdf-pli-content\">\n                    \t<h5 itemprop=\"name\" class=\"mkdf-pli-title entry-title\" >\n\t\tNoix de coco\t<\/h5>\n\n                    \t\t<div class=\"mkdf-pli-category-holder\">\n\t\t\t\t\t\t\t<a itemprop=\"url\" class=\"mkdf-pli-category\" href=\"https:\/\/www.franckdeville.fr\/es\/categoria-de-cartera\/macarrones-dulces\/\">Dulces macarrones<\/a>\n\t\t\t\t\t<\/div>\n\t\n                    \n                                    <\/div>\n            <\/div>\n        <\/div>\n    <\/div>\n<\/div>\n\t\t<a itemprop=\"url\" class=\"mkdf-pli-link mkdf-block-drag-link\" href=\"https:\/\/www.franckdeville.fr\/es\/elemento-de-cartera\/coco\/\" target=\"_self\"><\/a>\n\t<\/div>\n<\/article><article class=\"mkdf-pl-item mkdf-item-space  post-4469 portfolio-item type-portfolio-item status-publish has-post-thumbnail hentry portfolio-category-macarons-sucres\">\n\t<div class=\"mkdf-pl-item-inner\">\n\t\t<div class=\"mkdf-pli-image\">\n\t<img loading=\"lazy\" decoding=\"async\" width=\"800\" height=\"800\" src=\"https:\/\/www.franckdeville.fr\/wp-content\/uploads\/2024\/09\/pistache.jpg\" class=\"attachment-full size-full wp-post-image\" alt=\"Pistache\" srcset=\"https:\/\/www.franckdeville.fr\/wp-content\/uploads\/2024\/09\/pistache.jpg 800w, https:\/\/www.franckdeville.fr\/wp-content\/uploads\/2024\/09\/pistache-300x300.jpg 300w, https:\/\/www.franckdeville.fr\/wp-content\/uploads\/2024\/09\/pistache-150x150.jpg 150w, https:\/\/www.franckdeville.fr\/wp-content\/uploads\/2024\/09\/pistache-768x768.jpg 768w, https:\/\/www.franckdeville.fr\/wp-content\/uploads\/2024\/09\/pistache-650x650.jpg 650w\" sizes=\"auto, (max-width: 800px) 100vw, 800px\" \/><\/div>\n<div class=\"mkdf-pli-text-holder\">\n    <div class=\"mkdf-pli-text-wrapper\">\n        <div class=\"mkdf-pli-text\">\n            <div class=\"mkdf-pli-text-inner\">\n                <div class=\"mkdf-pli-content\">\n                    \t<h5 itemprop=\"name\" class=\"mkdf-pli-title entry-title\" >\n\t\tPistache\t<\/h5>\n\n                    \t\t<div class=\"mkdf-pli-category-holder\">\n\t\t\t\t\t\t\t<a itemprop=\"url\" class=\"mkdf-pli-category\" href=\"https:\/\/www.franckdeville.fr\/es\/categoria-de-cartera\/macarrones-dulces\/\">Dulces macarrones<\/a>\n\t\t\t\t\t<\/div>\n\t\n                    \n                                    <\/div>\n            <\/div>\n        <\/div>\n    <\/div>\n<\/div>\n\t\t<a itemprop=\"url\" class=\"mkdf-pli-link mkdf-block-drag-link\" href=\"https:\/\/www.franckdeville.fr\/es\/elemento-de-cartera\/pistacho\/\" target=\"_self\"><\/a>\n\t<\/div>\n<\/article><article class=\"mkdf-pl-item mkdf-item-space  post-4470 portfolio-item type-portfolio-item status-publish has-post-thumbnail hentry portfolio-category-macarons-sucres\">\n\t<div class=\"mkdf-pl-item-inner\">\n\t\t<div class=\"mkdf-pli-image\">\n\t<img loading=\"lazy\" decoding=\"async\" width=\"800\" height=\"800\" src=\"https:\/\/www.franckdeville.fr\/wp-content\/uploads\/2024\/09\/poire.jpg\" class=\"attachment-full size-full wp-post-image\" alt=\"Poire\" srcset=\"https:\/\/www.franckdeville.fr\/wp-content\/uploads\/2024\/09\/poire.jpg 800w, https:\/\/www.franckdeville.fr\/wp-content\/uploads\/2024\/09\/poire-300x300.jpg 300w, https:\/\/www.franckdeville.fr\/wp-content\/uploads\/2024\/09\/poire-150x150.jpg 150w, https:\/\/www.franckdeville.fr\/wp-content\/uploads\/2024\/09\/poire-768x768.jpg 768w, https:\/\/www.franckdeville.fr\/wp-content\/uploads\/2024\/09\/poire-650x650.jpg 650w\" sizes=\"auto, (max-width: 800px) 100vw, 800px\" \/><\/div>\n<div class=\"mkdf-pli-text-holder\">\n    <div class=\"mkdf-pli-text-wrapper\">\n        <div class=\"mkdf-pli-text\">\n            <div class=\"mkdf-pli-text-inner\">\n                <div class=\"mkdf-pli-content\">\n                    \t<h5 itemprop=\"name\" class=\"mkdf-pli-title entry-title\" >\n\t\tPoire\t<\/h5>\n\n                    \t\t<div class=\"mkdf-pli-category-holder\">\n\t\t\t\t\t\t\t<a itemprop=\"url\" class=\"mkdf-pli-category\" href=\"https:\/\/www.franckdeville.fr\/es\/categoria-de-cartera\/macarrones-dulces\/\">Dulces macarrones<\/a>\n\t\t\t\t\t<\/div>\n\t\n                    \n                                    <\/div>\n            <\/div>\n        <\/div>\n    <\/div>\n<\/div>\n\t\t<a itemprop=\"url\" class=\"mkdf-pli-link mkdf-block-drag-link\" href=\"https:\/\/www.franckdeville.fr\/es\/elemento-de-cartera\/pera\/\" target=\"_self\"><\/a>\n\t<\/div>\n<\/article><article class=\"mkdf-pl-item mkdf-item-space  post-4471 portfolio-item type-portfolio-item status-publish has-post-thumbnail hentry portfolio-category-macarons-sucres\">\n\t<div class=\"mkdf-pl-item-inner\">\n\t\t<div class=\"mkdf-pli-image\">\n\t<img loading=\"lazy\" decoding=\"async\" width=\"800\" height=\"800\" src=\"https:\/\/www.franckdeville.fr\/wp-content\/uploads\/2024\/09\/rose-litchi.jpg\" class=\"attachment-full size-full wp-post-image\" alt=\"Rose litchi\" srcset=\"https:\/\/www.franckdeville.fr\/wp-content\/uploads\/2024\/09\/rose-litchi.jpg 800w, https:\/\/www.franckdeville.fr\/wp-content\/uploads\/2024\/09\/rose-litchi-300x300.jpg 300w, https:\/\/www.franckdeville.fr\/wp-content\/uploads\/2024\/09\/rose-litchi-150x150.jpg 150w, https:\/\/www.franckdeville.fr\/wp-content\/uploads\/2024\/09\/rose-litchi-768x768.jpg 768w, https:\/\/www.franckdeville.fr\/wp-content\/uploads\/2024\/09\/rose-litchi-650x650.jpg 650w\" sizes=\"auto, (max-width: 800px) 100vw, 800px\" \/><\/div>\n<div class=\"mkdf-pli-text-holder\">\n    <div class=\"mkdf-pli-text-wrapper\">\n        <div class=\"mkdf-pli-text\">\n            <div class=\"mkdf-pli-text-inner\">\n                <div class=\"mkdf-pli-content\">\n                    \t<h5 itemprop=\"name\" class=\"mkdf-pli-title entry-title\" >\n\t\tRose litchi\t<\/h5>\n\n                    \t\t<div class=\"mkdf-pli-category-holder\">\n\t\t\t\t\t\t\t<a itemprop=\"url\" class=\"mkdf-pli-category\" href=\"https:\/\/www.franckdeville.fr\/es\/categoria-de-cartera\/macarrones-dulces\/\">Dulces macarrones<\/a>\n\t\t\t\t\t<\/div>\n\t\n                    \n                                    <\/div>\n            <\/div>\n        <\/div>\n    <\/div>\n<\/div>\n\t\t<a itemprop=\"url\" class=\"mkdf-pli-link mkdf-block-drag-link\" href=\"https:\/\/www.franckdeville.fr\/es\/elemento-de-cartera\/rosa-lichi\/\" target=\"_self\"><\/a>\n\t<\/div>\n<\/article><article class=\"mkdf-pl-item mkdf-item-space  post-4472 portfolio-item type-portfolio-item status-publish has-post-thumbnail hentry portfolio-category-macarons-sucres\">\n\t<div class=\"mkdf-pl-item-inner\">\n\t\t<div class=\"mkdf-pli-image\">\n\t<img loading=\"lazy\" decoding=\"async\" width=\"800\" height=\"800\" src=\"https:\/\/www.franckdeville.fr\/wp-content\/uploads\/2024\/09\/speculoos.jpg\" class=\"attachment-full size-full wp-post-image\" alt=\"Speculoos\" srcset=\"https:\/\/www.franckdeville.fr\/wp-content\/uploads\/2024\/09\/speculoos.jpg 800w, https:\/\/www.franckdeville.fr\/wp-content\/uploads\/2024\/09\/speculoos-300x300.jpg 300w, https:\/\/www.franckdeville.fr\/wp-content\/uploads\/2024\/09\/speculoos-150x150.jpg 150w, https:\/\/www.franckdeville.fr\/wp-content\/uploads\/2024\/09\/speculoos-768x768.jpg 768w, https:\/\/www.franckdeville.fr\/wp-content\/uploads\/2024\/09\/speculoos-650x650.jpg 650w\" sizes=\"auto, (max-width: 800px) 100vw, 800px\" \/><\/div>\n<div class=\"mkdf-pli-text-holder\">\n    <div class=\"mkdf-pli-text-wrapper\">\n        <div class=\"mkdf-pli-text\">\n            <div class=\"mkdf-pli-text-inner\">\n                <div class=\"mkdf-pli-content\">\n                    \t<h5 itemprop=\"name\" class=\"mkdf-pli-title entry-title\" >\n\t\tSpeculoos\t<\/h5>\n\n                    \t\t<div class=\"mkdf-pli-category-holder\">\n\t\t\t\t\t\t\t<a itemprop=\"url\" class=\"mkdf-pli-category\" href=\"https:\/\/www.franckdeville.fr\/es\/categoria-de-cartera\/macarrones-dulces\/\">Dulces macarrones<\/a>\n\t\t\t\t\t<\/div>\n\t\n                    \n                                    <\/div>\n            <\/div>\n        <\/div>\n    <\/div>\n<\/div>\n\t\t<a itemprop=\"url\" class=\"mkdf-pli-link mkdf-block-drag-link\" href=\"https:\/\/www.franckdeville.fr\/es\/elemento-de-cartera\/speculoos\/\" target=\"_self\"><\/a>\n\t<\/div>\n<\/article><article class=\"mkdf-pl-item mkdf-item-space  post-4474 portfolio-item type-portfolio-item status-publish has-post-thumbnail hentry portfolio-category-macarons-sucres\">\n\t<div class=\"mkdf-pl-item-inner\">\n\t\t<div class=\"mkdf-pli-image\">\n\t<img loading=\"lazy\" decoding=\"async\" width=\"800\" height=\"800\" src=\"https:\/\/www.franckdeville.fr\/wp-content\/uploads\/2024\/09\/vanille.jpg\" class=\"attachment-full size-full wp-post-image\" alt=\"Vanille\" srcset=\"https:\/\/www.franckdeville.fr\/wp-content\/uploads\/2024\/09\/vanille.jpg 800w, https:\/\/www.franckdeville.fr\/wp-content\/uploads\/2024\/09\/vanille-300x300.jpg 300w, https:\/\/www.franckdeville.fr\/wp-content\/uploads\/2024\/09\/vanille-150x150.jpg 150w, https:\/\/www.franckdeville.fr\/wp-content\/uploads\/2024\/09\/vanille-768x768.jpg 768w, https:\/\/www.franckdeville.fr\/wp-content\/uploads\/2024\/09\/vanille-650x650.jpg 650w\" sizes=\"auto, (max-width: 800px) 100vw, 800px\" \/><\/div>\n<div class=\"mkdf-pli-text-holder\">\n    <div class=\"mkdf-pli-text-wrapper\">\n        <div class=\"mkdf-pli-text\">\n            <div class=\"mkdf-pli-text-inner\">\n                <div class=\"mkdf-pli-content\">\n                    \t<h5 itemprop=\"name\" class=\"mkdf-pli-title entry-title\" >\n\t\tVanille\t<\/h5>\n\n                    \t\t<div class=\"mkdf-pli-category-holder\">\n\t\t\t\t\t\t\t<a itemprop=\"url\" class=\"mkdf-pli-category\" href=\"https:\/\/www.franckdeville.fr\/es\/categoria-de-cartera\/macarrones-dulces\/\">Dulces macarrones<\/a>\n\t\t\t\t\t<\/div>\n\t\n                    \n                                    <\/div>\n            <\/div>\n        <\/div>\n    <\/div>\n<\/div>\n\t\t<a itemprop=\"url\" class=\"mkdf-pli-link mkdf-block-drag-link\" href=\"https:\/\/www.franckdeville.fr\/es\/elemento-de-cartera\/vainilla\/\" target=\"_self\"><\/a>\n\t<\/div>\n<\/article><article class=\"mkdf-pl-item mkdf-item-space  post-4475 portfolio-item type-portfolio-item status-publish has-post-thumbnail hentry portfolio-category-macarons-sucres\">\n\t<div class=\"mkdf-pl-item-inner\">\n\t\t<div class=\"mkdf-pli-image\">\n\t<img loading=\"lazy\" decoding=\"async\" width=\"800\" height=\"800\" src=\"https:\/\/www.franckdeville.fr\/wp-content\/uploads\/2024\/09\/violette.jpg\" class=\"attachment-full size-full wp-post-image\" alt=\"Violette\" srcset=\"https:\/\/www.franckdeville.fr\/wp-content\/uploads\/2024\/09\/violette.jpg 800w, https:\/\/www.franckdeville.fr\/wp-content\/uploads\/2024\/09\/violette-300x300.jpg 300w, https:\/\/www.franckdeville.fr\/wp-content\/uploads\/2024\/09\/violette-150x150.jpg 150w, https:\/\/www.franckdeville.fr\/wp-content\/uploads\/2024\/09\/violette-768x768.jpg 768w, https:\/\/www.franckdeville.fr\/wp-content\/uploads\/2024\/09\/violette-650x650.jpg 650w\" sizes=\"auto, (max-width: 800px) 100vw, 800px\" \/><\/div>\n<div class=\"mkdf-pli-text-holder\">\n    <div class=\"mkdf-pli-text-wrapper\">\n        <div class=\"mkdf-pli-text\">\n            <div class=\"mkdf-pli-text-inner\">\n                <div class=\"mkdf-pli-content\">\n                    \t<h5 itemprop=\"name\" class=\"mkdf-pli-title entry-title\" >\n\t\tViolette\t<\/h5>\n\n                    \t\t<div class=\"mkdf-pli-category-holder\">\n\t\t\t\t\t\t\t<a itemprop=\"url\" class=\"mkdf-pli-category\" href=\"https:\/\/www.franckdeville.fr\/es\/categoria-de-cartera\/macarrones-dulces\/\">Dulces macarrones<\/a>\n\t\t\t\t\t<\/div>\n\t\n                    \n                                    <\/div>\n            <\/div>\n        <\/div>\n    <\/div>\n<\/div>\n\t\t<a itemprop=\"url\" class=\"mkdf-pli-link mkdf-block-drag-link\" href=\"https:\/\/www.franckdeville.fr\/es\/elemento-de-cartera\/violeta\/\" target=\"_self\"><\/a>\n\t<\/div>\n<\/article><article class=\"mkdf-pl-item mkdf-item-space  post-4491 portfolio-item type-portfolio-item status-publish has-post-thumbnail hentry portfolio-category-macarons-sucres-sales\">\n\t<div class=\"mkdf-pl-item-inner\">\n\t\t<div class=\"mkdf-pli-image\">\n\t<img loading=\"lazy\" decoding=\"async\" width=\"800\" height=\"800\" src=\"https:\/\/www.franckdeville.fr\/wp-content\/uploads\/2024\/07\/bisque-ecrevisse.jpg\" class=\"attachment-full size-full wp-post-image\" alt=\"Bisque ecrevisse\" srcset=\"https:\/\/www.franckdeville.fr\/wp-content\/uploads\/2024\/07\/bisque-ecrevisse.jpg 800w, https:\/\/www.franckdeville.fr\/wp-content\/uploads\/2024\/07\/bisque-ecrevisse-300x300.jpg 300w, https:\/\/www.franckdeville.fr\/wp-content\/uploads\/2024\/07\/bisque-ecrevisse-150x150.jpg 150w, https:\/\/www.franckdeville.fr\/wp-content\/uploads\/2024\/07\/bisque-ecrevisse-768x768.jpg 768w, https:\/\/www.franckdeville.fr\/wp-content\/uploads\/2024\/07\/bisque-ecrevisse-650x650.jpg 650w\" sizes=\"auto, (max-width: 800px) 100vw, 800px\" \/><\/div>\n<div class=\"mkdf-pli-text-holder\">\n    <div class=\"mkdf-pli-text-wrapper\">\n        <div class=\"mkdf-pli-text\">\n            <div class=\"mkdf-pli-text-inner\">\n                <div class=\"mkdf-pli-content\">\n                    \t<h5 itemprop=\"name\" class=\"mkdf-pli-title entry-title\" >\n\t\tBisque de cangrejo de r\u00edo\t<\/h5>\n\n                    \t\t<div class=\"mkdf-pli-category-holder\">\n\t\t\t\t\t\t\t<a itemprop=\"url\" class=\"mkdf-pli-category\" href=\"https:\/\/www.franckdeville.fr\/es\/categoria-de-cartera\/macarrones-de-azucar-sucio\/\">Macarrones dulces y salados<\/a>\n\t\t\t\t\t<\/div>\n\t\n                    \n                                    <\/div>\n            <\/div>\n        <\/div>\n    <\/div>\n<\/div>\n\t\t<a itemprop=\"url\" class=\"mkdf-pli-link mkdf-block-drag-link\" href=\"https:\/\/www.franckdeville.fr\/es\/elemento-de-cartera\/bisque-decrevisse\/\" target=\"_self\"><\/a>\n\t<\/div>\n<\/article><article class=\"mkdf-pl-item mkdf-item-space  post-4501 portfolio-item type-portfolio-item status-publish has-post-thumbnail hentry portfolio-category-macarons-sucres-sales\">\n\t<div class=\"mkdf-pl-item-inner\">\n\t\t<div class=\"mkdf-pli-image\">\n\t<img loading=\"lazy\" decoding=\"async\" width=\"800\" height=\"800\" src=\"https:\/\/www.franckdeville.fr\/wp-content\/uploads\/2024\/07\/figue-oignon-1.jpg\" class=\"attachment-full size-full wp-post-image\" alt=\"Figue oignon\" srcset=\"https:\/\/www.franckdeville.fr\/wp-content\/uploads\/2024\/07\/figue-oignon-1.jpg 800w, https:\/\/www.franckdeville.fr\/wp-content\/uploads\/2024\/07\/figue-oignon-1-300x300.jpg 300w, https:\/\/www.franckdeville.fr\/wp-content\/uploads\/2024\/07\/figue-oignon-1-150x150.jpg 150w, https:\/\/www.franckdeville.fr\/wp-content\/uploads\/2024\/07\/figue-oignon-1-768x768.jpg 768w, https:\/\/www.franckdeville.fr\/wp-content\/uploads\/2024\/07\/figue-oignon-1-650x650.jpg 650w\" sizes=\"auto, (max-width: 800px) 100vw, 800px\" \/><\/div>\n<div class=\"mkdf-pli-text-holder\">\n    <div class=\"mkdf-pli-text-wrapper\">\n        <div class=\"mkdf-pli-text\">\n            <div class=\"mkdf-pli-text-inner\">\n                <div class=\"mkdf-pli-content\">\n                    \t<h5 itemprop=\"name\" class=\"mkdf-pli-title entry-title\" >\n\t\tCompota de higos y cebolla\t<\/h5>\n\n                    \t\t<div class=\"mkdf-pli-category-holder\">\n\t\t\t\t\t\t\t<a itemprop=\"url\" class=\"mkdf-pli-category\" href=\"https:\/\/www.franckdeville.fr\/es\/categoria-de-cartera\/macarrones-de-azucar-sucio\/\">Macarrones dulces y salados<\/a>\n\t\t\t\t\t<\/div>\n\t\n                    \n                                    <\/div>\n            <\/div>\n        <\/div>\n    <\/div>\n<\/div>\n\t\t<a itemprop=\"url\" class=\"mkdf-pli-link mkdf-block-drag-link\" href=\"https:\/\/www.franckdeville.fr\/es\/elemento-de-cartera\/doignon-de-higo-y-compota\/\" target=\"_self\"><\/a>\n\t<\/div>\n<\/article><article class=\"mkdf-pl-item mkdf-item-space  post-4502 portfolio-item type-portfolio-item status-publish has-post-thumbnail hentry portfolio-category-macarons-sucres-sales\">\n\t<div class=\"mkdf-pl-item-inner\">\n\t\t<div class=\"mkdf-pli-image\">\n\t<img loading=\"lazy\" decoding=\"async\" width=\"800\" height=\"800\" src=\"https:\/\/www.franckdeville.fr\/wp-content\/uploads\/2024\/07\/foie-gras.jpg\" class=\"attachment-full size-full wp-post-image\" alt=\"Foie gras\" srcset=\"https:\/\/www.franckdeville.fr\/wp-content\/uploads\/2024\/07\/foie-gras.jpg 800w, https:\/\/www.franckdeville.fr\/wp-content\/uploads\/2024\/07\/foie-gras-300x300.jpg 300w, https:\/\/www.franckdeville.fr\/wp-content\/uploads\/2024\/07\/foie-gras-150x150.jpg 150w, https:\/\/www.franckdeville.fr\/wp-content\/uploads\/2024\/07\/foie-gras-768x768.jpg 768w, https:\/\/www.franckdeville.fr\/wp-content\/uploads\/2024\/07\/foie-gras-650x650.jpg 650w\" sizes=\"auto, (max-width: 800px) 100vw, 800px\" \/><\/div>\n<div class=\"mkdf-pli-text-holder\">\n    <div class=\"mkdf-pli-text-wrapper\">\n        <div class=\"mkdf-pli-text\">\n            <div class=\"mkdf-pli-text-inner\">\n                <div class=\"mkdf-pli-content\">\n                    \t<h5 itemprop=\"name\" class=\"mkdf-pli-title entry-title\" >\n\t\tFoie gras con chocolate\t<\/h5>\n\n                    \t\t<div class=\"mkdf-pli-category-holder\">\n\t\t\t\t\t\t\t<a itemprop=\"url\" class=\"mkdf-pli-category\" href=\"https:\/\/www.franckdeville.fr\/es\/categoria-de-cartera\/macarrones-de-azucar-sucio\/\">Macarrones dulces y salados<\/a>\n\t\t\t\t\t<\/div>\n\t\n                    \n                                    <\/div>\n            <\/div>\n        <\/div>\n    <\/div>\n<\/div>\n\t\t<a itemprop=\"url\" class=\"mkdf-pli-link mkdf-block-drag-link\" href=\"https:\/\/www.franckdeville.fr\/es\/elemento-de-cartera\/foie-gras\/\" target=\"_self\"><\/a>\n\t<\/div>\n<\/article><article class=\"mkdf-pl-item mkdf-item-space  post-4503 portfolio-item type-portfolio-item status-publish has-post-thumbnail hentry portfolio-category-macarons-sucres-sales\">\n\t<div class=\"mkdf-pl-item-inner\">\n\t\t<div class=\"mkdf-pli-image\">\n\t<img loading=\"lazy\" decoding=\"async\" width=\"800\" height=\"800\" src=\"https:\/\/www.franckdeville.fr\/wp-content\/uploads\/2024\/07\/fromage-de-chevre-1.jpg\" class=\"attachment-full size-full wp-post-image\" alt=\"Fromage de chevre\" srcset=\"https:\/\/www.franckdeville.fr\/wp-content\/uploads\/2024\/07\/fromage-de-chevre-1.jpg 800w, https:\/\/www.franckdeville.fr\/wp-content\/uploads\/2024\/07\/fromage-de-chevre-1-300x300.jpg 300w, https:\/\/www.franckdeville.fr\/wp-content\/uploads\/2024\/07\/fromage-de-chevre-1-150x150.jpg 150w, https:\/\/www.franckdeville.fr\/wp-content\/uploads\/2024\/07\/fromage-de-chevre-1-768x768.jpg 768w, https:\/\/www.franckdeville.fr\/wp-content\/uploads\/2024\/07\/fromage-de-chevre-1-650x650.jpg 650w\" sizes=\"auto, (max-width: 800px) 100vw, 800px\" \/><\/div>\n<div class=\"mkdf-pli-text-holder\">\n    <div class=\"mkdf-pli-text-wrapper\">\n        <div class=\"mkdf-pli-text\">\n            <div class=\"mkdf-pli-text-inner\">\n                <div class=\"mkdf-pli-content\">\n                    \t<h5 itemprop=\"name\" class=\"mkdf-pli-title entry-title\" >\n\t\tQueso de cabra al piment\u00f3n de Espelette\t<\/h5>\n\n                    \t\t<div class=\"mkdf-pli-category-holder\">\n\t\t\t\t\t\t\t<a itemprop=\"url\" class=\"mkdf-pli-category\" href=\"https:\/\/www.franckdeville.fr\/es\/categoria-de-cartera\/macarrones-de-azucar-sucio\/\">Macarrones dulces y salados<\/a>\n\t\t\t\t\t<\/div>\n\t\n                    \n                                    <\/div>\n            <\/div>\n        <\/div>\n    <\/div>\n<\/div>\n\t\t<a itemprop=\"url\" class=\"mkdf-pli-link mkdf-block-drag-link\" href=\"https:\/\/www.franckdeville.fr\/es\/elemento-de-cartera\/queso-de-cabra-con-pimienta-despelette\/\" target=\"_self\"><\/a>\n\t<\/div>\n<\/article><article class=\"mkdf-pl-item mkdf-item-space  post-4504 portfolio-item type-portfolio-item status-publish has-post-thumbnail hentry portfolio-category-macarons-sucres-sales\">\n\t<div class=\"mkdf-pl-item-inner\">\n\t\t<div class=\"mkdf-pli-image\">\n\t<img loading=\"lazy\" decoding=\"async\" width=\"800\" height=\"800\" src=\"https:\/\/www.franckdeville.fr\/wp-content\/uploads\/2024\/07\/roquefort-1.jpg\" class=\"attachment-full size-full wp-post-image\" alt=\"Roquefort\" srcset=\"https:\/\/www.franckdeville.fr\/wp-content\/uploads\/2024\/07\/roquefort-1.jpg 800w, https:\/\/www.franckdeville.fr\/wp-content\/uploads\/2024\/07\/roquefort-1-300x300.jpg 300w, https:\/\/www.franckdeville.fr\/wp-content\/uploads\/2024\/07\/roquefort-1-150x150.jpg 150w, https:\/\/www.franckdeville.fr\/wp-content\/uploads\/2024\/07\/roquefort-1-768x768.jpg 768w, https:\/\/www.franckdeville.fr\/wp-content\/uploads\/2024\/07\/roquefort-1-650x650.jpg 650w\" sizes=\"auto, (max-width: 800px) 100vw, 800px\" \/><\/div>\n<div class=\"mkdf-pli-text-holder\">\n    <div class=\"mkdf-pli-text-wrapper\">\n        <div class=\"mkdf-pli-text\">\n            <div class=\"mkdf-pli-text-inner\">\n                <div class=\"mkdf-pli-content\">\n                    \t<h5 itemprop=\"name\" class=\"mkdf-pli-title entry-title\" >\n\t\tRoquefort\t<\/h5>\n\n                    \t\t<div class=\"mkdf-pli-category-holder\">\n\t\t\t\t\t\t\t<a itemprop=\"url\" class=\"mkdf-pli-category\" href=\"https:\/\/www.franckdeville.fr\/es\/categoria-de-cartera\/macarrones-de-azucar-sucio\/\">Macarrones dulces y salados<\/a>\n\t\t\t\t\t<\/div>\n\t\n                    \n                                    <\/div>\n            <\/div>\n        <\/div>\n    <\/div>\n<\/div>\n\t\t<a itemprop=\"url\" class=\"mkdf-pli-link mkdf-block-drag-link\" href=\"https:\/\/www.franckdeville.fr\/es\/elemento-de-cartera\/roquefort\/\" target=\"_self\"><\/a>\n\t<\/div>\n<\/article><article class=\"mkdf-pl-item mkdf-item-space  post-4505 portfolio-item type-portfolio-item status-publish has-post-thumbnail hentry portfolio-category-macarons-sucres-sales\">\n\t<div class=\"mkdf-pl-item-inner\">\n\t\t<div class=\"mkdf-pli-image\">\n\t<img loading=\"lazy\" decoding=\"async\" width=\"800\" height=\"800\" src=\"https:\/\/www.franckdeville.fr\/wp-content\/uploads\/2024\/07\/tapenade-1.jpg\" class=\"attachment-full size-full wp-post-image\" alt=\"Tapenade\" srcset=\"https:\/\/www.franckdeville.fr\/wp-content\/uploads\/2024\/07\/tapenade-1.jpg 800w, https:\/\/www.franckdeville.fr\/wp-content\/uploads\/2024\/07\/tapenade-1-300x300.jpg 300w, https:\/\/www.franckdeville.fr\/wp-content\/uploads\/2024\/07\/tapenade-1-150x150.jpg 150w, https:\/\/www.franckdeville.fr\/wp-content\/uploads\/2024\/07\/tapenade-1-768x768.jpg 768w, https:\/\/www.franckdeville.fr\/wp-content\/uploads\/2024\/07\/tapenade-1-650x650.jpg 650w\" sizes=\"auto, (max-width: 800px) 100vw, 800px\" \/><\/div>\n<div class=\"mkdf-pli-text-holder\">\n    <div class=\"mkdf-pli-text-wrapper\">\n        <div class=\"mkdf-pli-text\">\n            <div class=\"mkdf-pli-text-inner\">\n                <div class=\"mkdf-pli-content\">\n                    \t<h5 itemprop=\"name\" class=\"mkdf-pli-title entry-title\" >\n\t\tTapenade de aceitunas verdes\t<\/h5>\n\n                    \t\t<div class=\"mkdf-pli-category-holder\">\n\t\t\t\t\t\t\t<a itemprop=\"url\" class=\"mkdf-pli-category\" href=\"https:\/\/www.franckdeville.fr\/es\/categoria-de-cartera\/macarrones-de-azucar-sucio\/\">Macarrones dulces y salados<\/a>\n\t\t\t\t\t<\/div>\n\t\n                    \n                                    <\/div>\n            <\/div>\n        <\/div>\n    <\/div>\n<\/div>\n\t\t<a itemprop=\"url\" class=\"mkdf-pli-link mkdf-block-drag-link\" href=\"https:\/\/www.franckdeville.fr\/es\/elemento-de-cartera\/tapenade-de-aceitunas-verdes\/\" target=\"_self\"><\/a>\n\t<\/div>\n<\/article><article class=\"mkdf-pl-item mkdf-item-space  post-4506 portfolio-item type-portfolio-item status-publish has-post-thumbnail hentry portfolio-category-macarons-sucres-sales\">\n\t<div class=\"mkdf-pl-item-inner\">\n\t\t<div class=\"mkdf-pli-image\">\n\t<img loading=\"lazy\" decoding=\"async\" width=\"800\" height=\"800\" src=\"https:\/\/www.franckdeville.fr\/wp-content\/uploads\/2024\/07\/thym-origan-1.jpg\" class=\"attachment-full size-full wp-post-image\" alt=\"Thym origan\" srcset=\"https:\/\/www.franckdeville.fr\/wp-content\/uploads\/2024\/07\/thym-origan-1.jpg 800w, https:\/\/www.franckdeville.fr\/wp-content\/uploads\/2024\/07\/thym-origan-1-300x300.jpg 300w, https:\/\/www.franckdeville.fr\/wp-content\/uploads\/2024\/07\/thym-origan-1-150x150.jpg 150w, https:\/\/www.franckdeville.fr\/wp-content\/uploads\/2024\/07\/thym-origan-1-768x768.jpg 768w, https:\/\/www.franckdeville.fr\/wp-content\/uploads\/2024\/07\/thym-origan-1-650x650.jpg 650w\" sizes=\"auto, (max-width: 800px) 100vw, 800px\" \/><\/div>\n<div class=\"mkdf-pli-text-holder\">\n    <div class=\"mkdf-pli-text-wrapper\">\n        <div class=\"mkdf-pli-text\">\n            <div class=\"mkdf-pli-text-inner\">\n                <div class=\"mkdf-pli-content\">\n                    \t<h5 itemprop=\"name\" class=\"mkdf-pli-title entry-title\" >\n\t\tTomillo y or\u00e9gano\t<\/h5>\n\n                    \t\t<div class=\"mkdf-pli-category-holder\">\n\t\t\t\t\t\t\t<a itemprop=\"url\" class=\"mkdf-pli-category\" href=\"https:\/\/www.franckdeville.fr\/es\/categoria-de-cartera\/macarrones-de-azucar-sucio\/\">Macarrones dulces y salados<\/a>\n\t\t\t\t\t<\/div>\n\t\n                    \n                                    <\/div>\n            <\/div>\n        <\/div>\n    <\/div>\n<\/div>\n\t\t<a itemprop=\"url\" class=\"mkdf-pli-link mkdf-block-drag-link\" href=\"https:\/\/www.franckdeville.fr\/es\/elemento-de-cartera\/tomillo-y-oregano\/\" target=\"_self\"><\/a>\n\t<\/div>\n<\/article><article class=\"mkdf-pl-item mkdf-item-space  post-4507 portfolio-item type-portfolio-item status-publish has-post-thumbnail hentry portfolio-category-macarons-sucres-sales\">\n\t<div class=\"mkdf-pl-item-inner\">\n\t\t<div class=\"mkdf-pli-image\">\n\t<img loading=\"lazy\" decoding=\"async\" width=\"800\" height=\"800\" src=\"https:\/\/www.franckdeville.fr\/wp-content\/uploads\/2024\/07\/tomate-basilic.jpg\" class=\"attachment-full size-full wp-post-image\" alt=\"Tomate albahaca\" srcset=\"https:\/\/www.franckdeville.fr\/wp-content\/uploads\/2024\/07\/tomate-basilic.jpg 800w, https:\/\/www.franckdeville.fr\/wp-content\/uploads\/2024\/07\/tomate-basilic-300x300.jpg 300w, https:\/\/www.franckdeville.fr\/wp-content\/uploads\/2024\/07\/tomate-basilic-150x150.jpg 150w, https:\/\/www.franckdeville.fr\/wp-content\/uploads\/2024\/07\/tomate-basilic-768x768.jpg 768w, https:\/\/www.franckdeville.fr\/wp-content\/uploads\/2024\/07\/tomate-basilic-650x650.jpg 650w\" sizes=\"auto, (max-width: 800px) 100vw, 800px\" \/><\/div>\n<div class=\"mkdf-pli-text-holder\">\n    <div class=\"mkdf-pli-text-wrapper\">\n        <div class=\"mkdf-pli-text\">\n            <div class=\"mkdf-pli-text-inner\">\n                <div class=\"mkdf-pli-content\">\n                    \t<h5 itemprop=\"name\" class=\"mkdf-pli-title entry-title\" >\n\t\tTomate albahaca\t<\/h5>\n\n                    \t\t<div class=\"mkdf-pli-category-holder\">\n\t\t\t\t\t\t\t<a itemprop=\"url\" class=\"mkdf-pli-category\" href=\"https:\/\/www.franckdeville.fr\/es\/categoria-de-cartera\/macarrones-de-azucar-sucio\/\">Macarrones dulces y salados<\/a>\n\t\t\t\t\t<\/div>\n\t\n                    \n                                    <\/div>\n            <\/div>\n        <\/div>\n    <\/div>\n<\/div>\n\t\t<a itemprop=\"url\" class=\"mkdf-pli-link mkdf-block-drag-link\" href=\"https:\/\/www.franckdeville.fr\/es\/elemento-de-cartera\/tomate-albahaca\/\" target=\"_self\"><\/a>\n\t<\/div>\n<\/article><article class=\"mkdf-pl-item mkdf-item-space  post-4508 portfolio-item type-portfolio-item status-publish has-post-thumbnail hentry portfolio-category-macarons-sucres-sales\">\n\t<div class=\"mkdf-pl-item-inner\">\n\t\t<div class=\"mkdf-pli-image\">\n\t<img loading=\"lazy\" decoding=\"async\" width=\"800\" height=\"800\" src=\"https:\/\/www.franckdeville.fr\/wp-content\/uploads\/2024\/07\/truffe-1.jpg\" class=\"attachment-full size-full wp-post-image\" alt=\"Trufa\" srcset=\"https:\/\/www.franckdeville.fr\/wp-content\/uploads\/2024\/07\/truffe-1.jpg 800w, https:\/\/www.franckdeville.fr\/wp-content\/uploads\/2024\/07\/truffe-1-300x300.jpg 300w, https:\/\/www.franckdeville.fr\/wp-content\/uploads\/2024\/07\/truffe-1-150x150.jpg 150w, https:\/\/www.franckdeville.fr\/wp-content\/uploads\/2024\/07\/truffe-1-768x768.jpg 768w, https:\/\/www.franckdeville.fr\/wp-content\/uploads\/2024\/07\/truffe-1-650x650.jpg 650w\" sizes=\"auto, (max-width: 800px) 100vw, 800px\" \/><\/div>\n<div class=\"mkdf-pli-text-holder\">\n    <div class=\"mkdf-pli-text-wrapper\">\n        <div class=\"mkdf-pli-text\">\n            <div class=\"mkdf-pli-text-inner\">\n                <div class=\"mkdf-pli-content\">\n                    \t<h5 itemprop=\"name\" class=\"mkdf-pli-title entry-title\" >\n\t\tTrufa\t<\/h5>\n\n                    \t\t<div class=\"mkdf-pli-category-holder\">\n\t\t\t\t\t\t\t<a itemprop=\"url\" class=\"mkdf-pli-category\" href=\"https:\/\/www.franckdeville.fr\/es\/categoria-de-cartera\/macarrones-de-azucar-sucio\/\">Macarrones dulces y salados<\/a>\n\t\t\t\t\t<\/div>\n\t\n                    \n                                    <\/div>\n            <\/div>\n        <\/div>\n    <\/div>\n<\/div>\n\t\t<a itemprop=\"url\" class=\"mkdf-pli-link mkdf-block-drag-link\" href=\"https:\/\/www.franckdeville.fr\/es\/elemento-de-cartera\/trufa\/\" target=\"_self\"><\/a>\n\t<\/div>\n<\/article><article class=\"mkdf-pl-item mkdf-item-space  post-4517 portfolio-item type-portfolio-item status-publish has-post-thumbnail hentry portfolio-category-macarons-cocktail\">\n\t<div class=\"mkdf-pl-item-inner\">\n\t\t<div class=\"mkdf-pli-image\">\n\t<img loading=\"lazy\" decoding=\"async\" width=\"800\" height=\"800\" src=\"https:\/\/www.franckdeville.fr\/wp-content\/uploads\/2024\/07\/cocoz-1.jpg\" class=\"attachment-full size-full wp-post-image\" alt=\"Cocoz\" srcset=\"https:\/\/www.franckdeville.fr\/wp-content\/uploads\/2024\/07\/cocoz-1.jpg 800w, https:\/\/www.franckdeville.fr\/wp-content\/uploads\/2024\/07\/cocoz-1-300x300.jpg 300w, https:\/\/www.franckdeville.fr\/wp-content\/uploads\/2024\/07\/cocoz-1-150x150.jpg 150w, https:\/\/www.franckdeville.fr\/wp-content\/uploads\/2024\/07\/cocoz-1-768x768.jpg 768w, https:\/\/www.franckdeville.fr\/wp-content\/uploads\/2024\/07\/cocoz-1-650x650.jpg 650w\" sizes=\"auto, (max-width: 800px) 100vw, 800px\" \/><\/div>\n<div class=\"mkdf-pli-text-holder\">\n    <div class=\"mkdf-pli-text-wrapper\">\n        <div class=\"mkdf-pli-text\">\n            <div class=\"mkdf-pli-text-inner\">\n                <div class=\"mkdf-pli-content\">\n                    \t<h5 itemprop=\"name\" class=\"mkdf-pli-title entry-title\" >\n\t\tCoco Z\t<\/h5>\n\n                    \t\t<div class=\"mkdf-pli-category-holder\">\n\t\t\t\t\t\t\t<a itemprop=\"url\" class=\"mkdf-pli-category\" href=\"https:\/\/www.franckdeville.fr\/es\/categoria-de-cartera\/macarrones-de-coctel\/\">Macarrones de c\u00f3ctel sin alcohol<\/a>\n\t\t\t\t\t<\/div>\n\t\n                    \n                                    <\/div>\n            <\/div>\n        <\/div>\n    <\/div>\n<\/div>\n\t\t<a itemprop=\"url\" class=\"mkdf-pli-link mkdf-block-drag-link\" href=\"https:\/\/www.franckdeville.fr\/es\/elemento-de-cartera\/coco-z\/\" target=\"_self\"><\/a>\n\t<\/div>\n<\/article><article class=\"mkdf-pl-item mkdf-item-space  post-4528 portfolio-item type-portfolio-item status-publish has-post-thumbnail hentry portfolio-category-macarons-cocktail\">\n\t<div class=\"mkdf-pl-item-inner\">\n\t\t<div class=\"mkdf-pli-image\">\n\t<img loading=\"lazy\" decoding=\"async\" width=\"800\" height=\"800\" src=\"https:\/\/www.franckdeville.fr\/wp-content\/uploads\/2024\/09\/litchi-bikini.jpg\" class=\"attachment-full size-full wp-post-image\" alt=\"Litchi bikini\" srcset=\"https:\/\/www.franckdeville.fr\/wp-content\/uploads\/2024\/09\/litchi-bikini.jpg 800w, https:\/\/www.franckdeville.fr\/wp-content\/uploads\/2024\/09\/litchi-bikini-300x300.jpg 300w, https:\/\/www.franckdeville.fr\/wp-content\/uploads\/2024\/09\/litchi-bikini-150x150.jpg 150w, https:\/\/www.franckdeville.fr\/wp-content\/uploads\/2024\/09\/litchi-bikini-768x768.jpg 768w, https:\/\/www.franckdeville.fr\/wp-content\/uploads\/2024\/09\/litchi-bikini-650x650.jpg 650w\" sizes=\"auto, (max-width: 800px) 100vw, 800px\" \/><\/div>\n<div class=\"mkdf-pli-text-holder\">\n    <div class=\"mkdf-pli-text-wrapper\">\n        <div class=\"mkdf-pli-text\">\n            <div class=\"mkdf-pli-text-inner\">\n                <div class=\"mkdf-pli-content\">\n                    \t<h5 itemprop=\"name\" class=\"mkdf-pli-title entry-title\" >\n\t\tBikini Litchi\t<\/h5>\n\n                    \t\t<div class=\"mkdf-pli-category-holder\">\n\t\t\t\t\t\t\t<a itemprop=\"url\" class=\"mkdf-pli-category\" href=\"https:\/\/www.franckdeville.fr\/es\/categoria-de-cartera\/macarrones-de-coctel\/\">Macarrones de c\u00f3ctel sin alcohol<\/a>\n\t\t\t\t\t<\/div>\n\t\n                    \n                                    <\/div>\n            <\/div>\n        <\/div>\n    <\/div>\n<\/div>\n\t\t<a itemprop=\"url\" class=\"mkdf-pli-link mkdf-block-drag-link\" href=\"https:\/\/www.franckdeville.fr\/es\/elemento-de-cartera\/bikini-lichi\/\" target=\"_self\"><\/a>\n\t<\/div>\n<\/article><article class=\"mkdf-pl-item mkdf-item-space  post-4529 portfolio-item type-portfolio-item status-publish has-post-thumbnail hentry portfolio-category-macarons-cocktail\">\n\t<div class=\"mkdf-pl-item-inner\">\n\t\t<div class=\"mkdf-pli-image\">\n\t<img loading=\"lazy\" decoding=\"async\" width=\"800\" height=\"800\" src=\"https:\/\/www.franckdeville.fr\/wp-content\/uploads\/2024\/07\/mojito-fraise.jpg\" class=\"attachment-full size-full wp-post-image\" alt=\"Mojito fraise\" srcset=\"https:\/\/www.franckdeville.fr\/wp-content\/uploads\/2024\/07\/mojito-fraise.jpg 800w, https:\/\/www.franckdeville.fr\/wp-content\/uploads\/2024\/07\/mojito-fraise-300x300.jpg 300w, https:\/\/www.franckdeville.fr\/wp-content\/uploads\/2024\/07\/mojito-fraise-150x150.jpg 150w, https:\/\/www.franckdeville.fr\/wp-content\/uploads\/2024\/07\/mojito-fraise-768x768.jpg 768w, https:\/\/www.franckdeville.fr\/wp-content\/uploads\/2024\/07\/mojito-fraise-650x650.jpg 650w\" sizes=\"auto, (max-width: 800px) 100vw, 800px\" \/><\/div>\n<div class=\"mkdf-pli-text-holder\">\n    <div class=\"mkdf-pli-text-wrapper\">\n        <div class=\"mkdf-pli-text\">\n            <div class=\"mkdf-pli-text-inner\">\n                <div class=\"mkdf-pli-content\">\n                    \t<h5 itemprop=\"name\" class=\"mkdf-pli-title entry-title\" >\n\t\tMojito de fresa\t<\/h5>\n\n                    \t\t<div class=\"mkdf-pli-category-holder\">\n\t\t\t\t\t\t\t<a itemprop=\"url\" class=\"mkdf-pli-category\" href=\"https:\/\/www.franckdeville.fr\/es\/categoria-de-cartera\/macarrones-de-coctel\/\">Macarrones de c\u00f3ctel sin alcohol<\/a>\n\t\t\t\t\t<\/div>\n\t\n                    \n                                    <\/div>\n            <\/div>\n        <\/div>\n    <\/div>\n<\/div>\n\t\t<a itemprop=\"url\" class=\"mkdf-pli-link mkdf-block-drag-link\" href=\"https:\/\/www.franckdeville.fr\/es\/elemento-de-cartera\/mojito-de-fresa\/\" target=\"_self\"><\/a>\n\t<\/div>\n<\/article><article class=\"mkdf-pl-item mkdf-item-space  post-4530 portfolio-item type-portfolio-item status-publish has-post-thumbnail hentry portfolio-category-macarons-cocktail\">\n\t<div class=\"mkdf-pl-item-inner\">\n\t\t<div class=\"mkdf-pli-image\">\n\t<img loading=\"lazy\" decoding=\"async\" width=\"800\" height=\"800\" src=\"https:\/\/www.franckdeville.fr\/wp-content\/uploads\/2024\/07\/pabana-1.jpg\" class=\"attachment-full size-full wp-post-image\" alt=\"Pabana\" srcset=\"https:\/\/www.franckdeville.fr\/wp-content\/uploads\/2024\/07\/pabana-1.jpg 800w, https:\/\/www.franckdeville.fr\/wp-content\/uploads\/2024\/07\/pabana-1-300x300.jpg 300w, https:\/\/www.franckdeville.fr\/wp-content\/uploads\/2024\/07\/pabana-1-150x150.jpg 150w, https:\/\/www.franckdeville.fr\/wp-content\/uploads\/2024\/07\/pabana-1-768x768.jpg 768w, https:\/\/www.franckdeville.fr\/wp-content\/uploads\/2024\/07\/pabana-1-650x650.jpg 650w\" sizes=\"auto, (max-width: 800px) 100vw, 800px\" \/><\/div>\n<div class=\"mkdf-pli-text-holder\">\n    <div class=\"mkdf-pli-text-wrapper\">\n        <div class=\"mkdf-pli-text\">\n            <div class=\"mkdf-pli-text-inner\">\n                <div class=\"mkdf-pli-content\">\n                    \t<h5 itemprop=\"name\" class=\"mkdf-pli-title entry-title\" >\n\t\tPabana\t<\/h5>\n\n                    \t\t<div class=\"mkdf-pli-category-holder\">\n\t\t\t\t\t\t\t<a itemprop=\"url\" class=\"mkdf-pli-category\" href=\"https:\/\/www.franckdeville.fr\/es\/categoria-de-cartera\/macarrones-de-coctel\/\">Macarrones de c\u00f3ctel sin alcohol<\/a>\n\t\t\t\t\t<\/div>\n\t\n                    \n                                    <\/div>\n            <\/div>\n        <\/div>\n    <\/div>\n<\/div>\n\t\t<a itemprop=\"url\" class=\"mkdf-pli-link mkdf-block-drag-link\" href=\"https:\/\/www.franckdeville.fr\/es\/elemento-de-cartera\/pabana\/\" target=\"_self\"><\/a>\n\t<\/div>\n<\/article><article class=\"mkdf-pl-item mkdf-item-space  post-4531 portfolio-item type-portfolio-item status-publish has-post-thumbnail hentry portfolio-category-macarons-cocktail\">\n\t<div class=\"mkdf-pl-item-inner\">\n\t\t<div class=\"mkdf-pli-image\">\n\t<img loading=\"lazy\" decoding=\"async\" width=\"800\" height=\"800\" src=\"https:\/\/www.franckdeville.fr\/wp-content\/uploads\/2024\/07\/pacificjulep-1.jpg\" class=\"attachment-full size-full wp-post-image\" alt=\"Pacificjulep\" srcset=\"https:\/\/www.franckdeville.fr\/wp-content\/uploads\/2024\/07\/pacificjulep-1.jpg 800w, https:\/\/www.franckdeville.fr\/wp-content\/uploads\/2024\/07\/pacificjulep-1-300x300.jpg 300w, https:\/\/www.franckdeville.fr\/wp-content\/uploads\/2024\/07\/pacificjulep-1-150x150.jpg 150w, https:\/\/www.franckdeville.fr\/wp-content\/uploads\/2024\/07\/pacificjulep-1-768x768.jpg 768w, https:\/\/www.franckdeville.fr\/wp-content\/uploads\/2024\/07\/pacificjulep-1-650x650.jpg 650w\" sizes=\"auto, (max-width: 800px) 100vw, 800px\" \/><\/div>\n<div class=\"mkdf-pli-text-holder\">\n    <div class=\"mkdf-pli-text-wrapper\">\n        <div class=\"mkdf-pli-text\">\n            <div class=\"mkdf-pli-text-inner\">\n                <div class=\"mkdf-pli-content\">\n                    \t<h5 itemprop=\"name\" class=\"mkdf-pli-title entry-title\" >\n\t\tJugo del Pac\u00edfico\t<\/h5>\n\n                    \t\t<div class=\"mkdf-pli-category-holder\">\n\t\t\t\t\t\t\t<a itemprop=\"url\" class=\"mkdf-pli-category\" href=\"https:\/\/www.franckdeville.fr\/es\/categoria-de-cartera\/macarrones-de-coctel\/\">Macarrones de c\u00f3ctel sin alcohol<\/a>\n\t\t\t\t\t<\/div>\n\t\n                    \n                                    <\/div>\n            <\/div>\n        <\/div>\n    <\/div>\n<\/div>\n\t\t<a itemprop=\"url\" class=\"mkdf-pli-link mkdf-block-drag-link\" href=\"https:\/\/www.franckdeville.fr\/es\/elemento-de-cartera\/julepe-del-pacifico\/\" target=\"_self\"><\/a>\n\t<\/div>\n<\/article><article class=\"mkdf-pl-item mkdf-item-space  post-4541 portfolio-item type-portfolio-item status-publish has-post-thumbnail hentry portfolio-category-macarons-enrobes-chocolat\">\n\t<div class=\"mkdf-pl-item-inner\">\n\t\t<div class=\"mkdf-pli-image\">\n\t<img loading=\"lazy\" decoding=\"async\" width=\"1200\" height=\"1200\" src=\"https:\/\/www.franckdeville.fr\/wp-content\/uploads\/2024\/07\/Macaron-caramel-au-beurre-sale-enrobe-de-chocolat-lait.jpg\" class=\"attachment-full size-full wp-post-image\" alt=\"\" srcset=\"https:\/\/www.franckdeville.fr\/wp-content\/uploads\/2024\/07\/Macaron-caramel-au-beurre-sale-enrobe-de-chocolat-lait.jpg 1200w, https:\/\/www.franckdeville.fr\/wp-content\/uploads\/2024\/07\/Macaron-caramel-au-beurre-sale-enrobe-de-chocolat-lait-300x300.jpg 300w, https:\/\/www.franckdeville.fr\/wp-content\/uploads\/2024\/07\/Macaron-caramel-au-beurre-sale-enrobe-de-chocolat-lait-1024x1024.jpg 1024w, https:\/\/www.franckdeville.fr\/wp-content\/uploads\/2024\/07\/Macaron-caramel-au-beurre-sale-enrobe-de-chocolat-lait-150x150.jpg 150w, https:\/\/www.franckdeville.fr\/wp-content\/uploads\/2024\/07\/Macaron-caramel-au-beurre-sale-enrobe-de-chocolat-lait-768x768.jpg 768w, https:\/\/www.franckdeville.fr\/wp-content\/uploads\/2024\/07\/Macaron-caramel-au-beurre-sale-enrobe-de-chocolat-lait-650x650.jpg 650w\" sizes=\"auto, (max-width: 1200px) 100vw, 1200px\" \/><\/div>\n<div class=\"mkdf-pli-text-holder\">\n    <div class=\"mkdf-pli-text-wrapper\">\n        <div class=\"mkdf-pli-text\">\n            <div class=\"mkdf-pli-text-inner\">\n                <div class=\"mkdf-pli-content\">\n                    \t<h5 itemprop=\"name\" class=\"mkdf-pli-title entry-title\" >\n\t\tCaramelo de mantequilla salada recubierto de chocolate con leche\t<\/h5>\n\n                    \t\t<div class=\"mkdf-pli-category-holder\">\n\t\t\t\t\t\t\t<a itemprop=\"url\" class=\"mkdf-pli-category\" href=\"https:\/\/www.franckdeville.fr\/es\/categoria-de-cartera\/macarrones-recubiertos-de-chocolate\/\">Macarrones cubiertos de chocolate<\/a>\n\t\t\t\t\t<\/div>\n\t\n                    \n                                    <\/div>\n            <\/div>\n        <\/div>\n    <\/div>\n<\/div>\n\t\t<a itemprop=\"url\" class=\"mkdf-pli-link mkdf-block-drag-link\" href=\"https:\/\/www.franckdeville.fr\/es\/elemento-de-cartera\/macaron-de-caramelo-con-cobertura-de-mantequilla-salada-y-chocolate-con-leche\/\" target=\"_self\"><\/a>\n\t<\/div>\n<\/article><article class=\"mkdf-pl-item mkdf-item-space  post-4546 portfolio-item type-portfolio-item status-publish has-post-thumbnail hentry portfolio-category-macarons-enrobes-chocolat\">\n\t<div class=\"mkdf-pl-item-inner\">\n\t\t<div class=\"mkdf-pli-image\">\n\t<img loading=\"lazy\" decoding=\"async\" width=\"1200\" height=\"1200\" src=\"https:\/\/www.franckdeville.fr\/wp-content\/uploads\/2024\/07\/Macaron-chocolat-enrobe-de-chocolat-noir.jpg\" class=\"attachment-full size-full wp-post-image\" alt=\"Macaron chocolat enrob\u00e9 de chocolat noir\" srcset=\"https:\/\/www.franckdeville.fr\/wp-content\/uploads\/2024\/07\/Macaron-chocolat-enrobe-de-chocolat-noir.jpg 1200w, https:\/\/www.franckdeville.fr\/wp-content\/uploads\/2024\/07\/Macaron-chocolat-enrobe-de-chocolat-noir-300x300.jpg 300w, https:\/\/www.franckdeville.fr\/wp-content\/uploads\/2024\/07\/Macaron-chocolat-enrobe-de-chocolat-noir-1024x1024.jpg 1024w, https:\/\/www.franckdeville.fr\/wp-content\/uploads\/2024\/07\/Macaron-chocolat-enrobe-de-chocolat-noir-150x150.jpg 150w, https:\/\/www.franckdeville.fr\/wp-content\/uploads\/2024\/07\/Macaron-chocolat-enrobe-de-chocolat-noir-768x768.jpg 768w, https:\/\/www.franckdeville.fr\/wp-content\/uploads\/2024\/07\/Macaron-chocolat-enrobe-de-chocolat-noir-650x650.jpg 650w\" sizes=\"auto, (max-width: 1200px) 100vw, 1200px\" \/><\/div>\n<div class=\"mkdf-pli-text-holder\">\n    <div class=\"mkdf-pli-text-wrapper\">\n        <div class=\"mkdf-pli-text\">\n            <div class=\"mkdf-pli-text-inner\">\n                <div class=\"mkdf-pli-content\">\n                    \t<h5 itemprop=\"name\" class=\"mkdf-pli-title entry-title\" >\n\t\tCobertura de chocolate negro\t<\/h5>\n\n                    \t\t<div class=\"mkdf-pli-category-holder\">\n\t\t\t\t\t\t\t<a itemprop=\"url\" class=\"mkdf-pli-category\" href=\"https:\/\/www.franckdeville.fr\/es\/categoria-de-cartera\/macarrones-recubiertos-de-chocolate\/\">Macarrones cubiertos de chocolate<\/a>\n\t\t\t\t\t<\/div>\n\t\n                    \n                                    <\/div>\n            <\/div>\n        <\/div>\n    <\/div>\n<\/div>\n\t\t<a itemprop=\"url\" class=\"mkdf-pli-link mkdf-block-drag-link\" href=\"https:\/\/www.franckdeville.fr\/es\/elemento-de-cartera\/macarrones-de-chocolate-negro\/\" target=\"_self\"><\/a>\n\t<\/div>\n<\/article><article class=\"mkdf-pl-item mkdf-item-space  post-4547 portfolio-item type-portfolio-item status-publish has-post-thumbnail hentry portfolio-category-macarons-enrobes-chocolat\">\n\t<div class=\"mkdf-pl-item-inner\">\n\t\t<div class=\"mkdf-pli-image\">\n\t<img loading=\"lazy\" decoding=\"async\" width=\"1200\" height=\"1200\" src=\"https:\/\/www.franckdeville.fr\/wp-content\/uploads\/2024\/07\/Macaron-noix-de-coco-enrobe-chocolat-noir.jpg\" class=\"attachment-full size-full wp-post-image\" alt=\"\" srcset=\"https:\/\/www.franckdeville.fr\/wp-content\/uploads\/2024\/07\/Macaron-noix-de-coco-enrobe-chocolat-noir.jpg 1200w, https:\/\/www.franckdeville.fr\/wp-content\/uploads\/2024\/07\/Macaron-noix-de-coco-enrobe-chocolat-noir-300x300.jpg 300w, https:\/\/www.franckdeville.fr\/wp-content\/uploads\/2024\/07\/Macaron-noix-de-coco-enrobe-chocolat-noir-1024x1024.jpg 1024w, https:\/\/www.franckdeville.fr\/wp-content\/uploads\/2024\/07\/Macaron-noix-de-coco-enrobe-chocolat-noir-150x150.jpg 150w, https:\/\/www.franckdeville.fr\/wp-content\/uploads\/2024\/07\/Macaron-noix-de-coco-enrobe-chocolat-noir-768x768.jpg 768w, https:\/\/www.franckdeville.fr\/wp-content\/uploads\/2024\/07\/Macaron-noix-de-coco-enrobe-chocolat-noir-650x650.jpg 650w\" sizes=\"auto, (max-width: 1200px) 100vw, 1200px\" \/><\/div>\n<div class=\"mkdf-pli-text-holder\">\n    <div class=\"mkdf-pli-text-wrapper\">\n        <div class=\"mkdf-pli-text\">\n            <div class=\"mkdf-pli-text-inner\">\n                <div class=\"mkdf-pli-content\">\n                    \t<h5 itemprop=\"name\" class=\"mkdf-pli-title entry-title\" >\n\t\tCoco recubierto de chocolate negro\t<\/h5>\n\n                    \t\t<div class=\"mkdf-pli-category-holder\">\n\t\t\t\t\t\t\t<a itemprop=\"url\" class=\"mkdf-pli-category\" href=\"https:\/\/www.franckdeville.fr\/es\/categoria-de-cartera\/macarrones-recubiertos-de-chocolate\/\">Macarrones cubiertos de chocolate<\/a>\n\t\t\t\t\t<\/div>\n\t\n                    \n                                    <\/div>\n            <\/div>\n        <\/div>\n    <\/div>\n<\/div>\n\t\t<a itemprop=\"url\" class=\"mkdf-pli-link mkdf-block-drag-link\" href=\"https:\/\/www.franckdeville.fr\/es\/elemento-de-cartera\/macarron-de-coco-recubierto-de-chocolate-negro\/\" target=\"_self\"><\/a>\n\t<\/div>\n<\/article><article class=\"mkdf-pl-item mkdf-item-space  post-4548 portfolio-item type-portfolio-item status-publish has-post-thumbnail hentry portfolio-category-macarons-enrobes-chocolat\">\n\t<div class=\"mkdf-pl-item-inner\">\n\t\t<div class=\"mkdf-pli-image\">\n\t<img loading=\"lazy\" decoding=\"async\" width=\"2560\" height=\"2560\" src=\"https:\/\/www.franckdeville.fr\/wp-content\/uploads\/2024\/07\/Macaron-vanille-enrobe-de-chocolat-blanc-scaled.jpg\" class=\"attachment-full size-full wp-post-image\" alt=\"Macaron vanille enrob\u00e9 de chocolat blanc\" srcset=\"https:\/\/www.franckdeville.fr\/wp-content\/uploads\/2024\/07\/Macaron-vanille-enrobe-de-chocolat-blanc-scaled.jpg 2560w, https:\/\/www.franckdeville.fr\/wp-content\/uploads\/2024\/07\/Macaron-vanille-enrobe-de-chocolat-blanc-300x300.jpg 300w, https:\/\/www.franckdeville.fr\/wp-content\/uploads\/2024\/07\/Macaron-vanille-enrobe-de-chocolat-blanc-1024x1024.jpg 1024w, https:\/\/www.franckdeville.fr\/wp-content\/uploads\/2024\/07\/Macaron-vanille-enrobe-de-chocolat-blanc-150x150.jpg 150w, https:\/\/www.franckdeville.fr\/wp-content\/uploads\/2024\/07\/Macaron-vanille-enrobe-de-chocolat-blanc-768x768.jpg 768w, https:\/\/www.franckdeville.fr\/wp-content\/uploads\/2024\/07\/Macaron-vanille-enrobe-de-chocolat-blanc-1536x1536.jpg 1536w, https:\/\/www.franckdeville.fr\/wp-content\/uploads\/2024\/07\/Macaron-vanille-enrobe-de-chocolat-blanc-650x650.jpg 650w, https:\/\/www.franckdeville.fr\/wp-content\/uploads\/2024\/07\/Macaron-vanille-enrobe-de-chocolat-blanc-1300x1300.jpg 1300w\" sizes=\"auto, (max-width: 2560px) 100vw, 2560px\" \/><\/div>\n<div class=\"mkdf-pli-text-holder\">\n    <div class=\"mkdf-pli-text-wrapper\">\n        <div class=\"mkdf-pli-text\">\n            <div class=\"mkdf-pli-text-inner\">\n                <div class=\"mkdf-pli-content\">\n                    \t<h5 itemprop=\"name\" class=\"mkdf-pli-title entry-title\" >\n\t\tVainilla recubierta de chocolate blanco\t<\/h5>\n\n                    \t\t<div class=\"mkdf-pli-category-holder\">\n\t\t\t\t\t\t\t<a itemprop=\"url\" class=\"mkdf-pli-category\" href=\"https:\/\/www.franckdeville.fr\/es\/categoria-de-cartera\/macarrones-recubiertos-de-chocolate\/\">Macarrones cubiertos de chocolate<\/a>\n\t\t\t\t\t<\/div>\n\t\n                    \n                                    <\/div>\n            <\/div>\n        <\/div>\n    <\/div>\n<\/div>\n\t\t<a itemprop=\"url\" class=\"mkdf-pli-link mkdf-block-drag-link\" href=\"https:\/\/www.franckdeville.fr\/es\/elemento-de-cartera\/macaron-de-vainilla-recubierto-de-chocolate-blanco\/\" target=\"_self\"><\/a>\n\t<\/div>\n<\/article><article class=\"mkdf-pl-item mkdf-item-space  post-4555 portfolio-item type-portfolio-item status-publish has-post-thumbnail hentry portfolio-category-macarons-ingredients-francais\">\n\t<div class=\"mkdf-pl-item-inner\">\n\t\t<div class=\"mkdf-pli-image\">\n\t<img loading=\"lazy\" decoding=\"async\" width=\"1200\" height=\"1200\" src=\"https:\/\/www.franckdeville.fr\/wp-content\/uploads\/2024\/07\/3-Caramel-b-1.jpg\" class=\"attachment-full size-full wp-post-image\" alt=\"3 Caramel b\" srcset=\"https:\/\/www.franckdeville.fr\/wp-content\/uploads\/2024\/07\/3-Caramel-b-1.jpg 1200w, https:\/\/www.franckdeville.fr\/wp-content\/uploads\/2024\/07\/3-Caramel-b-1-300x300.jpg 300w, https:\/\/www.franckdeville.fr\/wp-content\/uploads\/2024\/07\/3-Caramel-b-1-1024x1024.jpg 1024w, https:\/\/www.franckdeville.fr\/wp-content\/uploads\/2024\/07\/3-Caramel-b-1-150x150.jpg 150w, https:\/\/www.franckdeville.fr\/wp-content\/uploads\/2024\/07\/3-Caramel-b-1-768x768.jpg 768w, https:\/\/www.franckdeville.fr\/wp-content\/uploads\/2024\/07\/3-Caramel-b-1-650x650.jpg 650w\" sizes=\"auto, (max-width: 1200px) 100vw, 1200px\" \/><\/div>\n<div class=\"mkdf-pli-text-holder\">\n    <div class=\"mkdf-pli-text-wrapper\">\n        <div class=\"mkdf-pli-text\">\n            <div class=\"mkdf-pli-text-inner\">\n                <div class=\"mkdf-pli-content\">\n                    \t<h5 itemprop=\"name\" class=\"mkdf-pli-title entry-title\" >\n\t\tCaramelo de mantequilla salada Isigny\t<\/h5>\n\n                    \t\t<div class=\"mkdf-pli-category-holder\">\n\t\t\t\t\t\t\t<a itemprop=\"url\" class=\"mkdf-pli-category\" href=\"https:\/\/www.franckdeville.fr\/es\/categoria-de-cartera\/macarrones-con-ingredientes-franceses\/\">Macarrones con ingredientes franceses<\/a>\n\t\t\t\t\t<\/div>\n\t\n                    \n                                    <\/div>\n            <\/div>\n        <\/div>\n    <\/div>\n<\/div>\n\t\t<a itemprop=\"url\" class=\"mkdf-pli-link mkdf-block-drag-link\" href=\"https:\/\/www.franckdeville.fr\/es\/elemento-de-cartera\/caramelo-beurre-sale-disigny\/\" target=\"_self\"><\/a>\n\t<\/div>\n<\/article><article class=\"mkdf-pl-item mkdf-item-space  post-4561 portfolio-item type-portfolio-item status-publish has-post-thumbnail hentry portfolio-category-macarons-ingredients-francais\">\n\t<div class=\"mkdf-pl-item-inner\">\n\t\t<div class=\"mkdf-pli-image\">\n\t<img loading=\"lazy\" decoding=\"async\" width=\"1200\" height=\"1200\" src=\"https:\/\/www.franckdeville.fr\/wp-content\/uploads\/2024\/07\/4-Cassis-b_AJT3005-.jpg\" class=\"attachment-full size-full wp-post-image\" alt=\"4 Cassis b AJT3005\" srcset=\"https:\/\/www.franckdeville.fr\/wp-content\/uploads\/2024\/07\/4-Cassis-b_AJT3005-.jpg 1200w, https:\/\/www.franckdeville.fr\/wp-content\/uploads\/2024\/07\/4-Cassis-b_AJT3005--300x300.jpg 300w, https:\/\/www.franckdeville.fr\/wp-content\/uploads\/2024\/07\/4-Cassis-b_AJT3005--1024x1024.jpg 1024w, https:\/\/www.franckdeville.fr\/wp-content\/uploads\/2024\/07\/4-Cassis-b_AJT3005--150x150.jpg 150w, https:\/\/www.franckdeville.fr\/wp-content\/uploads\/2024\/07\/4-Cassis-b_AJT3005--768x768.jpg 768w, https:\/\/www.franckdeville.fr\/wp-content\/uploads\/2024\/07\/4-Cassis-b_AJT3005--650x650.jpg 650w\" sizes=\"auto, (max-width: 1200px) 100vw, 1200px\" \/><\/div>\n<div class=\"mkdf-pli-text-holder\">\n    <div class=\"mkdf-pli-text-wrapper\">\n        <div class=\"mkdf-pli-text\">\n            <div class=\"mkdf-pli-text-inner\">\n                <div class=\"mkdf-pli-content\">\n                    \t<h5 itemprop=\"name\" class=\"mkdf-pli-title entry-title\" >\n\t\tGrosella negra de Borgo\u00f1a\t<\/h5>\n\n                    \t\t<div class=\"mkdf-pli-category-holder\">\n\t\t\t\t\t\t\t<a itemprop=\"url\" class=\"mkdf-pli-category\" href=\"https:\/\/www.franckdeville.fr\/es\/categoria-de-cartera\/macarrones-con-ingredientes-franceses\/\">Macarrones con ingredientes franceses<\/a>\n\t\t\t\t\t<\/div>\n\t\n                    \n                                    <\/div>\n            <\/div>\n        <\/div>\n    <\/div>\n<\/div>\n\t\t<a itemprop=\"url\" class=\"mkdf-pli-link mkdf-block-drag-link\" href=\"https:\/\/www.franckdeville.fr\/es\/elemento-de-cartera\/grosella-negra-burdeos\/\" target=\"_self\"><\/a>\n\t<\/div>\n<\/article><article class=\"mkdf-pl-item mkdf-item-space  post-4562 portfolio-item type-portfolio-item status-publish has-post-thumbnail hentry portfolio-category-macarons-ingredients-francais\">\n\t<div class=\"mkdf-pl-item-inner\">\n\t\t<div class=\"mkdf-pli-image\">\n\t<img loading=\"lazy\" decoding=\"async\" width=\"1200\" height=\"1200\" src=\"https:\/\/www.franckdeville.fr\/wp-content\/uploads\/2024\/07\/5-Clementine-de-Corse_AJT3280.jpg\" class=\"attachment-full size-full wp-post-image\" alt=\"5 Clementine de Corse AJT3280\" srcset=\"https:\/\/www.franckdeville.fr\/wp-content\/uploads\/2024\/07\/5-Clementine-de-Corse_AJT3280.jpg 1200w, https:\/\/www.franckdeville.fr\/wp-content\/uploads\/2024\/07\/5-Clementine-de-Corse_AJT3280-300x300.jpg 300w, https:\/\/www.franckdeville.fr\/wp-content\/uploads\/2024\/07\/5-Clementine-de-Corse_AJT3280-1024x1024.jpg 1024w, https:\/\/www.franckdeville.fr\/wp-content\/uploads\/2024\/07\/5-Clementine-de-Corse_AJT3280-150x150.jpg 150w, https:\/\/www.franckdeville.fr\/wp-content\/uploads\/2024\/07\/5-Clementine-de-Corse_AJT3280-768x768.jpg 768w, https:\/\/www.franckdeville.fr\/wp-content\/uploads\/2024\/07\/5-Clementine-de-Corse_AJT3280-650x650.jpg 650w\" sizes=\"auto, (max-width: 1200px) 100vw, 1200px\" \/><\/div>\n<div class=\"mkdf-pli-text-holder\">\n    <div class=\"mkdf-pli-text-wrapper\">\n        <div class=\"mkdf-pli-text\">\n            <div class=\"mkdf-pli-text-inner\">\n                <div class=\"mkdf-pli-content\">\n                    \t<h5 itemprop=\"name\" class=\"mkdf-pli-title entry-title\" >\n\t\tClementina de C\u00f3rcega\t<\/h5>\n\n                    \t\t<div class=\"mkdf-pli-category-holder\">\n\t\t\t\t\t\t\t<a itemprop=\"url\" class=\"mkdf-pli-category\" href=\"https:\/\/www.franckdeville.fr\/es\/categoria-de-cartera\/macarrones-con-ingredientes-franceses\/\">Macarrones con ingredientes franceses<\/a>\n\t\t\t\t\t<\/div>\n\t\n                    \n                                    <\/div>\n            <\/div>\n        <\/div>\n    <\/div>\n<\/div>\n\t\t<a itemprop=\"url\" class=\"mkdf-pli-link mkdf-block-drag-link\" href=\"https:\/\/www.franckdeville.fr\/es\/elemento-de-cartera\/clementina-de-corcega\/\" target=\"_self\"><\/a>\n\t<\/div>\n<\/article><article class=\"mkdf-pl-item mkdf-item-space  post-4563 portfolio-item type-portfolio-item status-publish has-post-thumbnail hentry portfolio-category-macarons-ingredients-francais\">\n\t<div class=\"mkdf-pl-item-inner\">\n\t\t<div class=\"mkdf-pli-image\">\n\t<img loading=\"lazy\" decoding=\"async\" width=\"1200\" height=\"1200\" src=\"https:\/\/www.franckdeville.fr\/wp-content\/uploads\/2024\/07\/Macaron-citron-de-Menton.jpg\" class=\"attachment-full size-full wp-post-image\" alt=\"Macaron citron de Menton\" srcset=\"https:\/\/www.franckdeville.fr\/wp-content\/uploads\/2024\/07\/Macaron-citron-de-Menton.jpg 1200w, https:\/\/www.franckdeville.fr\/wp-content\/uploads\/2024\/07\/Macaron-citron-de-Menton-300x300.jpg 300w, https:\/\/www.franckdeville.fr\/wp-content\/uploads\/2024\/07\/Macaron-citron-de-Menton-1024x1024.jpg 1024w, https:\/\/www.franckdeville.fr\/wp-content\/uploads\/2024\/07\/Macaron-citron-de-Menton-150x150.jpg 150w, https:\/\/www.franckdeville.fr\/wp-content\/uploads\/2024\/07\/Macaron-citron-de-Menton-768x768.jpg 768w, https:\/\/www.franckdeville.fr\/wp-content\/uploads\/2024\/07\/Macaron-citron-de-Menton-650x650.jpg 650w\" sizes=\"auto, (max-width: 1200px) 100vw, 1200px\" \/><\/div>\n<div class=\"mkdf-pli-text-holder\">\n    <div class=\"mkdf-pli-text-wrapper\">\n        <div class=\"mkdf-pli-text\">\n            <div class=\"mkdf-pli-text-inner\">\n                <div class=\"mkdf-pli-content\">\n                    \t<h5 itemprop=\"name\" class=\"mkdf-pli-title entry-title\" >\n\t\tLim\u00f3n de Menton\t<\/h5>\n\n                    \t\t<div class=\"mkdf-pli-category-holder\">\n\t\t\t\t\t\t\t<a itemprop=\"url\" class=\"mkdf-pli-category\" href=\"https:\/\/www.franckdeville.fr\/es\/categoria-de-cartera\/macarrones-con-ingredientes-franceses\/\">Macarrones con ingredientes franceses<\/a>\n\t\t\t\t\t<\/div>\n\t\n                    \n                                    <\/div>\n            <\/div>\n        <\/div>\n    <\/div>\n<\/div>\n\t\t<a itemprop=\"url\" class=\"mkdf-pli-link mkdf-block-drag-link\" href=\"https:\/\/www.franckdeville.fr\/es\/elemento-de-cartera\/limon-barbilla\/\" target=\"_self\"><\/a>\n\t<\/div>\n<\/article><article class=\"mkdf-pl-item mkdf-item-space  post-4564 portfolio-item type-portfolio-item status-publish has-post-thumbnail hentry portfolio-category-macarons-ingredients-francais\">\n\t<div class=\"mkdf-pl-item-inner\">\n\t\t<div class=\"mkdf-pli-image\">\n\t<img loading=\"lazy\" decoding=\"async\" width=\"1200\" height=\"1200\" src=\"https:\/\/www.franckdeville.fr\/wp-content\/uploads\/2024\/07\/Macaron-fraise-Mara-des-bois.jpg\" class=\"attachment-full size-full wp-post-image\" alt=\"Macaron fraise Mara des bois\" srcset=\"https:\/\/www.franckdeville.fr\/wp-content\/uploads\/2024\/07\/Macaron-fraise-Mara-des-bois.jpg 1200w, https:\/\/www.franckdeville.fr\/wp-content\/uploads\/2024\/07\/Macaron-fraise-Mara-des-bois-300x300.jpg 300w, https:\/\/www.franckdeville.fr\/wp-content\/uploads\/2024\/07\/Macaron-fraise-Mara-des-bois-1024x1024.jpg 1024w, https:\/\/www.franckdeville.fr\/wp-content\/uploads\/2024\/07\/Macaron-fraise-Mara-des-bois-150x150.jpg 150w, https:\/\/www.franckdeville.fr\/wp-content\/uploads\/2024\/07\/Macaron-fraise-Mara-des-bois-768x768.jpg 768w, https:\/\/www.franckdeville.fr\/wp-content\/uploads\/2024\/07\/Macaron-fraise-Mara-des-bois-650x650.jpg 650w\" sizes=\"auto, (max-width: 1200px) 100vw, 1200px\" \/><\/div>\n<div class=\"mkdf-pli-text-holder\">\n    <div class=\"mkdf-pli-text-wrapper\">\n        <div class=\"mkdf-pli-text\">\n            <div class=\"mkdf-pli-text-inner\">\n                <div class=\"mkdf-pli-content\">\n                    \t<h5 itemprop=\"name\" class=\"mkdf-pli-title entry-title\" >\n\t\tMara des Bois fresa\t<\/h5>\n\n                    \t\t<div class=\"mkdf-pli-category-holder\">\n\t\t\t\t\t\t\t<a itemprop=\"url\" class=\"mkdf-pli-category\" href=\"https:\/\/www.franckdeville.fr\/es\/categoria-de-cartera\/macarrones-con-ingredientes-franceses\/\">Macarrones con ingredientes franceses<\/a>\n\t\t\t\t\t<\/div>\n\t\n                    \n                                    <\/div>\n            <\/div>\n        <\/div>\n    <\/div>\n<\/div>\n\t\t<a itemprop=\"url\" class=\"mkdf-pli-link mkdf-block-drag-link\" href=\"https:\/\/www.franckdeville.fr\/es\/elemento-de-cartera\/fresa-de-mara-silvestre\/\" target=\"_self\"><\/a>\n\t<\/div>\n<\/article><article class=\"mkdf-pl-item mkdf-item-space  post-5097 portfolio-item type-portfolio-item status-publish has-post-thumbnail hentry portfolio-category-macarons-sucres-sales\">\n\t<div class=\"mkdf-pl-item-inner\">\n\t\t<div class=\"mkdf-pli-image\">\n\t<img loading=\"lazy\" decoding=\"async\" width=\"800\" height=\"800\" src=\"https:\/\/www.franckdeville.fr\/wp-content\/uploads\/2024\/12\/carottecumin.jpg\" class=\"attachment-full size-full wp-post-image\" alt=\"Carottecumin\" srcset=\"https:\/\/www.franckdeville.fr\/wp-content\/uploads\/2024\/12\/carottecumin.jpg 800w, https:\/\/www.franckdeville.fr\/wp-content\/uploads\/2024\/12\/carottecumin-300x300.jpg 300w, https:\/\/www.franckdeville.fr\/wp-content\/uploads\/2024\/12\/carottecumin-150x150.jpg 150w, https:\/\/www.franckdeville.fr\/wp-content\/uploads\/2024\/12\/carottecumin-768x768.jpg 768w, https:\/\/www.franckdeville.fr\/wp-content\/uploads\/2024\/12\/carottecumin-650x650.jpg 650w\" sizes=\"auto, (max-width: 800px) 100vw, 800px\" \/><\/div>\n<div class=\"mkdf-pli-text-holder\">\n    <div class=\"mkdf-pli-text-wrapper\">\n        <div class=\"mkdf-pli-text\">\n            <div class=\"mkdf-pli-text-inner\">\n                <div class=\"mkdf-pli-content\">\n                    \t<h5 itemprop=\"name\" class=\"mkdf-pli-title entry-title\" >\n\t\tZanahoria comino\t<\/h5>\n\n                    \t\t<div class=\"mkdf-pli-category-holder\">\n\t\t\t\t\t\t\t<a itemprop=\"url\" class=\"mkdf-pli-category\" href=\"https:\/\/www.franckdeville.fr\/es\/categoria-de-cartera\/macarrones-de-azucar-sucio\/\">Macarrones dulces y salados<\/a>\n\t\t\t\t\t<\/div>\n\t\n                    \n                                    <\/div>\n            <\/div>\n        <\/div>\n    <\/div>\n<\/div>\n\t\t<a itemprop=\"url\" class=\"mkdf-pli-link mkdf-block-drag-link\" href=\"https:\/\/www.franckdeville.fr\/es\/elemento-de-cartera\/zanahoria-comino\/\" target=\"_self\"><\/a>\n\t<\/div>\n<\/article><article class=\"mkdf-pl-item mkdf-item-space  post-5101 portfolio-item type-portfolio-item status-publish has-post-thumbnail hentry portfolio-category-macarons-sucres-sales\">\n\t<div class=\"mkdf-pl-item-inner\">\n\t\t<div class=\"mkdf-pli-image\">\n\t<img loading=\"lazy\" decoding=\"async\" width=\"800\" height=\"800\" src=\"https:\/\/www.franckdeville.fr\/wp-content\/uploads\/2024\/12\/cepes.jpg\" class=\"attachment-full size-full wp-post-image\" alt=\"Cepes\" srcset=\"https:\/\/www.franckdeville.fr\/wp-content\/uploads\/2024\/12\/cepes.jpg 800w, https:\/\/www.franckdeville.fr\/wp-content\/uploads\/2024\/12\/cepes-300x300.jpg 300w, https:\/\/www.franckdeville.fr\/wp-content\/uploads\/2024\/12\/cepes-150x150.jpg 150w, https:\/\/www.franckdeville.fr\/wp-content\/uploads\/2024\/12\/cepes-768x768.jpg 768w, https:\/\/www.franckdeville.fr\/wp-content\/uploads\/2024\/12\/cepes-650x650.jpg 650w\" sizes=\"auto, (max-width: 800px) 100vw, 800px\" \/><\/div>\n<div class=\"mkdf-pli-text-holder\">\n    <div class=\"mkdf-pli-text-wrapper\">\n        <div class=\"mkdf-pli-text\">\n            <div class=\"mkdf-pli-text-inner\">\n                <div class=\"mkdf-pli-content\">\n                    \t<h5 itemprop=\"name\" class=\"mkdf-pli-title entry-title\" >\n\t\tSetas porcini\t<\/h5>\n\n                    \t\t<div class=\"mkdf-pli-category-holder\">\n\t\t\t\t\t\t\t<a itemprop=\"url\" class=\"mkdf-pli-category\" href=\"https:\/\/www.franckdeville.fr\/es\/categoria-de-cartera\/macarrones-de-azucar-sucio\/\">Macarrones dulces y salados<\/a>\n\t\t\t\t\t<\/div>\n\t\n                    \n                                    <\/div>\n            <\/div>\n        <\/div>\n    <\/div>\n<\/div>\n\t\t<a itemprop=\"url\" class=\"mkdf-pli-link mkdf-block-drag-link\" href=\"https:\/\/www.franckdeville.fr\/es\/elemento-de-cartera\/cepe\/\" target=\"_self\"><\/a>\n\t<\/div>\n<\/article><article class=\"mkdf-pl-item mkdf-item-space  post-5102 portfolio-item type-portfolio-item status-publish has-post-thumbnail hentry portfolio-category-macarons-sucres-sales\">\n\t<div class=\"mkdf-pl-item-inner\">\n\t\t<div class=\"mkdf-pli-image\">\n\t<img loading=\"lazy\" decoding=\"async\" width=\"800\" height=\"800\" src=\"https:\/\/www.franckdeville.fr\/wp-content\/uploads\/2024\/12\/poivron.jpg\" class=\"attachment-full size-full wp-post-image\" alt=\"Pimientos\" srcset=\"https:\/\/www.franckdeville.fr\/wp-content\/uploads\/2024\/12\/poivron.jpg 800w, https:\/\/www.franckdeville.fr\/wp-content\/uploads\/2024\/12\/poivron-300x300.jpg 300w, https:\/\/www.franckdeville.fr\/wp-content\/uploads\/2024\/12\/poivron-150x150.jpg 150w, https:\/\/www.franckdeville.fr\/wp-content\/uploads\/2024\/12\/poivron-768x768.jpg 768w, https:\/\/www.franckdeville.fr\/wp-content\/uploads\/2024\/12\/poivron-650x650.jpg 650w\" sizes=\"auto, (max-width: 800px) 100vw, 800px\" \/><\/div>\n<div class=\"mkdf-pli-text-holder\">\n    <div class=\"mkdf-pli-text-wrapper\">\n        <div class=\"mkdf-pli-text\">\n            <div class=\"mkdf-pli-text-inner\">\n                <div class=\"mkdf-pli-content\">\n                    \t<h5 itemprop=\"name\" class=\"mkdf-pli-title entry-title\" >\n\t\tPimientos\t<\/h5>\n\n                    \t\t<div class=\"mkdf-pli-category-holder\">\n\t\t\t\t\t\t\t<a itemprop=\"url\" class=\"mkdf-pli-category\" href=\"https:\/\/www.franckdeville.fr\/es\/categoria-de-cartera\/macarrones-de-azucar-sucio\/\">Macarrones dulces y salados<\/a>\n\t\t\t\t\t<\/div>\n\t\n                    \n                                    <\/div>\n            <\/div>\n        <\/div>\n    <\/div>\n<\/div>\n\t\t<a itemprop=\"url\" class=\"mkdf-pli-link mkdf-block-drag-link\" href=\"https:\/\/www.franckdeville.fr\/es\/elemento-de-cartera\/pimienta\/\" target=\"_self\"><\/a>\n\t<\/div>\n<\/article>\t<\/div>\n\t\n\t<\/div><\/div><\/div><\/div><\/div><\/div><\/div>","protected":false},"excerpt":{"rendered":"Laissez-vous surprendre par la douceur l\u00e9g\u00e8rement sucr\u00e9e de notre macaron au poivron tomate parmesan, id\u00e9al pour un pique-nique ensoleill\u00e9. &nbsp; Allerg\u00e8nes : Fruit \u00e0 coque (amande), oeuf, lait, mollusque Peut contenir des traces de soja, poisson, crustac\u00e9, c\u00e9leri, sulfite\u00a0 et autres fruits \u00e0 coques (pistache, noisette et noix)","protected":false},"author":1,"featured_media":0,"parent":0,"menu_order":0,"comment_status":"closed","ping_status":"closed","template":"full-width.php","meta":{"footnotes":""},"class_list":["post-4270","page","type-page","status-publish","hentry"],"yoast_head":"<!-- This site is optimized with the Yoast SEO plugin v27.4 - https:\/\/yoast.com\/product\/yoast-seo-wordpress\/ -->\n<title>Nos cr\u00e9ations \u2013 Macarons artisanaux Franck Deville<\/title>\n<meta name=\"description\" content=\"Explorez toutes les cr\u00e9ations Franck Deville : macarons sucr\u00e9s, sucr\u00e9s-sal\u00e9s, cocktails, enrob\u00e9s ou personnalis\u00e9s. Des compositions raffin\u00e9es sign\u00e9es par un chef cuisinier fran\u00e7ais, alliant excellence, cr\u00e9ativit\u00e9 et gourmandise.\" \/>\n<meta name=\"robots\" content=\"index, follow, max-snippet:-1, max-image-preview:large, max-video-preview:-1\" \/>\n<link rel=\"canonical\" href=\"http:\/\/www.franckdeville.fr\/es\/nuestras-creaciones\/\" \/>\n<meta property=\"og:locale\" content=\"es_ES\" \/>\n<meta property=\"og:type\" content=\"article\" \/>\n<meta property=\"og:title\" content=\"Nos cr\u00e9ations \u2013 Macarons artisanaux Franck Deville\" \/>\n<meta property=\"og:description\" content=\"Explorez toutes les cr\u00e9ations Franck Deville : macarons sucr\u00e9s, sucr\u00e9s-sal\u00e9s, cocktails, enrob\u00e9s ou personnalis\u00e9s. Des compositions raffin\u00e9es sign\u00e9es par un chef cuisinier fran\u00e7ais, alliant excellence, cr\u00e9ativit\u00e9 et gourmandise.\" \/>\n<meta property=\"og:url\" content=\"http:\/\/www.franckdeville.fr\/es\/nuestras-creaciones\/\" \/>\n<meta property=\"og:site_name\" content=\"Franck Deville - Macarons fran\u00e7ais d&#039;excellence\" \/>\n<meta property=\"article:publisher\" content=\"https:\/\/www.facebook.com\/FranckDevillemacarons\" \/>\n<meta property=\"article:modified_time\" content=\"2025-10-20T13:52:08+00:00\" \/>\n<meta name=\"twitter:card\" content=\"summary_large_image\" \/>\n<meta name=\"twitter:label1\" content=\"Tiempo de lectura\" \/>\n\t<meta name=\"twitter:data1\" content=\"1 minuto\" \/>\n<script type=\"application\/ld+json\" class=\"yoast-schema-graph\">{\"@context\":\"https:\\\/\\\/schema.org\",\"@graph\":[{\"@type\":\"WebPage\",\"@id\":\"http:\\\/\\\/www.franckdeville.fr\\\/fr\\\/nos-creations\\\/\",\"url\":\"http:\\\/\\\/www.franckdeville.fr\\\/fr\\\/nos-creations\\\/\",\"name\":\"Nos cr\u00e9ations \u2013 Macarons artisanaux Franck Deville\",\"isPartOf\":{\"@id\":\"https:\\\/\\\/www.franckdeville.fr\\\/fr\\\/#website\"},\"datePublished\":\"2024-06-05T09:51:48+00:00\",\"dateModified\":\"2025-10-20T13:52:08+00:00\",\"description\":\"Explorez toutes les cr\u00e9ations Franck Deville : macarons sucr\u00e9s, sucr\u00e9s-sal\u00e9s, cocktails, enrob\u00e9s ou personnalis\u00e9s. Des compositions raffin\u00e9es sign\u00e9es par un chef cuisinier fran\u00e7ais, alliant excellence, cr\u00e9ativit\u00e9 et gourmandise.\",\"breadcrumb\":{\"@id\":\"http:\\\/\\\/www.franckdeville.fr\\\/fr\\\/nos-creations\\\/#breadcrumb\"},\"inLanguage\":\"es\",\"potentialAction\":[{\"@type\":\"ReadAction\",\"target\":[\"http:\\\/\\\/www.franckdeville.fr\\\/fr\\\/nos-creations\\\/\"]}]},{\"@type\":\"BreadcrumbList\",\"@id\":\"http:\\\/\\\/www.franckdeville.fr\\\/fr\\\/nos-creations\\\/#breadcrumb\",\"itemListElement\":[{\"@type\":\"ListItem\",\"position\":1,\"name\":\"Accueil\",\"item\":\"http:\\\/\\\/www.franckdeville.fr\\\/fr\\\/\"},{\"@type\":\"ListItem\",\"position\":2,\"name\":\"Nos Cr\u00e9ations\"}]},{\"@type\":\"WebSite\",\"@id\":\"https:\\\/\\\/www.franckdeville.fr\\\/fr\\\/#website\",\"url\":\"https:\\\/\\\/www.franckdeville.fr\\\/fr\\\/\",\"name\":\"Franck Deville\",\"description\":\"L&#039;Artisan Macaronier des Chefs\",\"publisher\":{\"@id\":\"https:\\\/\\\/www.franckdeville.fr\\\/fr\\\/#organization\"},\"potentialAction\":[{\"@type\":\"SearchAction\",\"target\":{\"@type\":\"EntryPoint\",\"urlTemplate\":\"https:\\\/\\\/www.franckdeville.fr\\\/fr\\\/?s={search_term_string}\"},\"query-input\":{\"@type\":\"PropertyValueSpecification\",\"valueRequired\":true,\"valueName\":\"search_term_string\"}}],\"inLanguage\":\"es\"},{\"@type\":\"Organization\",\"@id\":\"https:\\\/\\\/www.franckdeville.fr\\\/fr\\\/#organization\",\"name\":\"Franck Deville\",\"url\":\"https:\\\/\\\/www.franckdeville.fr\\\/fr\\\/\",\"logo\":{\"@type\":\"ImageObject\",\"inLanguage\":\"es\",\"@id\":\"https:\\\/\\\/www.franckdeville.fr\\\/fr\\\/#\\\/schema\\\/logo\\\/image\\\/\",\"url\":\"https:\\\/\\\/www.franckdeville.fr\\\/wp-content\\\/uploads\\\/2024\\\/09\\\/logo_franckdeville_small2.png\",\"contentUrl\":\"https:\\\/\\\/www.franckdeville.fr\\\/wp-content\\\/uploads\\\/2024\\\/09\\\/logo_franckdeville_small2.png\",\"width\":600,\"height\":193,\"caption\":\"Franck Deville\"},\"image\":{\"@id\":\"https:\\\/\\\/www.franckdeville.fr\\\/fr\\\/#\\\/schema\\\/logo\\\/image\\\/\"},\"sameAs\":[\"https:\\\/\\\/www.facebook.com\\\/FranckDevillemacarons\"]}]}<\/script>\n<!-- \/ Yoast SEO plugin. -->","yoast_head_json":{"title":"Nos cr\u00e9ations \u2013 Macarons artisanaux Franck Deville","description":"Explorez toutes les cr\u00e9ations Franck Deville : macarons sucr\u00e9s, sucr\u00e9s-sal\u00e9s, cocktails, enrob\u00e9s ou personnalis\u00e9s. Des compositions raffin\u00e9es sign\u00e9es par un chef cuisinier fran\u00e7ais, alliant excellence, cr\u00e9ativit\u00e9 et gourmandise.","robots":{"index":"index","follow":"follow","max-snippet":"max-snippet:-1","max-image-preview":"max-image-preview:large","max-video-preview":"max-video-preview:-1"},"canonical":"http:\/\/www.franckdeville.fr\/es\/nuestras-creaciones\/","og_locale":"es_ES","og_type":"article","og_title":"Nos cr\u00e9ations \u2013 Macarons artisanaux Franck Deville","og_description":"Explorez toutes les cr\u00e9ations Franck Deville : macarons sucr\u00e9s, sucr\u00e9s-sal\u00e9s, cocktails, enrob\u00e9s ou personnalis\u00e9s. Des compositions raffin\u00e9es sign\u00e9es par un chef cuisinier fran\u00e7ais, alliant excellence, cr\u00e9ativit\u00e9 et gourmandise.","og_url":"http:\/\/www.franckdeville.fr\/es\/nuestras-creaciones\/","og_site_name":"Franck Deville - Macarons fran\u00e7ais d&#039;excellence","article_publisher":"https:\/\/www.facebook.com\/FranckDevillemacarons","article_modified_time":"2025-10-20T13:52:08+00:00","twitter_card":"summary_large_image","twitter_misc":{"Tiempo de lectura":"1 minuto"},"schema":{"@context":"https:\/\/schema.org","@graph":[{"@type":"WebPage","@id":"http:\/\/www.franckdeville.fr\/fr\/nos-creations\/","url":"http:\/\/www.franckdeville.fr\/fr\/nos-creations\/","name":"Nos cr\u00e9ations \u2013 Macarons artisanaux Franck Deville","isPartOf":{"@id":"https:\/\/www.franckdeville.fr\/fr\/#website"},"datePublished":"2024-06-05T09:51:48+00:00","dateModified":"2025-10-20T13:52:08+00:00","description":"Explorez toutes les cr\u00e9ations Franck Deville : macarons sucr\u00e9s, sucr\u00e9s-sal\u00e9s, cocktails, enrob\u00e9s ou personnalis\u00e9s. Des compositions raffin\u00e9es sign\u00e9es par un chef cuisinier fran\u00e7ais, alliant excellence, cr\u00e9ativit\u00e9 et gourmandise.","breadcrumb":{"@id":"http:\/\/www.franckdeville.fr\/fr\/nos-creations\/#breadcrumb"},"inLanguage":"es","potentialAction":[{"@type":"ReadAction","target":["http:\/\/www.franckdeville.fr\/fr\/nos-creations\/"]}]},{"@type":"BreadcrumbList","@id":"http:\/\/www.franckdeville.fr\/fr\/nos-creations\/#breadcrumb","itemListElement":[{"@type":"ListItem","position":1,"name":"Accueil","item":"http:\/\/www.franckdeville.fr\/fr\/"},{"@type":"ListItem","position":2,"name":"Nos Cr\u00e9ations"}]},{"@type":"WebSite","@id":"https:\/\/www.franckdeville.fr\/fr\/#website","url":"https:\/\/www.franckdeville.fr\/fr\/","name":"Franck Deville","description":"L&#039;Artisan Macaronier des Chefs","publisher":{"@id":"https:\/\/www.franckdeville.fr\/fr\/#organization"},"potentialAction":[{"@type":"SearchAction","target":{"@type":"EntryPoint","urlTemplate":"https:\/\/www.franckdeville.fr\/fr\/?s={search_term_string}"},"query-input":{"@type":"PropertyValueSpecification","valueRequired":true,"valueName":"search_term_string"}}],"inLanguage":"es"},{"@type":"Organization","@id":"https:\/\/www.franckdeville.fr\/fr\/#organization","name":"Franck Deville","url":"https:\/\/www.franckdeville.fr\/fr\/","logo":{"@type":"ImageObject","inLanguage":"es","@id":"https:\/\/www.franckdeville.fr\/fr\/#\/schema\/logo\/image\/","url":"https:\/\/www.franckdeville.fr\/wp-content\/uploads\/2024\/09\/logo_franckdeville_small2.png","contentUrl":"https:\/\/www.franckdeville.fr\/wp-content\/uploads\/2024\/09\/logo_franckdeville_small2.png","width":600,"height":193,"caption":"Franck Deville"},"image":{"@id":"https:\/\/www.franckdeville.fr\/fr\/#\/schema\/logo\/image\/"},"sameAs":["https:\/\/www.facebook.com\/FranckDevillemacarons"]}]}},"_links":{"self":[{"href":"https:\/\/www.franckdeville.fr\/es\/wp-json\/wp\/v2\/pages\/4270","targetHints":{"allow":["GET"]}}],"collection":[{"href":"https:\/\/www.franckdeville.fr\/es\/wp-json\/wp\/v2\/pages"}],"about":[{"href":"https:\/\/www.franckdeville.fr\/es\/wp-json\/wp\/v2\/types\/page"}],"author":[{"embeddable":true,"href":"https:\/\/www.franckdeville.fr\/es\/wp-json\/wp\/v2\/users\/1"}],"replies":[{"embeddable":true,"href":"https:\/\/www.franckdeville.fr\/es\/wp-json\/wp\/v2\/comments?post=4270"}],"version-history":[{"count":9,"href":"https:\/\/www.franckdeville.fr\/es\/wp-json\/wp\/v2\/pages\/4270\/revisions"}],"predecessor-version":[{"id":4727,"href":"https:\/\/www.franckdeville.fr\/es\/wp-json\/wp\/v2\/pages\/4270\/revisions\/4727"}],"wp:attachment":[{"href":"https:\/\/www.franckdeville.fr\/es\/wp-json\/wp\/v2\/media?parent=4270"}],"curies":[{"name":"wp","href":"https:\/\/api.w.org\/{rel}","templated":true}]}}